{"id":1094,"date":"2025-09-19T11:48:16","date_gmt":"2025-09-19T09:48:16","guid":{"rendered":"https:\/\/serge-denim.fr\/?page_id=1094"},"modified":"2025-11-11T12:20:54","modified_gmt":"2025-11-11T11:20:54","slug":"jacrons","status":"publish","type":"page","link":"https:\/\/serge-denim.fr\/index.php\/jacrons\/","title":{"rendered":"Jacrons"},"content":{"rendered":"\n<p>Le jacron (patch ou back patch) est l\u2019\u00e9tiquette rectangulaire traditionnellement pr\u00e9sente au niveau de la ceinture arri\u00e8re des jeans depuis que\u00a0Levi\u2019s\u00a0l\u2019a introduite en 1886. Elle mentionne g\u00e9n\u00e9ralement le nom de la marque, parfois des indications de taille, de coupe et de provenance et autres. Certains vont plus loin et disent une histoire, souvent m\u00e9connue. C\u2019est ce que nous allons d\u00e9couvrir avec une s\u00e9lection de jacrons embl\u00e9matiques.<\/p>\n\n\n\n<h2 class=\"wp-block-heading\">Edwin<\/h2>\n\n\n<div class=\"wp-block-image\">\n<figure class=\"alignright size-full is-resized\"><img loading=\"lazy\" decoding=\"async\" width=\"400\" height=\"270\" src=\"https:\/\/serge-denim.fr\/wp-content\/uploads\/2025\/09\/Jacron-Edwin.png\" alt=\"Jacron Edwin.\" class=\"wp-image-1097\" style=\"width:300px\" srcset=\"https:\/\/serge-denim.fr\/wp-content\/uploads\/2025\/09\/Jacron-Edwin.png 400w, https:\/\/serge-denim.fr\/wp-content\/uploads\/2025\/09\/Jacron-Edwin-300x203.png 300w\" sizes=\"auto, (max-width: 400px) 100vw, 400px\" \/><figcaption class=\"wp-element-caption\">Jacron Edwin. DR<\/figcaption><\/figure>\n<\/div>\n\n\n<ul class=\"wp-block-list\">\n<li>Le nom de la marque <strong>\u00ab\u2009Edwin\u2009\u00bb<\/strong> figure sur le jacron. Il s\u2019agit de l\u2019anagramme de Denim avec le \u00ab\u2009M\u2009\u00bb invers\u00e9 \u00ab\u2009W\u2009\u00bb.<\/li>\n\n\n\n<li>Les <strong>\u00e9l\u00e9ments calligraphiques japonais<\/strong> pr\u00e9sents sur le patch <strong>\u00ab<\/strong> <strong>\u30a8\u30c9\u30a6\u30a3\u30f3 \u2009\u00bb<\/strong>&nbsp;est la transcription phon\u00e9tique d&rsquo;\u00ab\u2009Edwin\u2009\u00bb en katakana,\u2009l&rsquo;un des trois syst\u00e8mes d\u2019\u00e9criture utilis\u00e9s en japonais.<\/li>\n<\/ul>\n\n\n\n<h2 class=\"wp-block-heading\">Levi&rsquo;s<\/h2>\n\n\n<div class=\"wp-block-image\">\n<figure class=\"alignright size-full is-resized\"><img loading=\"lazy\" decoding=\"async\" width=\"400\" height=\"299\" src=\"https:\/\/serge-denim.fr\/wp-content\/uploads\/2025\/09\/jacron-levis.jpg\" alt=\"Jacron Levi's. \" class=\"wp-image-1095\" style=\"width:300px\" srcset=\"https:\/\/serge-denim.fr\/wp-content\/uploads\/2025\/09\/jacron-levis.jpg 400w, https:\/\/serge-denim.fr\/wp-content\/uploads\/2025\/09\/jacron-levis-300x224.jpg 300w\" sizes=\"auto, (max-width: 400px) 100vw, 400px\" \/><figcaption class=\"wp-element-caption\">Jacron Levi&rsquo;s. DR<\/figcaption><\/figure>\n<\/div>\n\n\n<ul class=\"wp-block-list\">\n<li>Le nom de la marque <strong>\u00ab\u2009Levi Strauss &amp; Co\u2009\u00bb<\/strong> figure en haut du patch.<\/li>\n\n\n\n<li>La&nbsp;mention <strong>\u00ab\u2009San&nbsp;Francisco, Cal.\u2009\u00bb<\/strong> grav\u00e9e sous&nbsp;le nom \u00ab\u2009Levi&nbsp;Strauss &amp; Co.\u2009\u00bb fait r\u00e9f\u00e9rence&nbsp;au si\u00e8ge historique&nbsp;de la marque, qui a \u00e9t\u00e9 fond\u00e9e \u00e0 San Francisco, en Californie, en 1853.<\/li>\n\n\n\n<li>La mention <strong>\u00ab\u2009Original Riveted\u2009\u00bb<\/strong> ou \u00ab\u2009Copper Riveted\u2009\u00bb rappelle l\u2019invention des rivets m\u00e9talliques pour renforcer les points de tension sur le jean, innovation brevet\u00e9e par Levi Strauss en 1873. <a href=\"https:\/\/borasification.com\/lexique-denim-two-horse-patch\/\" target=\"_blank\" rel=\"noreferrer noopener\">1<\/a><\/li>\n\n\n\n<li><strong>\u00ab\u2009Quality Clothing\u2009\u00bb<\/strong> est g\u00e9n\u00e9ralement inscrite sur la partie sup\u00e9rieure ou centrale du patch, juste sous le nom \u00ab\u2009Levi Strauss &amp; Co.\u2009\u00bb. Cette mention est destin\u00e9e \u00e0 souligner l\u2019engagement de Levi\u2019s pour la qualit\u00e9 de fabrication de ses v\u00eatements. Il permettait \u00e9galement, d\u00e8s la fin du XIX\u1d49&nbsp;si\u00e8cle, de distinguer les jeans Levi\u2019s authentiques des contrefa\u00e7ons.<\/li>\n\n\n\n<li>Le terme <strong>\u00ab\u2009XX\u2009\u00bb<\/strong> appara\u00eet d\u00e8s 1873 pour indiquer la toile denim premium fourni par l\u2019usine Amoskeag dans le New Hampshire, utilis\u00e9 pour les premiers jeans rivet\u00e9s Levi\u2019s.<\/li>\n\n\n\n<li>Le dessin des <strong>\u00ab\u2009Two Horses\u2009\u00bb<\/strong>&nbsp;: deux chevaux tentent de d\u00e9chirer un jean, symbole de robustesse et de durabilit\u00e9 du produit Levi\u2019s, et devenu le signe distinctif de la marque depuis 1886.<\/li>\n\n\n\n<li>La mention <strong>\u00ab\u2009Trade Mark\u2009\u00bb<\/strong> parfois indiqu\u00e9e sur le jacron Levi\u2019s indique que le logo, certains termes ou l\u2019\u00e9l\u00e9ment graphique sont l\u00e9galement d\u00e9pos\u00e9s et prot\u00e9g\u00e9s en tant que marque commerciale.<\/li>\n\n\n\n<li>La mention <strong>\u00ab\u2009Patented\u2009\u00bb<\/strong> sur le patch Levi\u2019s signifie que le jean b\u00e9n\u00e9ficie d\u2019un brevet officiel, obtenu par Levi Strauss et Jacob Davis pour l\u2019invention du pantalon rivet\u00e9. La mention <strong>\u00ab\u2009May 201873\u2009\u00bb<\/strong> sur le patch Levi\u2019s correspond \u00e0 la date du brevet d\u00e9cern\u00e9 \u00e0 Levi Strauss et Jacob Davis pour l\u2019invention du jean rivet\u00e9&nbsp;: le 20 mai 1873.<\/li>\n\n\n\n<li>En bas \u00e0 gauche est indiqu\u00e9 le num\u00e9ro du <strong>\u00ab\u2009Lot\u2009\u00bb.<\/strong> \u00c0 droite, la taille <strong>\u00ab\u2009W\u2009\u00bb<\/strong> et la longueur <strong>\u00ab\u2009L\u2009\u00bb<\/strong>, exprim\u00e9es en pouces.<\/li>\n<\/ul>\n\n\n\n<h2 class=\"wp-block-heading\">Fullcount<\/h2>\n\n\n<div class=\"wp-block-image\">\n<figure class=\"alignright size-full is-resized\"><img loading=\"lazy\" decoding=\"async\" width=\"400\" height=\"329\" src=\"https:\/\/serge-denim.fr\/wp-content\/uploads\/2025\/09\/Jacron-Fullcount.png\" alt=\"Jacron Fullcount.\" class=\"wp-image-1099\" style=\"width:300px\" srcset=\"https:\/\/serge-denim.fr\/wp-content\/uploads\/2025\/09\/Jacron-Fullcount.png 400w, https:\/\/serge-denim.fr\/wp-content\/uploads\/2025\/09\/Jacron-Fullcount-300x247.png 300w\" sizes=\"auto, (max-width: 400px) 100vw, 400px\" \/><figcaption class=\"wp-element-caption\">Jacron Fullcount. DR<\/figcaption><\/figure>\n<\/div>\n\n\n<ul class=\"wp-block-list\">\n<li>Le nom de la marque <strong>\u00ab\u2009Full Count &amp; Co\u2009\u00bb<\/strong> figure en haut du patch.<\/li>\n\n\n\n<li>La pr\u00e9sence des <strong>\u00ab&nbsp;deux dragons&nbsp;\u00bb<\/strong> repr\u00e9sentent le symbole de puissance et de protection. Dans la culture japonaise et plus largement asiatique, le dragon est un gardien, associ\u00e9 \u00e0 la force et \u00e0 la prosp\u00e9rit\u00e9. Deux dragons affront\u00e9s ou en miroir renforcent cette id\u00e9e de puissance \u00e9quilibr\u00e9e. Ils font \u00e9galement r\u00e9f\u00e9rence \u00e0 l\u2019h\u00e9ritage et au respect du denim am\u00e9ricain s\u2019inspirant du workwear US des ann\u00e9es 1940-50, mais ajoutent sa propre identit\u00e9 japonaise. Les dragons incarnent ce m\u00e9lange : un produit am\u00e9ricain d\u2019origine, mais sublim\u00e9 par le savoir-faire nippon. Contrairement aux \u00ab&nbsp;Two Horses&nbsp;\u00bb de Levi\u2019s, Fullcount a choisi deux dragons, ce qui souligne \u00e0 la fois la robustesse du denim et son ancrage culturel japonais.<\/li>\n\n\n\n<li>Les <strong>\u00e9l\u00e9ments calligraphiques japonais<\/strong> qui se trouvent en dessous des deux dragons sont des \u00ab&nbsp;kanji&nbsp;\u00bb ou \u00e9criture stylis\u00e9e qui rappellent la provenance japonaise et mettent en valeur l\u2019artisanat traditionnel.<\/li>\n\n\n\n<li>Au bas \u00e0 gauche est indiqu\u00e9 le num\u00e9ro du <strong>\u00ab\u2009Lot\u2009\u00bb.<\/strong> \u00c0 droite, la taille <strong>\u00ab\u2009W\u2009\u00bb<\/strong> et la longueur <strong>\u00ab\u2009L\u2009\u00bb<\/strong>, exprim\u00e9es en pouces.<\/li>\n<\/ul>\n\n\n\n<h2 class=\"wp-block-heading\">Momotaro Jeans<\/h2>\n\n\n<div class=\"wp-block-image\">\n<figure class=\"alignright size-full is-resized\"><img loading=\"lazy\" decoding=\"async\" width=\"400\" height=\"305\" src=\"https:\/\/serge-denim.fr\/wp-content\/uploads\/2025\/09\/Jacron-Momotaro.png\" alt=\"Jacron Momotaro. DR\" class=\"wp-image-1105\" style=\"width:300px\" srcset=\"https:\/\/serge-denim.fr\/wp-content\/uploads\/2025\/09\/Jacron-Momotaro.png 400w, https:\/\/serge-denim.fr\/wp-content\/uploads\/2025\/09\/Jacron-Momotaro-300x229.png 300w\" sizes=\"auto, (max-width: 400px) 100vw, 400px\" \/><figcaption class=\"wp-element-caption\">Jacron Momotaro. DR<\/figcaption><\/figure>\n<\/div>\n\n\n<ul class=\"wp-block-list\">\n<li>Le nom de la marque <strong>\u00ab\u2009Momotaro Jeans\u2009\u00bb<\/strong> figure en haut du patch.<\/li>\n\n\n\n<li>Les <strong>\u00e9l\u00e9ments calligraphiques japonais<\/strong>  et le visuel repr\u00e9sentant <strong>\u00ab\u2009un gar\u00e7on sortant d&rsquo;une p\u00eache\u2009\u00bb<\/strong> sur le patch Momotaro sont g\u00e9n\u00e9ralement les caract\u00e8res \u6843\u592a\u90ce (Momotar\u014d) qui signifient \u00ab\u2009gar\u00e7on p\u00eache\u2009\u00bb. \u6843 (momo) veut dire \u00ab\u2009p\u00eache\u2009\u00bb, un fruit symbolique au Japon. \u592a\u90ce (Tar\u014d) est un pr\u00e9nom masculin tr\u00e8s courant, souvent utilis\u00e9 pour le fils a\u00een\u00e9. Cela fait r\u00e9f\u00e9rence \u00e0 un h\u00e9ros populaire du folklore japonais, Momotar\u014d, qui, selon la l\u00e9gende, est n\u00e9 d\u2019une p\u00eache g\u00e9ante. Ce personnage est connu pour sa force et son courage, et il combat des d\u00e9mons pour prot\u00e9ger son village. Le nom Momotar\u014d est ainsi un symbole de force, protection et tradition au Japon. Cette l\u00e9gende est tr\u00e8s pr\u00e9sente dans la culture japonaise. Le patch porte ce nom en hommage \u00e0 cette histoire.<\/li>\n\n\n\n<li>Au bas du patch se trouve l\u2019expression <strong>\u00ab\u2009positively superior\u2009\u00bb<\/strong> qui est utilis\u00e9e ici pour indiquer que quelque chose est clairement ou indiscutablement meilleur ou de qualit\u00e9 sup\u00e9rieure par rapport \u00e0 une autre chose.<\/li>\n<\/ul>\n\n\n\n<h2 class=\"wp-block-heading\">Naked &amp; Famous<\/h2>\n\n\n<div class=\"wp-block-image\">\n<figure class=\"alignright size-full is-resized\"><img loading=\"lazy\" decoding=\"async\" width=\"400\" height=\"242\" src=\"https:\/\/serge-denim.fr\/wp-content\/uploads\/2025\/09\/jacron-Naked-and-Famous.png\" alt=\"Jacron Naked &amp; Famous.\" class=\"wp-image-1114\" style=\"width:300px\" srcset=\"https:\/\/serge-denim.fr\/wp-content\/uploads\/2025\/09\/jacron-Naked-and-Famous.png 400w, https:\/\/serge-denim.fr\/wp-content\/uploads\/2025\/09\/jacron-Naked-and-Famous-300x182.png 300w\" sizes=\"auto, (max-width: 400px) 100vw, 400px\" \/><figcaption class=\"wp-element-caption\">Jacron Naked &amp; Famous. DR<\/figcaption><\/figure>\n<\/div>\n\n\n<ul class=\"wp-block-list\">\n<li>Le nom de la marque <strong>\u00ab\u2009Naked &amp; Famous Denim\u2009\u00bb<\/strong> figure en haut du patch \u00e0 droite.<\/li>\n\n\n\n<li>Le logo <strong>\u00ab\u2009Fleur de carnage\u2009\u00bb<\/strong> de Naked &amp; Famous est une r\u00e9interpr\u00e9tation inspir\u00e9e du Pop Art des ann\u00e9es&nbsp;1950 et du monde du manga japonais. Cette \u00ab\u2009Fleur de carnage\u2009\u00bb est une version manga du logo original Naked &amp; Famous, lui-m\u00eame bas\u00e9 sur une figure f\u00e9minine blonde id\u00e9alis\u00e9e, qui \u00e9tait utilis\u00e9e dans le Pop Art comme une satire de la culture m\u00e9diatique et de la consommation de masse.<br>Le logo \u00ab\u2009Fleur de carnage\u2009\u00bb tire son nom d\u2019un c\u00e9l\u00e8bre film japonais d\u2019action de 1973, \u00ab\u2009Lady Snowblood\u2009\u00bb, dont la chanson th\u00e8me s\u2019appelle \u00ab\u2009Shura no Hana\u2009\u00bb (\u00ab\u2009Flower of Carnage\u2009\u00bb en anglais). Ce film raconte l\u2019histoire d\u2019une femme \u00e9lev\u00e9e comme assassin pour venger sa famille, un symbole de force f\u00e9minine puissant que la marque Naked &amp; Famous a voulu incarner dans ce logo. Ce logo refl\u00e8te donc l\u2019esprit audacieux, non conventionnel et engag\u00e9 de la marque, qui se d\u00e9marque des marques classiques en pariant sur la qualit\u00e9 du denim plut\u00f4t que sur la c\u00e9l\u00e9brit\u00e9 ou le marketing de masse.<\/li>\n<\/ul>\n\n\n\n<h2 class=\"wp-block-heading\">Oni Denim<\/h2>\n\n\n<div class=\"wp-block-image\">\n<figure class=\"alignright size-full is-resized\"><img loading=\"lazy\" decoding=\"async\" width=\"400\" height=\"313\" src=\"https:\/\/serge-denim.fr\/wp-content\/uploads\/2025\/09\/Jacron-Oni-Denim.png\" alt=\"Jacron Oni Denim.\" class=\"wp-image-1133\" style=\"width:300px\" srcset=\"https:\/\/serge-denim.fr\/wp-content\/uploads\/2025\/09\/Jacron-Oni-Denim.png 400w, https:\/\/serge-denim.fr\/wp-content\/uploads\/2025\/09\/Jacron-Oni-Denim-300x235.png 300w\" sizes=\"auto, (max-width: 400px) 100vw, 400px\" \/><figcaption class=\"wp-element-caption\">Jacron Oni Denim. DR<\/figcaption><\/figure>\n<\/div>\n\n\n<ul class=\"wp-block-list\">\n<li>Le nom de la marque <strong>\u00ab\u2009Oni Denim&nbsp;\u00bb<\/strong> figure en haut du patch au centre.<\/li>\n\n\n\n<li>La phrase <strong>\u00ab&nbsp;Registered Pant. Off.&nbsp;\u00bb<\/strong> signifie \u00ab&nbsp;Registered Patent Office&nbsp;\u00bb en anglais, ce qui veut dire \u00ab&nbsp;Bureau des brevets enregistr\u00e9&nbsp;\u00bb.<\/li>\n\n\n\n<li>Il contient en son centre le logo&nbsp;<strong>\u00ab&nbsp;Oni Denim&nbsp;\u00bb<\/strong> grav\u00e9 ou emboss\u00e9 repr\u00e9sentant une grande t\u00eate de d\u00e9mon Oni, un personnage mythologique japonais symbolisant la force et la puissance. Ce motif est un \u00e9l\u00e9ment distinctif utilis\u00e9 dans l\u2019identit\u00e9 visuelle de la marque et refl\u00e8te son surnom \u00ab Demon Denim \u00bb.<\/li>\n\n\n\n<li><strong>\u00ab&nbsp;Japan Made Trade Mark&nbsp;\u00bb<\/strong> signifie simplement que le produit est une marque d\u00e9pos\u00e9e et fabriqu\u00e9e au Japon.<\/li>\n\n\n\n<li>Le terme <strong>\u00ab Oni. \u00bb<\/strong> (\u9b3c) dans la mythologie japonaise d\u00e9signe un y\u014dkai, un d\u00e9mon ou ogre souvent repr\u00e9sent\u00e9 comme une cr\u00e9ature grande et puissante avec des cornes, des dents ac\u00e9r\u00e9es, une peau rouge ou bleue, et portant un pagne en peau de tigre. Ces \u00eatres sont connus pour leur force surhumaine, leur r\u00f4le parfois mal\u00e9fique de porteurs de calamit\u00e9s, mais aussi pour leur fonction de gardiens ou protecteurs dans certaines l\u00e9gendes.<\/li>\n\n\n\n<li>L\u2019expression <strong>\u00ab&nbsp;Every Garment Guaranteed&nbsp;\u00bb<\/strong> signifie que chaque v\u00eatement est garanti par la Oni Denim.<\/li>\n\n\n\n<li>En bas \u00e0 gauche est indiqu\u00e9 le num\u00e9ro du <strong>\u00ab\u2009Lot\u2009\u00bb.<\/strong> \u00c0 droite, la taille <strong>\u00ab\u2009W\u2009\u00bb<\/strong> et la longueur <strong>\u00ab\u2009L\u2009\u00bb<\/strong>, exprim\u00e9es en pouces. Ils sont souvent laiss\u00e9s vides chez Oni Denim.<\/li>\n<\/ul>\n\n\n\n<h2 class=\"wp-block-heading\">Pure Blue Japan<\/h2>\n\n\n<div class=\"wp-block-image\">\n<figure class=\"alignright size-full is-resized\"><img loading=\"lazy\" decoding=\"async\" width=\"400\" height=\"320\" src=\"https:\/\/serge-denim.fr\/wp-content\/uploads\/2025\/09\/Jacron-Pure-Blue-Japan.png\" alt=\"Jacron Pure Blue Japan.\" class=\"wp-image-1145\" style=\"width:300px\" srcset=\"https:\/\/serge-denim.fr\/wp-content\/uploads\/2025\/09\/Jacron-Pure-Blue-Japan.png 400w, https:\/\/serge-denim.fr\/wp-content\/uploads\/2025\/09\/Jacron-Pure-Blue-Japan-300x240.png 300w\" sizes=\"auto, (max-width: 400px) 100vw, 400px\" \/><figcaption class=\"wp-element-caption\">Jacron Pure Blue Japan. DR<\/figcaption><\/figure>\n<\/div>\n\n\n<ul class=\"wp-block-list\">\n<li>Le <strong>personnage repr\u00e9sent\u00e9 sur le jacron<\/strong> est un artisan japonais en pleine action de teinture, immergeant un jean dans une cuve d\u2019indigo. Ce visuel rend hommage au savoir-faire traditionnel du \u00ab\u2009aizome\u2009\u00bb (teinture \u00e0 l\u2019indigo naturel), qui est au c\u0153ur de l\u2019identit\u00e9 de Pure Blue Japan.<\/li>\n\n\n\n<li>La phrase <strong>\u00ab\u2009Japan original hand made\u2009\u00bb <\/strong>indiqu\u00e9e sur les patchs Pure Blue Japan signifie que le jean est enti\u00e8rement fabriqu\u00e9 \u00e0 la main au Japon selon des m\u00e9thodes artisanales et traditionnelles.<\/li>\n\n\n\n<li><strong>\u00ab\u2009Syoaiya co. ltd.\u2009\u00bb<\/strong> est la soci\u00e9t\u00e9 m\u00e8re qui poss\u00e8de et fabrique la marque Pure Blue Japan depuis sa cr\u00e9ation en 1997 \u00e0 Kurashiki, Okayama, au Japon. Le nom \u00ab\u2009Syoaiya\u2009\u00bb et la marque \u00ab\u2009Pure Blue Japan\u2009\u00bb refl\u00e8tent leur attachement profond \u00e0 l\u2019indigo naturel et \u00e0 la tradition textile japonaise.<\/li>\n<\/ul>\n\n\n\n<h2 class=\"wp-block-heading\">Samurai Jeans<\/h2>\n\n\n<div class=\"wp-block-image\">\n<figure class=\"alignright size-full is-resized\"><img loading=\"lazy\" decoding=\"async\" width=\"400\" height=\"320\" src=\"https:\/\/serge-denim.fr\/wp-content\/uploads\/2025\/09\/Jacron-Samurai-Jeans-1.png\" alt=\"Jacron Samurai jeans.\" class=\"wp-image-1154\" style=\"width:300px\" srcset=\"https:\/\/serge-denim.fr\/wp-content\/uploads\/2025\/09\/Jacron-Samurai-Jeans-1.png 400w, https:\/\/serge-denim.fr\/wp-content\/uploads\/2025\/09\/Jacron-Samurai-Jeans-1-300x240.png 300w\" sizes=\"auto, (max-width: 400px) 100vw, 400px\" \/><figcaption class=\"wp-element-caption\">Jacron Samurai jeans. DR<\/figcaption><\/figure>\n<\/div>\n\n\n<ul class=\"wp-block-list\">\n<li>Le nom de la marque <strong>\u00ab\u2009Samurai Genuine Jeans\u2009\u00bb<\/strong> figure en haut du patch au centre. Le terme Genuine apportant la garantie d\u2019authenticit\u00e9 du jeans.<\/li>\n\n\n\n<li>La phrase <strong>\u00ab\u2009Made of 100% Cotton Made in Osaka, Japan\u2009\u00bb<\/strong>, s\u00e9par\u00e9e en son centre par un <strong>\u00ab\u2009Tomoe\u2009\u00bb<\/strong>, pr\u00e9cise la mati\u00e8re utilis\u00e9e ainsi que le lieu de fabrication.<\/li>\n\n\n\n<li>Les bords du jacron sont brod\u00e9s avec un fil argent\u00e9, symbolisant la force et la nettet\u00e9 du sabre du samoura\u00ef. Le visuel repr\u00e9sente le duel historique entre <strong>les samoura\u00efs Miyamoto Musashi et Sasaki Kojiro<\/strong>, une r\u00e9f\u00e9rence \u00e0 la culture japonaise traditionnelle. La grosseur des bras des deux samoura\u00efs, pr\u00e9cise \u00e9galement le poids de la toile de Denim. Pour une toile Heavy, les bras sont tr\u00e8s gros. Le jacron comporte aussi une <strong>lune <\/strong>dans le coin sup\u00e9rieur gauche, qui indique la coupe du jean&nbsp;: un croissant de lune pour une coupe \u00e9troite (narrow fit) et une pleine lune pour une coupe droite plus ample. On y trouve \u00e9galement le <strong>mont Fuji<\/strong>, r\u00e9f\u00e9rence \u00e0 l\u2019embl\u00e8me du Japon. Il est survol\u00e9 par deux <strong>oiseaux-secr\u00e9taires<\/strong> (secretary birds). Ils symbolisent la puret\u00e9, la force, et souvent la vigilance. On y trouve  \u00e9galement un <strong>sakura<\/strong> en fleurs (cerisier) et un <strong>torii<\/strong>, la porte traditionnelle japonaise que l\u2019on trouve \u00e0 l\u2019entr\u00e9e des temples shinto\u00efstes.<\/li>\n\n\n\n<li>La phrase<strong> \u00ab\u2009Trade Mark Of Quality\u2009\u00bb<\/strong> vient pr\u00e9ciser que la marque a une certification qui garantit qu\u2019un produit ou un service r\u00e9pond \u00e0 des normes \u00e9lev\u00e9es de qualit\u00e9.<\/li>\n\n\n\n<li>La phrase <strong>\u00ab\u2009All Rights Reserved By SAMURAI Co., LTD\u2009\u00bb <\/strong>signifie que tous les droits li\u00e9s au contenu, \u00e0 la marque ou au produit prot\u00e9g\u00e9s sont r\u00e9serv\u00e9s \u00e0 l\u2019entreprise Samurai Co., LTD.<\/li>\n\n\n\n<li>A chaque coin en bas, se trouve des <strong>\u00ab\u2009Tomoe\u2009\u00bb,<\/strong> antique symbole h\u00e9raldique du Japon en forme de magatama. Le tomoe est commun dans les embl\u00e8mes familiaux et les logos corporatifs. C\u2019est le symbole traditionnel de la pr\u00e9fecture d\u2019Okinawa, le Hidari gomon, inclut un tomoe. Les armes d\u2019Hachiman Daimy\u014djin, le dieu de la guerre shint\u00f4 et le protecteur divin du Japon, sont de la forme d\u2019un tomoe. Certains clans de samoura\u00efs les ont utilis\u00e9s comme les leurs, comme les Taira (<a href=\"https:\/\/fr.wikipedia.org\/wiki\/Tomoe\">1<\/a>).&nbsp;<\/li>\n\n\n\n<li>En bas \u00e0 gauche est indiqu\u00e9 le num\u00e9ro du <strong>\u00ab\u2009Lot#\u2009\u00bb.<\/strong> \u00c0 droite, la taille <strong>\u00ab\u2009W\u2009\u00bb<\/strong> et la longueur <strong>\u00ab\u2009L\u2009\u00bb<\/strong>, exprim\u00e9es en pouces.<\/li>\n<\/ul>\n\n\n\n<h2 class=\"wp-block-heading\">Studio D&rsquo;Artisan<\/h2>\n\n\n<div class=\"wp-block-image\">\n<figure class=\"alignright size-full is-resized\"><img loading=\"lazy\" decoding=\"async\" width=\"400\" height=\"299\" src=\"https:\/\/serge-denim.fr\/wp-content\/uploads\/2025\/09\/jacron-studio-dartisan.png\" alt=\"Jacron Studio D'Artisan\" class=\"wp-image-1161\" style=\"width:300px\" srcset=\"https:\/\/serge-denim.fr\/wp-content\/uploads\/2025\/09\/jacron-studio-dartisan.png 400w, https:\/\/serge-denim.fr\/wp-content\/uploads\/2025\/09\/jacron-studio-dartisan-300x224.png 300w\" sizes=\"auto, (max-width: 400px) 100vw, 400px\" \/><figcaption class=\"wp-element-caption\">Jacron Studio D&rsquo;Artisan. DR<\/figcaption><\/figure>\n<\/div>\n\n\n<ul class=\"wp-block-list\">\n<li>Le nom de la marque <strong>\u00ab\u2009Studio D\u2019Artisan &amp; SA.\u2009\u00bb <\/strong>figure en haut du jacron au centre.<\/li>\n\n\n\n<li>Le <strong>\u00ab\u2009Made In Japan\u2009\u00bb<\/strong> indique le lieu de fabrication.<\/li>\n\n\n\n<li>La mention <strong>\u00ab\u2009Design Only Original\u2009\u00bb<\/strong> indique que chaque mod\u00e8le est une cr\u00e9ation authentique, con\u00e7ue par la marque elle-m\u00eame et non une simple copie ou reproduction d\u2019un autre design.<\/li>\n\n\n\n<li>La mention <strong>\u00ab\u2009Last Generation &#8211; Denim OAX\u2009\u00bb<\/strong> fait r\u00e9f\u00e9rence \u00e0 l\u2019esprit avant-gardiste et \u00e0 la d\u00e9marche innovante de la marque dans le monde du denim japonais. Le terme \u00ab\u2009Last Generation\u2009\u00bb sous-entend l\u2019id\u00e9e qu\u2019il s\u2019agit de la derni\u00e8re \u00e9volution, du stade le plus avanc\u00e9 ou du sommet de leur savoir-faire, signifiant que le produit incarne le meilleur de la conception, de la tradition et de l\u2019innovation. \u00ab\u2009Denim OAX\u2009\u00bb d\u00e9signe g\u00e9n\u00e9ralement une toile sp\u00e9cifique utilis\u00e9e par Studio D\u2019Artisan, souvent une cr\u00e9ation exclusive, avec des caract\u00e9ristiques de tissage ou de teinture particuli\u00e8rement pointues et originales.<\/li>\n\n\n\n<li>Les <strong>deux cochons<\/strong> font r\u00e9f\u00e9rence \u00e0 l\u2019esprit ludique et irr\u00e9v\u00e9rencieux de la marque, qui a choisi le cochon comme mascotte d\u00e8s sa cr\u00e9ation en 1979, en clin d\u2019\u0153il \u00e0 l\u2019inspiration des mascottes de la pop culture japonaise. Ces cochons symbolisent aussi le travail collectif, l\u2019artisanat et l\u2019autod\u00e9rision propre \u00e0 la marque, tout en se d\u00e9marquant de l\u2019image s\u00e9rieuse de nombreux autres fabricants japonais de denim.<\/li>\n\n\n\n<li>Le <strong>mont Fuji<\/strong>, quant \u00e0 lui, est un symbole national au Japon, incarnant la beaut\u00e9 naturelle, la tradition et la force tranquille. Sa pr\u00e9sence sur le jacron souligne les racines japonaises de Studio D\u2019Artisan et l\u2019attachement de la marque \u00e0 la culture et au savoir-faire du pays. Il \u00e9voque \u00e9galement la qu\u00eate d\u2019excellence et la fiert\u00e9 du \u00ab\u2009made in Japan\u2009\u00bb qui sont au c\u0153ur de l\u2019identit\u00e9 de la maison.<\/li>\n\n\n\n<li>Les termes <strong>\u00ab\u2009Cotton 100% Indigo Denim\u2009\u00bb <\/strong>indiquent les mati\u00e8res utilis\u00e9es pour la conception du denim.<\/li>\n\n\n\n<li><strong>\u00ab\u2009Since 1979\u2009\u00bb<\/strong> indique la date de cr\u00e9ation de Studio D\u2019Artisan.<\/li>\n\n\n\n<li>En bas on trouve la r\u00e9f\u00e9rence du <strong>mod\u00e8le<\/strong> et la taille <strong>\u00ab\u2009W\u2009\u00bb<\/strong> et la longueur <strong>\u00ab\u2009L\u2009\u00bb<\/strong>, exprim\u00e9es en pouces.<\/li>\n<\/ul>\n\n\n\n<h2 class=\"wp-block-heading\">Sugar Cane<\/h2>\n\n\n<div class=\"wp-block-image\">\n<figure class=\"alignright size-full is-resized\"><img loading=\"lazy\" decoding=\"async\" width=\"400\" height=\"328\" src=\"https:\/\/serge-denim.fr\/wp-content\/uploads\/2025\/09\/Jacron-Sugar-Cane.png\" alt=\"Jacron Sugar Cane.\" class=\"wp-image-1175\" style=\"width:300px\" srcset=\"https:\/\/serge-denim.fr\/wp-content\/uploads\/2025\/09\/Jacron-Sugar-Cane.png 400w, https:\/\/serge-denim.fr\/wp-content\/uploads\/2025\/09\/Jacron-Sugar-Cane-300x246.png 300w\" sizes=\"auto, (max-width: 400px) 100vw, 400px\" \/><figcaption class=\"wp-element-caption\">Jacron Sugar Cane. DR<\/figcaption><\/figure>\n<\/div>\n\n\n<ul class=\"wp-block-list\">\n<li>L\u2019expression <strong>\u00ab\u2009Toughest Denim\u2009\u00bb <\/strong>que l\u2019on retrouve sur le patch des jeans Sugar Cane traduit la robustesse exceptionnelle de leur denim.&nbsp;<\/li>\n\n\n\n<li>Le nom de la marque <strong>\u00ab\u2009Sugar Cane And Co.\u2009\u00bb<\/strong> figure en haut du jacron au centre.<\/li>\n\n\n\n<li>Le terme <strong>\u00ab\u2009Quality Clothing\u2009\u00bb<\/strong> signifie que le v\u00eatement est fabriqu\u00e9 avec une attention particuli\u00e8re \u00e0 la qualit\u00e9, tant dans le choix des mat\u00e9riaux que dans le processus de fabrication.<\/li>\n\n\n\n<li>L\u2019expression <strong>\u00ab\u2009Our Standard\u2009\u00bb<\/strong> signifie que le produit est fabriqu\u00e9 selon les standards propres \u00e0 Sugar Cane, qui garantissent une certaine constance dans la qualit\u00e9 des mat\u00e9riaux, la robustesse du tissu, le souci du d\u00e9tail dans la fabrication et le respect des m\u00e9thodes traditionnelles.<\/li>\n\n\n\n<li>Le <strong>\u00ab\u2009XX\u2009\u00bb<\/strong> sur le jacron des jeans Sugar Cane est un hommage tr\u00e8s pr\u00e9cis aux jeans Levi\u2019s&nbsp;501 XX des ann\u00e9es&nbsp;1940.<\/li>\n\n\n\n<li>Le terme <strong>\u00ab\u2009Trade Mark\u2009\u00bb<\/strong> que l\u2019on retrouve sur le patch des jeans Sugar Cane signifie simplement que le logo, le nom ou le design utilis\u00e9 par la marque est une marque d\u00e9pos\u00e9e.<\/li>\n\n\n\n<li>Le <strong>train<\/strong> fait r\u00e9f\u00e9rence \u00e0 l\u2019inspiration historique et industrielle de la marque. Ce motif de locomotive symbolise l\u2019\u00e9poque de l\u2019apr\u00e8s-guerre, lors de laquelle les jeans en denim robustes, utilis\u00e9s par les ouvriers et cheminots, \u00e9taient con\u00e7us pour durer dans des conditions difficiles. Sugar Cane veut, avec ce symbole, rappeler l\u2019authenticit\u00e9, la solidit\u00e9 et la fonction utilitaire premi\u00e8re de leurs jeans, qui s\u2019inspirent du style vintage am\u00e9ricain des ann\u00e9es&nbsp;1940, p\u00e9riode o\u00f9 ces travailleurs portaient des v\u00eatements r\u00e9sistants, souvent li\u00e9s \u00e0 l\u2019industrie ferroviaire.<\/li>\n\n\n\n<li>&nbsp;L\u2019expression <strong>\u00ab\u2009Every Garment Guaranteed\u2009\u00bb, <\/strong>que l\u2019on trouve notamment chez Levi\u2019s et reprise comme inspiration par Sugar Cane, signifie que chaque v\u00eatement est garanti en termes de qualit\u00e9 et de durabilit\u00e9. Historiquement, cette phrase figurait sur les patches en cuir des jeans Levi\u2019s&nbsp;501 XX produits jusque dans les ann\u00e9es&nbsp;1960 environ, attestant de la solidit\u00e9 et de la fiabilit\u00e9 du v\u00eatement.<\/li>\n\n\n\n<li>En bas \u00e0 gauche est indiqu\u00e9 le num\u00e9ro du <strong>\u00ab\u2009Lot\u2009\u00bb<\/strong>. \u00c0 droite, la taille <strong>\u00ab\u2009W\u2009\u00bb<\/strong> et la longueur <strong>\u00ab\u2009L\u2009\u00bb<\/strong>, exprim\u00e9es en pouces.<\/li>\n<\/ul>\n\n\n\n<h2 class=\"wp-block-heading\">Two Cats Brand (TCB)<\/h2>\n\n\n<div class=\"wp-block-image\">\n<figure class=\"alignright size-full is-resized\"><img loading=\"lazy\" decoding=\"async\" width=\"400\" height=\"300\" src=\"https:\/\/serge-denim.fr\/wp-content\/uploads\/2025\/09\/Jacron-Two-Cats-Brand.png\" alt=\"Jacron Two Cats Brand.\" class=\"wp-image-1166\" style=\"width:300px\" srcset=\"https:\/\/serge-denim.fr\/wp-content\/uploads\/2025\/09\/Jacron-Two-Cats-Brand.png 400w, https:\/\/serge-denim.fr\/wp-content\/uploads\/2025\/09\/Jacron-Two-Cats-Brand-300x225.png 300w\" sizes=\"auto, (max-width: 400px) 100vw, 400px\" \/><figcaption class=\"wp-element-caption\">Jacron Two Cats Brand. DR<\/figcaption><\/figure>\n<\/div>\n\n\n<ul class=\"wp-block-list\">\n<li><strong>\u00ab\u2009Okoyama Japan\u2009\u00bb<\/strong> indique la provenance du jeans.<\/li>\n\n\n\n<li>Le nom de la marque <strong>\u00ab\u2009TCB JEANS AND Co.&nbsp;\u00bb <\/strong>figure en haut du jacron au centre.<\/li>\n\n\n\n<li><strong>\u00ab\u2009Union Made\u2009\u00bb<\/strong> souligne l\u2019inspiration vintage et l\u2019hommage que la marque rend \u00e0 l\u2019\u00e9poque o\u00f9 les jeans \u00e9taient fabriqu\u00e9s par des ouvriers membres de syndicats aux \u00c9tats-Unis.<\/li>\n\n\n\n<li>Le jacron de la marque Two Cats Brand (TCB) repr\u00e9sente <strong>deux chats<\/strong>, un symbole personnel du fondateur de la marque, Hajime Inoue, passionn\u00e9 de chats. Le choix des deux chats fait r\u00e9f\u00e9rence \u00e0 un clin d\u2019\u0153il au c\u00e9l\u00e8bre patch \u00ab\u2009Two Horses\u2009\u00bb de Levi\u2019s, qui illustrait la solidit\u00e9 des jeans gr\u00e2ce \u00e0 deux chevaux tirant la toile sans la d\u00e9chirer. TCB a donc adopt\u00e9 cette id\u00e9e avec ses propres ic\u00f4nes, les deux chats, pour montrer \u00e0 la fois leur attachement \u00e0 la culture am\u00e9ricaine du denim et leur identit\u00e9 unique. L\u2019acronyme TCB signifie aussi <em>\u00ab\u2009Taking Care of Business\u2009\u00bb<\/em>, une expression am\u00e9ricaine signifiant <em>\u00ab\u2009faire le travail s\u00e9rieusement\u2009\u00bb<\/em>. La marque joue donc sur ce double sens&nbsp;: une r\u00e9f\u00e9rence \u00e0 la culture am\u00e9ricaine et un hommage \u00e0 la passion personnelle du cr\u00e9ateur pour les chats.<\/li>\n\n\n\n<li>La marque <strong>\u00ab\u2009TWO CATS BRAND\u2009\u00bb<\/strong> est indiqu\u00e9e sous les chats pour redire le double sens du nom de la marque.<\/li>\n\n\n\n<li>En bas \u00e0 gauche est indiqu\u00e9 le num\u00e9ro du <strong>\u00ab\u2009Lot\u2009\u00bb <\/strong>souvent laiss\u00e9 vide. \u00c0 droite, la taille <strong>\u00ab\u2009W\u2009\u00bb<\/strong> et la longueur <strong>\u00ab\u2009L\u2009\u00bb<\/strong>, exprim\u00e9es en pouces.<\/li>\n<\/ul>\n","protected":false},"excerpt":{"rendered":"<p>Le jacron (patch ou back patch) est l\u2019\u00e9tiquette rectangulaire traditionnellement pr\u00e9sente au niveau de la ceinture arri\u00e8re des jeans depuis que\u00a0Levi\u2019s\u00a0l\u2019a introduite en 1886. Elle mentionne g\u00e9n\u00e9ralement le nom de la marque, parfois des indications de taille, de coupe et de provenance et autres. Certains vont plus loin et disent une histoire, souvent m\u00e9connue. C\u2019est [&hellip;]<\/p>\n","protected":false},"author":1,"featured_media":0,"parent":0,"menu_order":3,"comment_status":"closed","ping_status":"closed","template":"","meta":{"footnotes":""},"class_list":["post-1094","page","type-page","status-publish","hentry"],"yoast_head":"<!-- This site is optimized with the Yoast SEO plugin v27.4 - https:\/\/yoast.com\/product\/yoast-seo-wordpress\/ -->\n<title>Jacrons - Serge<\/title>\n<meta name=\"description\" content=\"L&#039;explication d\u00e9taill\u00e9 des jacrons les plus embl\u00e9matiques du jeans.\" \/>\n<meta name=\"robots\" content=\"index, follow, max-snippet:-1, max-video-preview:-1, noimageindex\" \/>\n<link rel=\"canonical\" href=\"https:\/\/serge-denim.fr\/index.php\/jacrons\/\" \/>\n<meta property=\"og:locale\" content=\"fr_FR\" \/>\n<meta property=\"og:type\" content=\"article\" \/>\n<meta property=\"og:title\" content=\"Jacrons - Serge\" \/>\n<meta property=\"og:description\" content=\"L&#039;explication d\u00e9taill\u00e9 des jacrons les plus embl\u00e9matiques du jeans.\" \/>\n<meta property=\"og:url\" content=\"https:\/\/serge-denim.fr\/index.php\/jacrons\/\" \/>\n<meta property=\"og:site_name\" content=\"Serge\" \/>\n<meta property=\"article:modified_time\" content=\"2025-11-11T11:20:54+00:00\" \/>\n<meta property=\"og:image\" content=\"https:\/\/serge-denim.fr\/wp-content\/uploads\/2025\/09\/Jacron-Edwin.png\" \/>\n\t<meta property=\"og:image:width\" content=\"400\" \/>\n\t<meta property=\"og:image:height\" content=\"270\" \/>\n\t<meta property=\"og:image:type\" content=\"image\/png\" \/>\n<meta name=\"twitter:card\" content=\"summary_large_image\" \/>\n<meta name=\"twitter:label1\" content=\"Dur\u00e9e de lecture estim\u00e9e\" \/>\n\t<meta name=\"twitter:data1\" content=\"16 minutes\" \/>\n<script type=\"application\/ld+json\" class=\"yoast-schema-graph\">{\"@context\":\"https:\\\/\\\/schema.org\",\"@graph\":[{\"@type\":[\"Article\",\"BlogPosting\"],\"@id\":\"https:\\\/\\\/serge-denim.fr\\\/index.php\\\/jacrons\\\/#article\",\"isPartOf\":{\"@id\":\"https:\\\/\\\/serge-denim.fr\\\/index.php\\\/jacrons\\\/\"},\"author\":{\"name\":\"admin4557\",\"@id\":\"https:\\\/\\\/serge-denim.fr\\\/#\\\/schema\\\/person\\\/b29107f72d698f3a48f51bc0fd500aef\"},\"headline\":\"Jacrons\",\"datePublished\":\"2025-09-19T09:48:16+00:00\",\"dateModified\":\"2025-11-11T11:20:54+00:00\",\"mainEntityOfPage\":{\"@id\":\"https:\\\/\\\/serge-denim.fr\\\/index.php\\\/jacrons\\\/\"},\"wordCount\":2900,\"publisher\":{\"@id\":\"https:\\\/\\\/serge-denim.fr\\\/#\\\/schema\\\/person\\\/b29107f72d698f3a48f51bc0fd500aef\"},\"image\":{\"@id\":\"https:\\\/\\\/serge-denim.fr\\\/index.php\\\/jacrons\\\/#primaryimage\"},\"thumbnailUrl\":\"https:\\\/\\\/serge-denim.fr\\\/wp-content\\\/uploads\\\/2025\\\/09\\\/Jacron-Edwin.png\",\"inLanguage\":\"fr-FR\"},{\"@type\":\"WebPage\",\"@id\":\"https:\\\/\\\/serge-denim.fr\\\/index.php\\\/jacrons\\\/\",\"url\":\"https:\\\/\\\/serge-denim.fr\\\/index.php\\\/jacrons\\\/\",\"name\":\"Jacrons - Serge\",\"isPartOf\":{\"@id\":\"https:\\\/\\\/serge-denim.fr\\\/#website\"},\"primaryImageOfPage\":{\"@id\":\"https:\\\/\\\/serge-denim.fr\\\/index.php\\\/jacrons\\\/#primaryimage\"},\"image\":{\"@id\":\"https:\\\/\\\/serge-denim.fr\\\/index.php\\\/jacrons\\\/#primaryimage\"},\"thumbnailUrl\":\"https:\\\/\\\/serge-denim.fr\\\/wp-content\\\/uploads\\\/2025\\\/09\\\/Jacron-Edwin.png\",\"datePublished\":\"2025-09-19T09:48:16+00:00\",\"dateModified\":\"2025-11-11T11:20:54+00:00\",\"description\":\"L'explication d\u00e9taill\u00e9 des jacrons les plus embl\u00e9matiques du jeans.\",\"breadcrumb\":{\"@id\":\"https:\\\/\\\/serge-denim.fr\\\/index.php\\\/jacrons\\\/#breadcrumb\"},\"inLanguage\":\"fr-FR\",\"potentialAction\":[{\"@type\":\"ReadAction\",\"target\":[\"https:\\\/\\\/serge-denim.fr\\\/index.php\\\/jacrons\\\/\"]}]},{\"@type\":\"ImageObject\",\"inLanguage\":\"fr-FR\",\"@id\":\"https:\\\/\\\/serge-denim.fr\\\/index.php\\\/jacrons\\\/#primaryimage\",\"url\":\"https:\\\/\\\/serge-denim.fr\\\/wp-content\\\/uploads\\\/2025\\\/09\\\/Jacron-Edwin.png\",\"contentUrl\":\"https:\\\/\\\/serge-denim.fr\\\/wp-content\\\/uploads\\\/2025\\\/09\\\/Jacron-Edwin.png\",\"width\":400,\"height\":270},{\"@type\":\"BreadcrumbList\",\"@id\":\"https:\\\/\\\/serge-denim.fr\\\/index.php\\\/jacrons\\\/#breadcrumb\",\"itemListElement\":[{\"@type\":\"ListItem\",\"position\":1,\"name\":\"Accueil\",\"item\":\"https:\\\/\\\/serge-denim.fr\\\/\"},{\"@type\":\"ListItem\",\"position\":2,\"name\":\"Jacrons\"}]},{\"@type\":\"WebSite\",\"@id\":\"https:\\\/\\\/serge-denim.fr\\\/#website\",\"url\":\"https:\\\/\\\/serge-denim.fr\\\/\",\"name\":\"Serge\",\"description\":\"Les mots du denim\",\"publisher\":{\"@id\":\"https:\\\/\\\/serge-denim.fr\\\/#\\\/schema\\\/person\\\/b29107f72d698f3a48f51bc0fd500aef\"},\"potentialAction\":[{\"@type\":\"SearchAction\",\"target\":{\"@type\":\"EntryPoint\",\"urlTemplate\":\"https:\\\/\\\/serge-denim.fr\\\/?s={search_term_string}\"},\"query-input\":{\"@type\":\"PropertyValueSpecification\",\"valueRequired\":true,\"valueName\":\"search_term_string\"}}],\"inLanguage\":\"fr-FR\"},{\"@type\":[\"Person\",\"Organization\"],\"@id\":\"https:\\\/\\\/serge-denim.fr\\\/#\\\/schema\\\/person\\\/b29107f72d698f3a48f51bc0fd500aef\",\"name\":\"admin4557\",\"logo\":{\"@id\":\"https:\\\/\\\/serge-denim.fr\\\/#\\\/schema\\\/person\\\/image\\\/\"},\"sameAs\":[\"http:\\\/\\\/serge-denim.fr\"],\"url\":\"https:\\\/\\\/serge-denim.fr\\\/index.php\\\/author\\\/admin4557\\\/\"}]}<\/script>\n<!-- \/ Yoast SEO plugin. -->","yoast_head_json":{"title":"Jacrons - Serge","description":"L'explication d\u00e9taill\u00e9 des jacrons les plus embl\u00e9matiques du jeans.","robots":{"index":"index","follow":"follow","max-snippet":"max-snippet:-1","max-video-preview":"max-video-preview:-1","imageindex":"noimageindex"},"canonical":"https:\/\/serge-denim.fr\/index.php\/jacrons\/","og_locale":"fr_FR","og_type":"article","og_title":"Jacrons - Serge","og_description":"L'explication d\u00e9taill\u00e9 des jacrons les plus embl\u00e9matiques du jeans.","og_url":"https:\/\/serge-denim.fr\/index.php\/jacrons\/","og_site_name":"Serge","article_modified_time":"2025-11-11T11:20:54+00:00","og_image":[{"width":400,"height":270,"url":"https:\/\/serge-denim.fr\/wp-content\/uploads\/2025\/09\/Jacron-Edwin.png","type":"image\/png"}],"twitter_card":"summary_large_image","twitter_misc":{"Dur\u00e9e de lecture estim\u00e9e":"16 minutes"},"schema":{"@context":"https:\/\/schema.org","@graph":[{"@type":["Article","BlogPosting"],"@id":"https:\/\/serge-denim.fr\/index.php\/jacrons\/#article","isPartOf":{"@id":"https:\/\/serge-denim.fr\/index.php\/jacrons\/"},"author":{"name":"admin4557","@id":"https:\/\/serge-denim.fr\/#\/schema\/person\/b29107f72d698f3a48f51bc0fd500aef"},"headline":"Jacrons","datePublished":"2025-09-19T09:48:16+00:00","dateModified":"2025-11-11T11:20:54+00:00","mainEntityOfPage":{"@id":"https:\/\/serge-denim.fr\/index.php\/jacrons\/"},"wordCount":2900,"publisher":{"@id":"https:\/\/serge-denim.fr\/#\/schema\/person\/b29107f72d698f3a48f51bc0fd500aef"},"image":{"@id":"https:\/\/serge-denim.fr\/index.php\/jacrons\/#primaryimage"},"thumbnailUrl":"https:\/\/serge-denim.fr\/wp-content\/uploads\/2025\/09\/Jacron-Edwin.png","inLanguage":"fr-FR"},{"@type":"WebPage","@id":"https:\/\/serge-denim.fr\/index.php\/jacrons\/","url":"https:\/\/serge-denim.fr\/index.php\/jacrons\/","name":"Jacrons - Serge","isPartOf":{"@id":"https:\/\/serge-denim.fr\/#website"},"primaryImageOfPage":{"@id":"https:\/\/serge-denim.fr\/index.php\/jacrons\/#primaryimage"},"image":{"@id":"https:\/\/serge-denim.fr\/index.php\/jacrons\/#primaryimage"},"thumbnailUrl":"https:\/\/serge-denim.fr\/wp-content\/uploads\/2025\/09\/Jacron-Edwin.png","datePublished":"2025-09-19T09:48:16+00:00","dateModified":"2025-11-11T11:20:54+00:00","description":"L'explication d\u00e9taill\u00e9 des jacrons les plus embl\u00e9matiques du jeans.","breadcrumb":{"@id":"https:\/\/serge-denim.fr\/index.php\/jacrons\/#breadcrumb"},"inLanguage":"fr-FR","potentialAction":[{"@type":"ReadAction","target":["https:\/\/serge-denim.fr\/index.php\/jacrons\/"]}]},{"@type":"ImageObject","inLanguage":"fr-FR","@id":"https:\/\/serge-denim.fr\/index.php\/jacrons\/#primaryimage","url":"https:\/\/serge-denim.fr\/wp-content\/uploads\/2025\/09\/Jacron-Edwin.png","contentUrl":"https:\/\/serge-denim.fr\/wp-content\/uploads\/2025\/09\/Jacron-Edwin.png","width":400,"height":270},{"@type":"BreadcrumbList","@id":"https:\/\/serge-denim.fr\/index.php\/jacrons\/#breadcrumb","itemListElement":[{"@type":"ListItem","position":1,"name":"Accueil","item":"https:\/\/serge-denim.fr\/"},{"@type":"ListItem","position":2,"name":"Jacrons"}]},{"@type":"WebSite","@id":"https:\/\/serge-denim.fr\/#website","url":"https:\/\/serge-denim.fr\/","name":"Serge","description":"Les mots du denim","publisher":{"@id":"https:\/\/serge-denim.fr\/#\/schema\/person\/b29107f72d698f3a48f51bc0fd500aef"},"potentialAction":[{"@type":"SearchAction","target":{"@type":"EntryPoint","urlTemplate":"https:\/\/serge-denim.fr\/?s={search_term_string}"},"query-input":{"@type":"PropertyValueSpecification","valueRequired":true,"valueName":"search_term_string"}}],"inLanguage":"fr-FR"},{"@type":["Person","Organization"],"@id":"https:\/\/serge-denim.fr\/#\/schema\/person\/b29107f72d698f3a48f51bc0fd500aef","name":"admin4557","logo":{"@id":"https:\/\/serge-denim.fr\/#\/schema\/person\/image\/"},"sameAs":["http:\/\/serge-denim.fr"],"url":"https:\/\/serge-denim.fr\/index.php\/author\/admin4557\/"}]}},"_links":{"self":[{"href":"https:\/\/serge-denim.fr\/index.php\/wp-json\/wp\/v2\/pages\/1094","targetHints":{"allow":["GET"]}}],"collection":[{"href":"https:\/\/serge-denim.fr\/index.php\/wp-json\/wp\/v2\/pages"}],"about":[{"href":"https:\/\/serge-denim.fr\/index.php\/wp-json\/wp\/v2\/types\/page"}],"author":[{"embeddable":true,"href":"https:\/\/serge-denim.fr\/index.php\/wp-json\/wp\/v2\/users\/1"}],"replies":[{"embeddable":true,"href":"https:\/\/serge-denim.fr\/index.php\/wp-json\/wp\/v2\/comments?post=1094"}],"version-history":[{"count":48,"href":"https:\/\/serge-denim.fr\/index.php\/wp-json\/wp\/v2\/pages\/1094\/revisions"}],"predecessor-version":[{"id":1230,"href":"https:\/\/serge-denim.fr\/index.php\/wp-json\/wp\/v2\/pages\/1094\/revisions\/1230"}],"wp:attachment":[{"href":"https:\/\/serge-denim.fr\/index.php\/wp-json\/wp\/v2\/media?parent=1094"}],"curies":[{"name":"wp","href":"https:\/\/api.w.org\/{rel}","templated":true}]}}