{"id":129,"date":"2025-08-24T16:13:08","date_gmt":"2025-08-24T14:13:08","guid":{"rendered":"https:\/\/serge-denim.fr\/?page_id=129"},"modified":"2025-12-22T14:09:53","modified_gmt":"2025-12-22T13:09:53","slug":"dictionnaire","status":"publish","type":"page","link":"https:\/\/serge-denim.fr\/index.php\/dictionnaire\/","title":{"rendered":"Dictionnaire"},"content":{"rendered":"\n<p>Vous trouverez dans cette section le grand dictionnaire de la toile denim, que j\u2019ai souhait\u00e9 le plus complet possible. Il y manque sans doute quelques entr\u00e9es, que je t\u00e2cherai d\u2019int\u00e9grer au fil de mes propres d\u00e9couvertes. Il y a surement aussi quelques erreurs ou omissions inh\u00e9rentes \u00e0 ce type d\u2019exercice. Prenez du plaisir \u00e0 lire ces explications parfois pointues, souvent passionnantes, pour celui ou celle qui s\u2019int\u00e9resse \u00e0 l\u2019univers de la toile de N\u00eemes.<\/p>\n\n\n\n<div class=\"wp-block-buttons is-content-justification-center is-layout-flex wp-container-core-buttons-is-layout-16018d1d wp-block-buttons-is-layout-flex\">\n<div class=\"wp-block-button is-style-outline is-style-outline--1\" id=\"ligne\"><a class=\"wp-block-button__link has-text-align-center wp-element-button\" href=\"#0-9\"><strong>0 \u2014 9<\/strong><\/a><\/div>\n\n\n\n<div class=\"wp-block-button is-style-outline is-style-outline--2\"><a class=\"wp-block-button__link wp-element-button\" href=\"#a-d\"><strong>A \u2014 D<\/strong><\/a><\/div>\n\n\n\n<div class=\"wp-block-button is-style-outline is-style-outline--3\"><a class=\"wp-block-button__link wp-element-button\" href=\"#e-h\"><strong>E \u2014 H<\/strong><\/a><\/div>\n\n\n\n<div class=\"wp-block-button is-style-outline is-style-outline--4\"><a class=\"wp-block-button__link wp-element-button\" href=\"#i-l\"><strong>I \u2014 L<\/strong><\/a><\/div>\n\n\n\n<div class=\"wp-block-button is-style-outline is-style-outline--5\"><a class=\"wp-block-button__link wp-element-button\" href=\"#m-p\"><strong>M \u2014 P<\/strong><\/a><\/div>\n\n\n\n<div class=\"wp-block-button is-style-outline is-style-outline--6\"><a class=\"wp-block-button__link wp-element-button\" href=\"#q-t\"><strong>Q \u2014 T<\/strong><\/a><\/div>\n\n\n\n<div class=\"wp-block-button is-style-outline is-style-outline--7\"><a class=\"wp-block-button__link wp-element-button\" href=\"#u-z\"><strong>U \u2014 Z<\/strong><\/a><\/div>\n<\/div>\n\n\n\n<h1 class=\"wp-block-heading\" id=\"0-9\"><strong><strong>0 \u2014 9<\/strong><\/strong><\/h1>\n\n\n\n<h2 class=\"wp-block-heading\"><strong>501<\/strong><\/h2>\n\n\n<div class=\"wp-block-image\">\n<figure class=\"alignright size-full is-resized\"><img loading=\"lazy\" decoding=\"async\" width=\"690\" height=\"442\" src=\"https:\/\/serge-denim.fr\/wp-content\/uploads\/2025\/08\/501.jpg\" alt=\"Le jeune Levi Strauss cr\u00e9a en 1873 les fameux pantalons en jean.\" class=\"wp-image-183\" style=\"width:250px\" srcset=\"https:\/\/serge-denim.fr\/wp-content\/uploads\/2025\/08\/501.jpg 690w, https:\/\/serge-denim.fr\/wp-content\/uploads\/2025\/08\/501-300x192.jpg 300w, https:\/\/serge-denim.fr\/wp-content\/uploads\/2025\/08\/501-624x400.jpg 624w\" sizes=\"auto, (max-width: 690px) 100vw, 690px\" \/><figcaption class=\"wp-element-caption\">Le jeune Levi Strauss cr\u00e9a en 1873 les fameux pantalons en jean.(levistrauss.com\/)<\/figcaption><\/figure>\n<\/div>\n\n\n<p>Le Levi\u2019s&nbsp;501 est un mod\u00e8le embl\u00e9matique de jean lanc\u00e9 \u00e0 la fin du 19e&nbsp;si\u00e8cle par la marque am\u00e9ricaine Levi Strauss &amp; Co. Son histoire d\u00e9marre en 1873 lorsque Levi Strauss, un entrepreneur allemand, s\u2019associe \u00e0 Jacob Davis, un tailleur, pour breveter un pantalon de travail renforc\u00e9 par des rivets en cuivre aux points de tension, ce qui rend le jean solide et durable&nbsp;<a href=\"https:\/\/fr.wikipedia.org\/wiki\/Levi's_501\" target=\"_blank\" rel=\"noreferrer noopener\">1<\/a> <a href=\"https:\/\/www.commeuncamion.com\/2024\/01\/05\/histoire-jean-levis-501\/\" target=\"_blank\" rel=\"noreferrer noopener\">2<\/a> <a href=\"https:\/\/www.harpersbazaar.fr\/mode\/histoire-du-jean-iconique-levis-501_101\" target=\"_blank\" rel=\"noreferrer noopener\">3<\/a>.<\/p>\n\n\n\n<p>\u00c0 l\u2019origine, le 501 \u00e9tait un v\u00eatement de travail pour les chercheurs d\u2019or et les ouvriers, caract\u00e9ris\u00e9 par une coupe large, une poche arri\u00e8re unique, une martingale, des boutons pour bretelles, et un rivet \u00e0 l\u2019entrejambe&nbsp;<a href=\"https:\/\/fr.wikipedia.org\/wiki\/Levi's_501\" target=\"_blank\" rel=\"noreferrer noopener\">4<\/a>. Au fil du temps, des \u00e9l\u00e9ments cl\u00e9s comme la poche arri\u00e8re suppl\u00e9mentaire pour former la c\u00e9l\u00e8bre configuration cinq poches, les passants de ceinture (introduits en 1922), et la braguette \u00e0 boutons se sont ajout\u00e9 <a href=\"https:\/\/fr.wikipedia.org\/wiki\/Levi's_501\" target=\"_blank\" rel=\"noreferrer noopener\">5<\/a> <a href=\"https:\/\/www.maxool.com\/histoire-evolution-jean-levis-501-homme\/\" target=\"_blank\" rel=\"noreferrer noopener\">6<\/a>. Le denim utilis\u00e9 \u00e9tait tr\u00e8s robuste, souvent produit par la filature Cone Mills en Caroline du Nord, notamment \u00e0 partir de 1922 <a href=\"https:\/\/fr.wikipedia.org\/wiki\/Levi's_501\" target=\"_blank\" rel=\"noreferrer noopener\">7<\/a>.<\/p>\n\n\n\n<p>Le nom \u00ab\u2009501\u2009\u00bb serait issu du num\u00e9ro de lot du tissu utilis\u00e9, mais la raison exacte reste un myst\u00e8re, avec l\u2019hypoth\u00e8se qu\u2019il provient d\u2019un lot de tissu de Cone Mills&nbsp;<a href=\"https:\/\/fr.wikipedia.org\/wiki\/Levi's_501\" target=\"_blank\" rel=\"noreferrer noopener\">8<\/a> <a href=\"https:\/\/www.commeuncamion.com\/2024\/01\/05\/histoire-jean-levis-501\/\" target=\"_blank\" rel=\"noreferrer noopener\">9<\/a> <a href=\"https:\/\/www.maxool.com\/histoire-evolution-jean-levis-501-homme\/\" target=\"_blank\" rel=\"noreferrer noopener\">10<\/a>. Si l\u2019on devait cr\u00e9er l\u2019arbre g\u00e9n\u00e9alogique du jean, le \u00ab&nbsp;501&nbsp;\u00bb serait consid\u00e9r\u00e9, sans aucun doute, comme le \u00ab\u2009de cujus\u2009\u00bb, la racine de l\u2019arbre.<\/p>\n\n\n\n<p class=\"has-text-align-right\"><a href=\"#ligne\">Haut de page<\/a><\/p>\n\n\n\n<h1 class=\"wp-block-heading\" id=\"a-d\"><strong><strong>A \u2014 D<\/strong><\/strong><\/h1>\n\n\n\n<h2 class=\"wp-block-heading\"><strong><strong>Arches \/ Arcuates<\/strong><\/strong><\/h2>\n\n\n<div class=\"wp-block-image\">\n<figure class=\"alignright size-full is-resized\"><img loading=\"lazy\" decoding=\"async\" width=\"400\" height=\"328\" src=\"https:\/\/serge-denim.fr\/wp-content\/uploads\/2025\/08\/arches.jpg\" alt=\"Arches The Strike Gold SG3109 17oz.\" class=\"wp-image-259\" style=\"width:250px\" srcset=\"https:\/\/serge-denim.fr\/wp-content\/uploads\/2025\/08\/arches.jpg 400w, https:\/\/serge-denim.fr\/wp-content\/uploads\/2025\/08\/arches-300x246.jpg 300w\" sizes=\"auto, (max-width: 400px) 100vw, 400px\" \/><figcaption class=\"wp-element-caption\">Arches The Strike Gold SG3109 17oz. (DR)<\/figcaption><\/figure>\n<\/div>\n\n\n<p>Les&nbsp;arches&nbsp;ou&nbsp;arcuates&nbsp;sont les motifs de couture d\u00e9corative pr\u00e9sents sur les poches arri\u00e8re des jeans, largement popularis\u00e9s par la marque Levi\u2019s \u00e0 la fin du 19e&nbsp;si\u00e8cle. Ces motifs, souvent r\u00e9alis\u00e9s en forme d\u2019arche ou d\u2019ailes, ont \u00e9t\u00e9 initialement nomm\u00e9s \u00ab\u2009seagull arcuate\u2009\u00bb (archer mouette) ou \u00ab\u2009batwing arcuate\u2009\u00bb chez Levi\u2019s. Leur fonction premi\u00e8re \u00e9tait avant tout esth\u00e9tique, apportant une signature visuelle unique aux jeans, mais elles pouvaient aussi servir \u00e0 renforcer la solidit\u00e9 des poches. De nombreuses autres marques ont repris et adapt\u00e9 ce code visuel pour se diff\u00e9rencier, faisant des arcuates un \u00e9l\u00e9ment quasi incontournable de l\u2019identit\u00e9 des jeans&nbsp;<a href=\"https:\/\/borasification.com\/lexique-denim-arches-jean-arcuate-stitching\/\" target=\"_blank\" rel=\"noreferrer noopener\">11<\/a>.<\/p>\n\n\n\n<h2 class=\"wp-block-heading\"><strong>Bar Tack<\/strong><\/h2>\n\n\n<div class=\"wp-block-image\">\n<figure class=\"alignright size-full is-resized\"><img loading=\"lazy\" decoding=\"async\" width=\"400\" height=\"234\" src=\"https:\/\/serge-denim.fr\/wp-content\/uploads\/2025\/09\/bar-tack.png\" alt=\"Bar tack sur Wharehouse &amp; Co. Lot 900XX 13,5oz\" class=\"wp-image-955\" style=\"width:250px\" srcset=\"https:\/\/serge-denim.fr\/wp-content\/uploads\/2025\/09\/bar-tack.png 400w, https:\/\/serge-denim.fr\/wp-content\/uploads\/2025\/09\/bar-tack-300x176.png 300w\" sizes=\"auto, (max-width: 400px) 100vw, 400px\" \/><figcaption class=\"wp-element-caption\">Bar tack sur Wharehouse &amp; Co. Lot 900XX 13,5oz. DR<\/figcaption><\/figure>\n<\/div>\n\n\n<p>Un&nbsp;bar tack&nbsp;(ou \u00ab point d\u2019arr\u00eat \u00bb ou parfois \u00ab pointe d\u2019arr\u00eat renforc\u00e9e \u00bb dans le contexte du denim) d\u00e9signe un point de couture tr\u00e8s dense et court, r\u00e9alis\u00e9 \u00e0 la machine sur une petite longueur avec un motif zigzag. Ce point technique est utilis\u00e9 pour renforcer les zones soumises \u00e0 de fortes tensions sur le denim : extr\u00e9mit\u00e9s des poches, base des passants de ceinture, bas de la braguette et parfois sur les ourlets pour \u00e9viter que la couture ne se d\u00e9fasse <a href=\"https:\/\/denimbmc.com\/what-is-a-bar-tack-bartack\/\" target=\"_blank\" rel=\"noreferrer noopener\">1<\/a>.<\/p>\n\n\n\n<h2 class=\"wp-block-heading\"><strong><strong><strong>Batwing<\/strong><\/strong><\/strong><\/h2>\n\n\n<div class=\"wp-block-image\">\n<figure class=\"alignright size-full is-resized\"><img loading=\"lazy\" decoding=\"async\" width=\"463\" height=\"245\" src=\"https:\/\/serge-denim.fr\/wp-content\/uploads\/2025\/08\/Batwing-Levis-1.png\" alt=\"Le\u00a0logo Batwing\u00a0de Levi\u2019s.\" class=\"wp-image-214\" style=\"width:250px\" srcset=\"https:\/\/serge-denim.fr\/wp-content\/uploads\/2025\/08\/Batwing-Levis-1.png 463w, https:\/\/serge-denim.fr\/wp-content\/uploads\/2025\/08\/Batwing-Levis-1-300x159.png 300w\" sizes=\"auto, (max-width: 463px) 100vw, 463px\" \/><figcaption class=\"wp-element-caption\">Le&nbsp;logo Batwing&nbsp;de Levi\u2019s.<\/figcaption><\/figure>\n<\/div>\n\n\n<p>Le&nbsp;logo Batwing&nbsp;de Levi\u2019s, cr\u00e9\u00e9 en 1967, est une forme trap\u00e9zo\u00efdale inspir\u00e9e directement du contour des poches arri\u00e8re du jean Levi\u2019s&nbsp;501. Sa silhouette \u00e9voque les ailes d\u2019une chauve-souris, d\u2019o\u00f9 son surnom \u00ab\u2009Batwing\u2009\u00bb. Ce logo rouge vif avec le lettrage blanc \u00ab\u2009Levi\u2019s\u2009\u00bb est rapidement devenu un symbole visuel fort de la marque, repr\u00e9sentant \u00e0 la fois l\u2019h\u00e9ritage et la modernit\u00e9 de Levi\u2019s dans le monde du denim.<\/p>\n\n\n\n<h2 class=\"wp-block-heading\"><strong>Belt loops<\/strong> <\/h2>\n\n\n<div class=\"wp-block-image\">\n<figure class=\"alignright size-full is-resized\"><img loading=\"lazy\" decoding=\"async\" width=\"400\" height=\"251\" src=\"https:\/\/serge-denim.fr\/wp-content\/uploads\/2025\/08\/belt-loops.jpg\" alt=\"Belt loops The Strike Gold SG3109 17oz\" class=\"wp-image-261\" style=\"width:250px\" srcset=\"https:\/\/serge-denim.fr\/wp-content\/uploads\/2025\/08\/belt-loops.jpg 400w, https:\/\/serge-denim.fr\/wp-content\/uploads\/2025\/08\/belt-loops-300x188.jpg 300w\" sizes=\"auto, (max-width: 400px) 100vw, 400px\" \/><figcaption class=\"wp-element-caption\">Belt loops The Strike Gold SG3109 17oz. (DR)<\/figcaption><\/figure>\n<\/div>\n\n\n<p>Les passants de ceinture, appel\u00e9s aussi belt loops, sont apparus pour la premi\u00e8re fois sur les jeans dans les ann\u00e9es&nbsp;1920, plus pr\u00e9cis\u00e9ment en 1922 avec Levi\u2019s. \u00c0 cette \u00e9poque, les jeans \u00e9taient encore port\u00e9s avec des bretelles ou une martingale (cinch) \u00e0 l\u2019arri\u00e8re pour ajuster la taille. <\/p>\n\n\n\n<p>L\u2019introduction des passants a marqu\u00e9 une \u00e9volution importante, car elle permettait de porter une ceinture, devenue plus populaire apr\u00e8s la Premi\u00e8re Guerre mondiale. Progressivement, les boutons de bretelles et la martingale ont disparu, surtout apr\u00e8s la Seconde Guerre mondiale, lorsqu\u2019il est devenu courant de porter le jean avec une ceinture, rendant les passants un \u00e9l\u00e9ment standard du v\u00eatement&nbsp;<a href=\"https:\/\/borasification.com\/lexique-denim-belt-loops\/\" target=\"_blank\" rel=\"noreferrer noopener\">12<\/a> <a href=\"https:\/\/www.commeuncamion.com\/2012\/04\/27\/histoire-jeans\/\" target=\"_blank\" rel=\"noreferrer noopener\">13<\/a> <a href=\"https:\/\/blog.modyf.fr\/jean-pionnier-vetements-travail\/\" target=\"_blank\" rel=\"noreferrer noopener\">14<\/a>.<br>Traditionnellement, la plupart des jeans comportent cinq passants&nbsp;: un centr\u00e9 au dos, deux sur les c\u00f4t\u00e9s, et deux devants.<\/p>\n\n\n\n<h2 class=\"wp-block-heading\"><strong>Berto<\/strong><\/h2>\n\n\n<div class=\"wp-block-image\">\n<figure class=\"alignright size-full is-resized\"><img loading=\"lazy\" decoding=\"async\" width=\"328\" height=\"229\" src=\"https:\/\/serge-denim.fr\/wp-content\/uploads\/2025\/08\/berto-1.png\" alt=\"Jeans en toile Berto de 13oz. \" class=\"wp-image-223\" style=\"width:250px\" srcset=\"https:\/\/serge-denim.fr\/wp-content\/uploads\/2025\/08\/berto-1.png 328w, https:\/\/serge-denim.fr\/wp-content\/uploads\/2025\/08\/berto-1-300x209.png 300w\" sizes=\"auto, (max-width: 328px) 100vw, 328px\" \/><figcaption class=\"wp-element-caption\">Jeans en toile Berto de 13oz. (Champdemanoeuvres.com)<\/figcaption><\/figure>\n<\/div>\n\n\n<p>La toile de jeans Berto, issue d\u2019une manufacture italienne fond\u00e9e en 1887, se distingue par son tissage selvedge traditionnel sur m\u00e9tiers \u00e0 navette et son indigo profond obtenu par teinture artisanale. Elle offre une grande robustesse gr\u00e2ce au juste \u00e9quilibre entre coton haut de gamme et d\u00e9tails de confection comme les ourlets \u00e0 point de cha\u00eenette ou les rivets en laiton. La qualit\u00e9 de cette toile permet un vieillissement remarquable, r\u00e9v\u00e9lant des nuances et une patine unique <a href=\"https:\/\/champdemanoeuvres.com\/products\/jeans-selvedge-berto-13oz\" target=\"_blank\" rel=\"noreferrer noopener\">15<\/a> <a href=\"https:\/\/blog.bertosalotti.fr\/dream-design\/denim-un-revetement-special-dans-la-collection-de-tissus-berto\/\">16<\/a>.<\/p>\n\n\n\n<h2 class=\"wp-block-heading\"><strong><strong>Big \u00ab&nbsp;E&nbsp;\u00bb<\/strong><\/strong><\/h2>\n\n\n<div class=\"wp-block-image\">\n<figure class=\"alignright size-full is-resized\"><img loading=\"lazy\" decoding=\"async\" width=\"400\" height=\"212\" src=\"https:\/\/serge-denim.fr\/wp-content\/uploads\/2025\/08\/big-e.jpg\" alt=\"Le nom \u00ab\u2009LEVI\u2019S\u2009\u00bb avec un\u00a0grand E.\" class=\"wp-image-228\" style=\"width:250px\" srcset=\"https:\/\/serge-denim.fr\/wp-content\/uploads\/2025\/08\/big-e.jpg 400w, https:\/\/serge-denim.fr\/wp-content\/uploads\/2025\/08\/big-e-300x159.jpg 300w\" sizes=\"auto, (max-width: 400px) 100vw, 400px\" \/><figcaption class=\"wp-element-caption\">Le nom \u00ab\u2009LEVI\u2019S\u2009\u00bb avec un&nbsp;grand E.<\/figcaption><\/figure>\n<\/div>\n\n\n<p>Le terme&nbsp;Big \u00ab\u2009E\u2009\u00bb d\u00e9signe un d\u00e9tail sp\u00e9cifique sur la petite \u00e9tiquette rouge cousue sur la poche arri\u00e8re des jeans Levi\u2019s. Sur les mod\u00e8les produits&nbsp;avant 1971, la marque inscrivait le nom \u00ab\u2009LEVI\u2019S\u2009\u00bb avec un&nbsp;grand E majuscule&nbsp;(\u00ab\u2009Big E\u2009\u00bb). Apr\u00e8s 1971, Levi\u2019s est pass\u00e9e \u00e0 une \u00e9criture avec une minuscule&nbsp;sur cette \u00e9tiquette, ce qui permet de dater et d\u2019authentifier facilement les jeans selon leur \u00e9poque de fabrication&nbsp;<a href=\"https:\/\/www.denue.ca\/blog\/brands\/the-iconic-big-e-levis-what-makes-them-so-special\" target=\"_blank\" rel=\"noreferrer noopener\">16<\/a><a href=\"https:\/\/www.beyondretro.com\/blogs\/news\/a-guide-to-levis-tabs\" target=\"_blank\" rel=\"noreferrer noopener\"> 17<\/a><a href=\"https:\/\/www.levistrauss.com\/2021\/09\/01\/85-years-of-the-levis-red-tab\/\" target=\"_blank\" rel=\"noreferrer noopener\"> 18<\/a><a href=\"https:\/\/www.levi.com\/GB\/en_GB\/blog\/article\/vintage-clothing-guide\" target=\"_blank\" rel=\"noreferrer noopener\"> 19<\/a>.<\/p>\n\n\n\n<h2 class=\"wp-block-heading\"><strong>Bleach (Blanchiment)<\/strong><\/h2>\n\n\n<div class=\"wp-block-image\">\n<figure class=\"alignright size-full is-resized\"><img loading=\"lazy\" decoding=\"async\" width=\"400\" height=\"269\" src=\"https:\/\/serge-denim.fr\/wp-content\/uploads\/2025\/08\/bleach.png\" alt=\"Jean Oni 222-Kiraku-BB Bio Bleach Selvedge Denim.\" class=\"wp-image-229\" style=\"width:250px\" srcset=\"https:\/\/serge-denim.fr\/wp-content\/uploads\/2025\/08\/bleach.png 400w, https:\/\/serge-denim.fr\/wp-content\/uploads\/2025\/08\/bleach-300x202.png 300w\" sizes=\"auto, (max-width: 400px) 100vw, 400px\" \/><figcaption class=\"wp-element-caption\">Jean Oni 222-Kiraku-BB Bio Bleach Selvedge Denim. (Flaneurs.net)<\/figcaption><\/figure>\n<\/div>\n\n\n<p>Le&nbsp;blanchiment (bleach)&nbsp;est un proc\u00e9d\u00e9 chimique utilis\u00e9 notamment dans la production de jeans pour modifier la couleur naturelle du denim, en l\u2019\u00e9claircissant, voire en le d\u00e9colorant partiellement ou totalement. Ce traitement permet de diversifier les effets esth\u00e9tiques du jean, en lui donnant un aspect vieilli, us\u00e9, ou d\u00e9lav\u00e9&nbsp;: \u00ab\u2009light wash\u2009\u00bb, \u00ab\u2009stone wash\u2009\u00bb, \u00ab\u2009acid wash\u2009\u00bb, ou encore \u00ab\u2009bleached\u2009\u00bb.<\/p>\n\n\n\n<h2 class=\"wp-block-heading\"><strong>Bootcut<\/strong><\/h2>\n\n\n<div class=\"wp-block-image\">\n<figure class=\"alignright size-full is-resized\"><img loading=\"lazy\" decoding=\"async\" width=\"531\" height=\"388\" src=\"https:\/\/serge-denim.fr\/wp-content\/uploads\/2025\/08\/bootcut.jpg\" alt=\"Samurai Jeans - S512BC19oz - 19oz Boot Cut. \" class=\"wp-image-231\" style=\"width:250px\" srcset=\"https:\/\/serge-denim.fr\/wp-content\/uploads\/2025\/08\/bootcut.jpg 531w, https:\/\/serge-denim.fr\/wp-content\/uploads\/2025\/08\/bootcut-300x219.jpg 300w\" sizes=\"auto, (max-width: 531px) 100vw, 531px\" \/><figcaption class=\"wp-element-caption\">Samurai Jeans &#8211; S512BC19oz &#8211; 19oz  Boot Cut. (Dc4.de)<\/figcaption><\/figure>\n<\/div>\n\n\n<p>Le jean&nbsp;bootcut&nbsp;se caract\u00e9rise par une jambe droite jusqu\u2019au genou, puis l\u00e9g\u00e8rement \u00e9vas\u00e9e vers le bas, id\u00e9al pour porter des bottes. Cette coupe \u00e9quilibre la silhouette sans exag\u00e9ration. Elle affine les jambes et convient particuli\u00e8rement aux morphologies en sablier ou en V. Polyvalent, il s\u2019adapte aux diff\u00e9rentes tailles.<\/p>\n\n\n\n<h2 class=\"wp-block-heading\"><strong>Broken Twill&nbsp;<\/strong><\/h2>\n\n\n<div class=\"wp-block-image\">\n<figure class=\"alignright size-full is-resized\"><img loading=\"lazy\" decoding=\"async\" width=\"300\" height=\"237\" src=\"https:\/\/serge-denim.fr\/wp-content\/uploads\/2025\/08\/brokentwill.jpg\" alt=\"Tissage Broken Twill.\" class=\"wp-image-233\" style=\"width:250px\"\/><figcaption class=\"wp-element-caption\">Tissage Broken Twill. (Heddels.com)<\/figcaption><\/figure>\n<\/div>\n\n\n<p>Le&nbsp;Broken Twill&nbsp;est un type de tissage du denim o\u00f9 la diagonale traditionnelle de la toile serg\u00e9e est volontairement interrompue pour cr\u00e9er un motif en chevrons ou en zigzag. Ce tissage cass\u00e9 donne un aspect textur\u00e9 unique et une meilleure r\u00e9sistance \u00e0 l\u2019usure, tout en offrant une certaine souplesse au tissu. Le Broken Twill a \u00e9t\u00e9 invent\u00e9 en 1964 par la marque am\u00e9ricaine Wrangler.<\/p>\n\n\n\n<h2 class=\"wp-block-heading\"><strong>Brut<\/strong><\/h2>\n\n\n<div class=\"wp-block-image\">\n<figure class=\"alignright size-full is-resized\"><img loading=\"lazy\" decoding=\"async\" width=\"400\" height=\"239\" src=\"https:\/\/serge-denim.fr\/wp-content\/uploads\/2025\/08\/denim-brut-japonais-selvedge.jpg\" alt=\"Denim brut japonais selvedge 11,8oz.\" class=\"wp-image-238\" style=\"width:250px\" srcset=\"https:\/\/serge-denim.fr\/wp-content\/uploads\/2025\/08\/denim-brut-japonais-selvedge.jpg 400w, https:\/\/serge-denim.fr\/wp-content\/uploads\/2025\/08\/denim-brut-japonais-selvedge-300x179.jpg 300w\" sizes=\"auto, (max-width: 400px) 100vw, 400px\" \/><figcaption class=\"wp-element-caption\">Denim brut japonais selvedge 11,8oz. (Lafayette-saltiel.fr)<\/figcaption><\/figure>\n<\/div>\n\n\n<p>Le&nbsp;denim brut, aussi appel\u00e9&nbsp;jean brut&nbsp;ou&nbsp;raw denim, d\u00e9signe un tissu en denim qui n\u2019a subi aucun lavage ni traitement chimique apr\u00e8s sa fabrication. Ce jean conserve sa teinte indigo fonc\u00e9 d\u2019origine et son aspect rigide au toucher, car il n\u2019a pas \u00e9t\u00e9 assoupli par un d\u00e9lavage ou un traitement.&nbsp;<\/p>\n\n\n\n<h2 class=\"wp-block-heading\"><strong>Chambray<\/strong><\/h2>\n\n\n<div class=\"wp-block-image\">\n<figure class=\"alignright size-full is-resized\"><img loading=\"lazy\" decoding=\"async\" width=\"400\" height=\"195\" src=\"https:\/\/serge-denim.fr\/wp-content\/uploads\/2025\/08\/chambray-1.png\" alt=\"Chemise BR25995 Buzz Rickson's en toile chambray.\" class=\"wp-image-240\" style=\"width:250px\" srcset=\"https:\/\/serge-denim.fr\/wp-content\/uploads\/2025\/08\/chambray-1.png 400w, https:\/\/serge-denim.fr\/wp-content\/uploads\/2025\/08\/chambray-1-300x146.png 300w\" sizes=\"auto, (max-width: 400px) 100vw, 400px\" \/><figcaption class=\"wp-element-caption\">Chemise BR25995 Buzz Rickson&rsquo;s en toile chambray.<\/figcaption><\/figure>\n<\/div>\n\n\n<p>Le&nbsp;chambray&nbsp;est un tissu l\u00e9ger, souvent en coton, tiss\u00e9 en armure toile (armure toile simple) avec un fil de cha\u00eene teint en indigo et une trame blanche, ce qui lui conf\u00e8re un aspect bicolore subtil et un toucher doux. Contrairement au denim qui utilise un tissage en serg\u00e9, le chambray a une texture plus lisse et plus fine, ce qui le rend plus respirant et moins lourd, id\u00e9al pour les chemises, les blouses et les v\u00eatements d\u2019\u00e9t\u00e9. Le chambray offre une esth\u00e9tique proche du denim, avec une couleur bleue caract\u00e9ristique, mais plus l\u00e9g\u00e8re et souple.<\/p>\n\n\n\n<h2 class=\"wp-block-heading\"><strong>Collect Mill<\/strong><\/h2>\n\n\n<div class=\"wp-block-image\">\n<figure class=\"alignright size-full is-resized\"><img loading=\"lazy\" decoding=\"async\" width=\"400\" height=\"231\" src=\"https:\/\/serge-denim.fr\/wp-content\/uploads\/2025\/08\/collect-mill.png\" alt=\"Atelier Collect Mill.\" class=\"wp-image-242\" style=\"width:250px\" srcset=\"https:\/\/serge-denim.fr\/wp-content\/uploads\/2025\/08\/collect-mill.png 400w, https:\/\/serge-denim.fr\/wp-content\/uploads\/2025\/08\/collect-mill-300x173.png 300w\" sizes=\"auto, (max-width: 400px) 100vw, 400px\" \/><figcaption class=\"wp-element-caption\">Atelier Collect Mill. (i-and-me.com)<\/figcaption><\/figure>\n<\/div>\n\n\n<p>Collect Mill est une manufacture textile japonaise fond\u00e9e en 1992 \u00e0 Kojima, dans la pr\u00e9fecture d\u2019Okayama, par Hisao Manabe et Masahiro Suwaki. Initialement cr\u00e9\u00e9e pour approvisionner les marques japonaises en denim, Collect Mill a rapidement \u00e9volu\u00e9 vers la production de ses propres tissus en utilisant des m\u00e9tiers \u00e0 tisser anciens, notamment des m\u00e9tiers \u00e0 navette Toyoda&nbsp;GL-9. Cette d\u00e9marche allie le savoir-faire traditionnel \u00e0 l\u2019innovation textile, avec un accent sur des tissus inspir\u00e9s du vintage, mais adapt\u00e9s aux standards modernes. Collect est int\u00e9gr\u00e9e \u00e0 Japan Blue Co. et est devenue un acteur majeur mondial dans le domaine du denim selvedge, fournissant de nombreuses marques \u00e0 travers le monde. Collect Mill est reconnue pour son m\u00e9lange unique d\u2019h\u00e9ritage artisanal et d\u2019innovation dans la fabrication de denim durable et de haute qualit\u00e9&nbsp;<a href=\"https:\/\/paynter.co.uk\/blogs\/stories\/collect-mill-profile\" target=\"_blank\" rel=\"noreferrer noopener\">20<\/a><a href=\"https:\/\/robindenim.com\/2017\/06\/interview-reiichiro-yoshida-collect-co\/\" target=\"_blank\" rel=\"noreferrer noopener\"> 21<\/a><a href=\"https:\/\/www.japanalogue.com\/1773-2\/\" target=\"_blank\" rel=\"noreferrer noopener\"> 22<\/a><a href=\"https:\/\/realigndenim.com\/meet-our-makers\/\" target=\"_blank\" rel=\"noreferrer noopener\"> 23<\/a>.<\/p>\n\n\n\n<h2 class=\"wp-block-heading\"><strong>Cone Mills<\/strong><\/h2>\n\n\n<div class=\"wp-block-image\">\n<figure class=\"alignright size-full is-resized\"><img loading=\"lazy\" decoding=\"async\" width=\"479\" height=\"347\" src=\"https:\/\/serge-denim.fr\/wp-content\/uploads\/2025\/08\/White_Oak_plant_Greensboro.jpg\" alt=\"White Oak Mills \u00e0 Greensboro, Caroline du Nord, 1909, Cone Mills Corporation. \" class=\"wp-image-245\" style=\"width:250px\" srcset=\"https:\/\/serge-denim.fr\/wp-content\/uploads\/2025\/08\/White_Oak_plant_Greensboro.jpg 479w, https:\/\/serge-denim.fr\/wp-content\/uploads\/2025\/08\/White_Oak_plant_Greensboro-300x217.jpg 300w\" sizes=\"auto, (max-width: 479px) 100vw, 479px\" \/><figcaption class=\"wp-element-caption\">White Oak Mills \u00e0 Greensboro, Caroline du Nord, 1909, Cone Mills Corporation. (Wikipedia)<\/figcaption><\/figure>\n<\/div>\n\n\n<p>Cone Mills Corporation est une entreprise am\u00e9ricaine de textile fond\u00e9e en 1891 par les fr\u00e8res Moses H. et Caesar Cone, initialement sp\u00e9cialis\u00e9e dans la production de tissus en coton, tels que le denim, le velours c\u00f4tel\u00e9 et la flanelle. Leur usine la plus c\u00e9l\u00e8bre, White Oak Mill, situ\u00e9e \u00e0 Greensboro en Caroline du Nord, a \u00e9t\u00e9 construite en 1905 et est devenue un symbole majeur de la fabrication de denim am\u00e9ricain, notamment selvedge, sur m\u00e9tiers \u00e0 tisser traditionnels \u00e0 navette. Cone Mills a \u00e9t\u00e9 pendant longtemps le principal fournisseur de denim pour des marques embl\u00e9matiques comme Levi\u2019s, en produisant un denim de haute qualit\u00e9 tr\u00e8s r\u00e9put\u00e9 dans l\u2019industrie du jean&nbsp;<a href=\"https:\/\/en.wikipedia.org\/wiki\/Cone_Mills_Corporation\" target=\"_blank\" rel=\"noreferrer noopener\">24<\/a><a href=\"https:\/\/www.heddels.com\/2013\/03\/meet-your-maker-cone-mills-of-greensboro-north-carolina\/\" target=\"_blank\" rel=\"noreferrer noopener\"> 25<\/a><a href=\"https:\/\/www.ncpedia.org\/cone-mills-corporation\" target=\"_blank\" rel=\"noreferrer noopener\"> 26<\/a>.<\/p>\n\n\n\n<p>La soci\u00e9t\u00e9 a \u00e9t\u00e9 pionni\u00e8re dans la production de denim durable et authentique, contribuant ainsi \u00e0 forger l\u2019histoire du denim am\u00e9ricain. Malgr\u00e9 son importance historique, la soci\u00e9t\u00e9 a connu des difficult\u00e9s \u00e9conomiques au 21e&nbsp;si\u00e8cle, faillite en 2003, puis rachat en 2004 par Wilbur Ross via l\u2019International Textile Group. La fermeture de l\u2019usine White Oak en 2017 a marqu\u00e9 la fin d\u2019une \u00e8re, mais la marque Cone Denim, synonyme de qualit\u00e9 et de tradition dans le monde du jean, reste un nom respect\u00e9 dans l\u2019industrie&nbsp;<a href=\"https:\/\/www.heddels.com\/2013\/03\/meet-your-maker-cone-mills-of-greensboro-north-carolina\/\" target=\"_blank\" rel=\"noreferrer noopener\">2<\/a><a href=\"https:\/\/www.encyclopedia.com\/books\/politics-and-business-magazines\/cone-mills-corporation\" target=\"_blank\" rel=\"noreferrer noopener\">4<\/a><a href=\"https:\/\/history.textiles.ncsu.edu\/textile-companies\/cone-mills\/\" target=\"_blank\" rel=\"noreferrer noopener\">5<\/a>.<\/p>\n\n\n\n<h2 class=\"wp-block-heading\"><strong>Coton<\/strong><\/h2>\n\n\n<div class=\"wp-block-image\">\n<figure class=\"alignright size-full is-resized\"><img loading=\"lazy\" decoding=\"async\" width=\"960\" height=\"643\" src=\"https:\/\/serge-denim.fr\/wp-content\/uploads\/2025\/08\/coton.jpg\" alt=\"Champ de coton.\" class=\"wp-image-246\" style=\"width:250px\" srcset=\"https:\/\/serge-denim.fr\/wp-content\/uploads\/2025\/08\/coton.jpg 960w, https:\/\/serge-denim.fr\/wp-content\/uploads\/2025\/08\/coton-300x201.jpg 300w, https:\/\/serge-denim.fr\/wp-content\/uploads\/2025\/08\/coton-768x514.jpg 768w, https:\/\/serge-denim.fr\/wp-content\/uploads\/2025\/08\/coton-624x418.jpg 624w\" sizes=\"auto, (max-width: 960px) 100vw, 960px\" \/><figcaption class=\"wp-element-caption\">Champ de coton. (Wikip\u00e9dia)<\/figcaption><\/figure>\n<\/div>\n\n\n<p>Le coton utilis\u00e9 pour le denim est une fibre textile naturelle connue pour sa robustesse, sa grande respirabilit\u00e9 et son confort. Le denim est tiss\u00e9 avec du coton en utilisant une armure serg\u00e9e, ce qui lui conf\u00e8re son motif diagonal caract\u00e9ristique et une solidit\u00e9 particuli\u00e8rement \u00e9lev\u00e9e. Ce tissu \u00e9pais en coton est durable, r\u00e9sistant aux frottements et facile \u00e0 entretenir, ce qui en fait un mat\u00e9riau id\u00e9al pour les v\u00eatements de travail puis de mode. Le coton de qualit\u00e9 est souvent choisi pour sa r\u00e9sistance et son aspect naturel, offrant ainsi un denim \u00e0 la fois solide et agr\u00e9able \u00e0 porter, capable de se patiner avec le temps selon l\u2019usage&nbsp;<a href=\"https:\/\/www.athm.org\/fr\/tissu-denim-histoire-proprietes-comment-il-est-fabrique\/\" target=\"_blank\" rel=\"noreferrer noopener\">27<\/a><a href=\"https:\/\/textrend.fr\/tissu-serge-denim\/tissu-denim-blanc-10.html\" target=\"_blank\" rel=\"noreferrer noopener\"> 28<\/a><a href=\"https:\/\/www.goldner-fashion.com\/fr\/c\/abc-de-la-mode\/matieres-et-qualites\/le-tissu-jean\" target=\"_blank\" rel=\"noreferrer noopener\"> 29<\/a><a href=\"https:\/\/www.sumissura.com\/fr\/blog\/cest-quoi-le-denim\" target=\"_blank\" rel=\"noreferrer noopener\"> 30<\/a>.<\/p>\n\n\n\n<h2 class=\"wp-block-heading\"><strong>Couture flat-felled<\/strong><\/h2>\n\n\n<div class=\"wp-block-image\">\n<figure class=\"alignright size-full is-resized\"><img loading=\"lazy\" decoding=\"async\" width=\"256\" height=\"102\" src=\"https:\/\/serge-denim.fr\/wp-content\/uploads\/2025\/08\/flat-felled-1.jpg\" alt=\"Couture flat-felled sur un jeans.\" class=\"wp-image-263\" style=\"width:250px\"\/><figcaption class=\"wp-element-caption\">Couture flat-felled sur un jeans. (DR)<\/figcaption><\/figure>\n<\/div>\n\n\n<p>La&nbsp;couture flat-felled&nbsp;(ou \u00ab\u2009couture rabattue piqu\u00e9e\u2009\u00bb en fran\u00e7ais) est une technique de couture tr\u00e8s robuste et propre, largement utilis\u00e9e pour l\u2019assemblage des jeans notamment. Son principe consiste \u00e0 replier les marges de couture de mani\u00e8re \u00e0 enfermer compl\u00e8tement les bords bruts \u00e0 l\u2019int\u00e9rieur de la couture, puis \u00e0 surpiquer ces marges pour garantir r\u00e9sistance et esth\u00e9tique impeccable aussi bien \u00e0 l\u2019ext\u00e9rieur qu\u2019\u00e0 l\u2019int\u00e9rieur du v\u00eatement&nbsp;<a href=\"https:\/\/instinctive.eu\/weblog\/095-couture-rabattue-felled-seam\" target=\"_blank\" rel=\"noreferrer noopener\">31 <\/a><a href=\"https:\/\/www.paulinealice.com\/fr\/comment-coudre-les-coutures-rabattues\/\" target=\"_blank\" rel=\"noreferrer noopener\">32 <\/a><a href=\"https:\/\/madamsew.com\/blogs\/sewing-blog\/how-to-sew-a-flat-felled-seam-madam-sew\" target=\"_blank\" rel=\"noreferrer noopener\">33<\/a>.<\/p>\n\n\n\n<p>Dans l\u2019industrie du denim, la couture flat-felled est privil\u00e9gi\u00e9e pour l\u2019assemblage de l\u2019entrejambe, des c\u00f4t\u00e9s ou de la fourche, car elle augmente la durabilit\u00e9 et donne ce look \u00ab\u2009indestructible\u2009\u00bb typique du workwear am\u00e9ricain (ex&nbsp;: Levi\u2019s et Wrangler l\u2019utilisent depuis le XIX\u1d49&nbsp;si\u00e8cle). Elle est parfois difficile \u00e0 r\u00e9aliser sur des tissus tr\u00e8s \u00e9pais \u00e0 cause de la superposition des couches de tissu&nbsp;<a href=\"https:\/\/denimbmc.com\/definition-of-inseam-types-overlock-flat-felled-seams\/\" target=\"_blank\" rel=\"noreferrer noopener\">34<\/a><a href=\"https:\/\/madamsew.com\/blogs\/sewing-blog\/how-to-sew-a-flat-felled-seam-madam-sew\" target=\"_blank\" rel=\"noreferrer noopener\"> 35<\/a><a href=\"https:\/\/blog.closetcorepatterns.com\/how-to-sew-flat-felled-seams-two-ways\/\" target=\"_blank\" rel=\"noreferrer noopener\"> 36<\/a>.<\/p>\n\n\n\n<h2 class=\"wp-block-heading\"><strong>Combs \/ Honeycombs<\/strong><\/h2>\n\n\n<div class=\"wp-block-image\">\n<figure class=\"alignright size-full is-resized\"><img loading=\"lazy\" decoding=\"async\" width=\"400\" height=\"225\" src=\"https:\/\/serge-denim.fr\/wp-content\/uploads\/2025\/08\/honeycombs.jpg\" alt=\"Honeycombs.\" class=\"wp-image-250\" style=\"width:250px\" srcset=\"https:\/\/serge-denim.fr\/wp-content\/uploads\/2025\/08\/honeycombs.jpg 400w, https:\/\/serge-denim.fr\/wp-content\/uploads\/2025\/08\/honeycombs-300x169.jpg 300w\" sizes=\"auto, (max-width: 400px) 100vw, 400px\" \/><figcaption class=\"wp-element-caption\">Honeycombs. (denimhunters.com)<\/figcaption><\/figure>\n<\/div>\n\n\n<p>Les&nbsp;combs&nbsp;ou&nbsp;honeycombs&nbsp;d\u00e9signent dans le monde du denim les marques d\u2019usure sp\u00e9cifiques qui apparaissent derri\u00e8re les genoux des jeans, en particulier sur les jeans en denim brut (raw denim). Le terme \u00ab\u2009honeycombs\u2009\u00bb vient de l\u2019aspect visuel de ces plis us\u00e9s, qui forment un motif en zig-zag ou nid d\u2019abeille \u00e0 l\u2019arri\u00e8re des genoux, fruit des compressions et d\u00e9tentes r\u00e9p\u00e9t\u00e9es du tissu \u00e0 cet endroit \u00e0 chaque mouvement de la jambe&nbsp;<a href=\"https:\/\/denimbmc.com\/what-are-denim-honeycombs-on-jeans\/\" target=\"_blank\" rel=\"noreferrer noopener\">37<\/a> <a href=\"https:\/\/www.heddels.com\/dictionary\/honey-combs\/\" target=\"_blank\" rel=\"noreferrer noopener\">38<\/a><a href=\"https:\/\/denimhunters.com\/denim-wiki\/jeans-anatomy\/honeycombs\/\" target=\"_blank\" rel=\"noreferrer noopener\"> 39<\/a>.<\/p>\n\n\n\n<h2 class=\"wp-block-heading\"><strong>Crotch seam<\/strong><\/h2>\n\n\n<div class=\"wp-block-image\">\n<figure class=\"alignright size-full is-resized\"><img loading=\"lazy\" decoding=\"async\" width=\"400\" height=\"281\" src=\"https:\/\/serge-denim.fr\/wp-content\/uploads\/2025\/08\/crotch-seam.jpg\" alt=\"Crotch seam The Strike Gold SG3109 17oz.\" class=\"wp-image-264\" style=\"width:250px\" srcset=\"https:\/\/serge-denim.fr\/wp-content\/uploads\/2025\/08\/crotch-seam.jpg 400w, https:\/\/serge-denim.fr\/wp-content\/uploads\/2025\/08\/crotch-seam-300x211.jpg 300w\" sizes=\"auto, (max-width: 400px) 100vw, 400px\" \/><figcaption class=\"wp-element-caption\">Crotch seam The Strike Gold SG3109 17oz. (DR)<\/figcaption><\/figure>\n<\/div>\n\n\n<p>La&nbsp;couture de l\u2019entrejambe&nbsp;(ou&nbsp;crotch seam&nbsp;en anglais) est la couture qui relie l\u2019avant et l\u2019arri\u00e8re du pantalon dans la zone situ\u00e9e entre les jambes, pr\u00e9cis\u00e9ment l\u00e0 o\u00f9 les deux jambes du jean se rejoignent. Cette couture est cruciale pour la structure et la forme du v\u00eatement, car elle permet de modeler le jean autour du corps, en assurant confort, mobilit\u00e9 et solidit\u00e9. Elle supporte des contraintes importantes lorsque le porteur bouge, s\u2019assoit ou plie les genoux.<\/p>\n\n\n\n<p>Techniquement, la couture de l\u2019entrejambe est souvent renforc\u00e9e par des coutures robustes, comme la&nbsp;flat-felled seam&nbsp;(couture rabattue piqu\u00e9e) ou une double Couture, pour pr\u00e9venir les d\u00e9chirures dues \u00e0 la tension m\u00e9canique dans cette zone. On mesure \u00e9galement \u00e0 partir de cette couture la&nbsp;hauteur d\u2019entrejambe&nbsp;(inseam) et le&nbsp;front rise, qui correspondent \u00e0 des dimensions cl\u00e9s pour l\u2019ajustement du jean.<\/p>\n\n\n\n<h2 class=\"wp-block-heading\"><strong>Damaged<\/strong><\/h2>\n\n\n<div class=\"wp-block-image\">\n<figure class=\"alignright size-full is-resized\"><img loading=\"lazy\" decoding=\"async\" width=\"400\" height=\"308\" src=\"https:\/\/serge-denim.fr\/wp-content\/uploads\/2025\/08\/damaged.png\" alt=\"Sugar Cane SC41501R 14oz distressed. \" class=\"wp-image-269\" style=\"width:250px\" srcset=\"https:\/\/serge-denim.fr\/wp-content\/uploads\/2025\/08\/damaged.png 400w, https:\/\/serge-denim.fr\/wp-content\/uploads\/2025\/08\/damaged-300x231.png 300w\" sizes=\"auto, (max-width: 400px) 100vw, 400px\" \/><figcaption class=\"wp-element-caption\">Sugar Cane SC41501R 14oz distressed. (Sugarcanejeans.com)<\/figcaption><\/figure>\n<\/div>\n\n\n<p>Le terme&nbsp;\u00ab\u2009damaged\u2009\u00bb&nbsp;appliqu\u00e9 au denim (ou \u00ab\u2009jean damaged\u2009\u00bb) d\u00e9signe un jean ou une veste dont le tissu a \u00e9t\u00e9 volontairement ab\u00eem\u00e9 ou us\u00e9 par des proc\u00e9d\u00e9s industriels ou artisanaux, dans un but purement esth\u00e9tique. Cette usure peut prendre plusieurs formes&nbsp;: trous, d\u00e9chirures, abrasions, fils tir\u00e9s, marques de frottement, zones blanchies ou effiloch\u00e9es. Contrairement \u00e0 un jean simplement us\u00e9 par le temps, l\u2019aspect \u00ab\u2009damaged\u2009\u00bb est ici recherch\u00e9 et travaill\u00e9 pour donner au v\u00eatement un look d\u00e9contract\u00e9, rebelle ou vintage, \u00e9voquant l\u2019usure naturelle, mais de fa\u00e7on ma\u00eetris\u00e9e&nbsp;<a href=\"https:\/\/www.onlineclothingstudy.com\/2022\/06\/distressed-jeans-its-meaning-in-denim.html\" target=\"_blank\" rel=\"noreferrer noopener\">40<\/a> <a href=\"https:\/\/borasification.com\/lexique-denim-jean-damaged\/\" target=\"_blank\" rel=\"noreferrer noopener\">41<\/a> <a href=\"https:\/\/www.letempsdescerises.com\/blog\/pourquoi-votre-homme-va-adorer-son-nouveau-jean-destroy\" target=\"_blank\" rel=\"noreferrer noopener\">42<\/a>. Les termes \u00ab\u2009Destroyed\u2009\u00bb et \u00ab\u2009Distressed\u2009\u00bb peuvent \u00e9galement \u00eatre utilis\u00e9s.<\/p>\n\n\n\n<h2 class=\"wp-block-heading\"><strong>Denim<\/strong><\/h2>\n\n\n<div class=\"wp-block-image\">\n<figure class=\"alignright size-full is-resized\"><img loading=\"lazy\" decoding=\"async\" width=\"400\" height=\"213\" src=\"https:\/\/serge-denim.fr\/wp-content\/uploads\/2025\/08\/toile-denim.png\" alt=\"Toile denim selvedge japonais.\" class=\"wp-image-271\" style=\"width:250px\" srcset=\"https:\/\/serge-denim.fr\/wp-content\/uploads\/2025\/08\/toile-denim.png 400w, https:\/\/serge-denim.fr\/wp-content\/uploads\/2025\/08\/toile-denim-300x160.png 300w\" sizes=\"auto, (max-width: 400px) 100vw, 400px\" \/><figcaption class=\"wp-element-caption\">Toile denim selvedge japonais. (Indigoandprovisions.com)<\/figcaption><\/figure>\n<\/div>\n\n\n<p>Le Denim est un tissu serg\u00e9 principalement compos\u00e9 de coton avec fils teints \u00e0 l\u2019indigo en cha\u00eene et \u00e9crus en trame. Cette structure assure une grande solidit\u00e9 et durabilit\u00e9, ce qui explique son usage privil\u00e9gi\u00e9 pour les jeans et v\u00eatements casual r\u00e9sistants. Origine du denim le&nbsp;: \u00ab\u2009serge de N\u00eemes\u2009\u00bb.<\/p>\n\n\n\n<h2 class=\"wp-block-heading\"><strong>Denim Heads<\/strong><\/h2>\n\n\n<div class=\"wp-block-image\">\n<figure class=\"alignright size-large is-resized\"><img loading=\"lazy\" decoding=\"async\" width=\"1024\" height=\"579\" src=\"https:\/\/serge-denim.fr\/wp-content\/uploads\/2025\/08\/collec-denim-1024x579.jpg\" alt=\"Collection de jeans.\" class=\"wp-image-274\" style=\"width:250px\" srcset=\"https:\/\/serge-denim.fr\/wp-content\/uploads\/2025\/08\/collec-denim-1024x579.jpg 1024w, https:\/\/serge-denim.fr\/wp-content\/uploads\/2025\/08\/collec-denim-300x170.jpg 300w, https:\/\/serge-denim.fr\/wp-content\/uploads\/2025\/08\/collec-denim-768x435.jpg 768w, https:\/\/serge-denim.fr\/wp-content\/uploads\/2025\/08\/collec-denim-624x353.jpg 624w, https:\/\/serge-denim.fr\/wp-content\/uploads\/2025\/08\/collec-denim.jpg 1467w\" sizes=\"auto, (max-width: 1024px) 100vw, 1024px\" \/><figcaption class=\"wp-element-caption\">Collection de jeans. (DR)<\/figcaption><\/figure>\n<\/div>\n\n\n<p>Un \u00ab\u00a0denim head\u00a0\u00bb d\u00e9signe une personne passionn\u00e9e et experte du denim, notamment du jean brut, selvedge et des sp\u00e9cificit\u00e9s techniques et historiques li\u00e9es au tissu denim. Ce terme est utilis\u00e9 pour parler des amateurs tr\u00e8s investis dans la culture du jean, qui connaissent les nuances des toiles, les proc\u00e9d\u00e9s de fabrication artisanaux, les marques embl\u00e9matiques ainsi que les mod\u00e8les vintage. Ce sont souvent des collectionneurs, connaisseurs ou \u00ab\u00a0fanatiques\u00a0\u00bb de la toile de coton serg\u00e9, qui valorisent les jeans de haute qualit\u00e9, souvent japonais ou datant de l&rsquo;\u00e9poque originelle du denim <a href=\"https:\/\/monsieur.fr\/blog\/2024\/03\/saga-des-passions-qui-sont-les-denim-heads\/\" target=\"_blank\" rel=\"noreferrer noopener\">43<\/a> <a href=\"https:\/\/monsieur.fr\/blog\/2024\/03\/saga-des-passions-qui-sont-les-denim-heads\/\" target=\"_blank\" rel=\"noreferrer noopener\">44<\/a>.<\/p>\n\n\n\n<h2 class=\"wp-block-heading\"><strong>Desizing<\/strong><\/h2>\n\n\n<div class=\"wp-block-image\">\n<figure class=\"alignright size-large is-resized\"><img loading=\"lazy\" decoding=\"async\" width=\"1024\" height=\"593\" src=\"https:\/\/serge-denim.fr\/wp-content\/uploads\/2025\/08\/desinzing-1024x593.png\" alt=\"Desizing machine.\" class=\"wp-image-282\" style=\"width:250px\" srcset=\"https:\/\/serge-denim.fr\/wp-content\/uploads\/2025\/08\/desinzing-1024x593.png 1024w, https:\/\/serge-denim.fr\/wp-content\/uploads\/2025\/08\/desinzing-300x174.png 300w, https:\/\/serge-denim.fr\/wp-content\/uploads\/2025\/08\/desinzing-768x444.png 768w, https:\/\/serge-denim.fr\/wp-content\/uploads\/2025\/08\/desinzing-624x361.png 624w, https:\/\/serge-denim.fr\/wp-content\/uploads\/2025\/08\/desinzing.png 1054w\" sizes=\"auto, (max-width: 1024px) 100vw, 1024px\" \/><figcaption class=\"wp-element-caption\">Desizing machine. (Heddels.com)<\/figcaption><\/figure>\n<\/div>\n\n\n<p>Le&nbsp;desizing&nbsp;est une \u00e9tape cruciale dans le processus de fabrication et de traitement du denim. Il s\u2019agit du&nbsp;processus d\u2019\u00e9limination des agents d\u2019appr\u00eat (size<strong>)<\/strong>&nbsp;appliqu\u00e9s sur les fils de cha\u00eene avant le tissage, principalement des amidons ou autres produits destin\u00e9s \u00e0 renforcer les fils et \u00e0 r\u00e9duire leur casse pendant le tissage. Ces appr\u00eats rendent le tissu rigide, dur et peuvent g\u00eaner les traitements ult\u00e9rieurs, comme la teinture ou le lavage. Le desizing consiste donc \u00e0&nbsp;retirer ces appr\u00eats pour assouplir le tissu et pr\u00e9parer le denim aux op\u00e9rations suivantes&nbsp;de lavage, de teinture ou de finition. Diff\u00e9rentes m\u00e9thodes existent pour cela.<\/p>\n\n\n\n<h2 class=\"wp-block-heading\"><strong>Double stitching<\/strong><\/h2>\n\n\n<div class=\"wp-block-image\">\n<figure class=\"alignright size-full is-resized\"><img loading=\"lazy\" decoding=\"async\" width=\"323\" height=\"230\" src=\"https:\/\/serge-denim.fr\/wp-content\/uploads\/2025\/08\/double-srich.png\" alt=\"Double stitching.\" class=\"wp-image-288\" style=\"width:250px\" srcset=\"https:\/\/serge-denim.fr\/wp-content\/uploads\/2025\/08\/double-srich.png 323w, https:\/\/serge-denim.fr\/wp-content\/uploads\/2025\/08\/double-srich-300x214.png 300w\" sizes=\"auto, (max-width: 323px) 100vw, 323px\" \/><figcaption class=\"wp-element-caption\">Double stitching. (DR)<\/figcaption><\/figure>\n<\/div>\n\n\n<p>La&nbsp;double stitching&nbsp;(ou double couture) est une technique de couture o\u00f9 deux lignes parall\u00e8les de piq\u00fbres sont r\u00e9alis\u00e9es pour assembler des pi\u00e8ces de tissu. Cette m\u00e9thode est tr\u00e8s utilis\u00e9e dans la confection des jeans et autres v\u00eatements robustes, notamment en denim, car elle offre une meilleure solidit\u00e9 et durabilit\u00e9 de la couture par rapport \u00e0 une couture simple.<\/p>\n\n\n\n<h2 class=\"wp-block-heading\"><strong>Double Ring Spun<\/strong><\/h2>\n\n\n<div class=\"wp-block-image\">\n<figure class=\"alignright size-full is-resized\"><img loading=\"lazy\" decoding=\"async\" width=\"400\" height=\"239\" src=\"https:\/\/serge-denim.fr\/wp-content\/uploads\/2025\/08\/Double-Ring-spun.png\" alt=\"Toile double ring spun 14oz.\" class=\"wp-image-289\" style=\"width:250px\" srcset=\"https:\/\/serge-denim.fr\/wp-content\/uploads\/2025\/08\/Double-Ring-spun.png 400w, https:\/\/serge-denim.fr\/wp-content\/uploads\/2025\/08\/Double-Ring-spun-300x179.png 300w\" sizes=\"auto, (max-width: 400px) 100vw, 400px\" \/><figcaption class=\"wp-element-caption\">Toile double ring spun 14oz. (Namadenim.com)<\/figcaption><\/figure>\n<\/div>\n\n\n<p>Le&nbsp;Double Ring Spun&nbsp;d\u00e9signe un type de fil utilis\u00e9 dans la fabrication du denim o\u00f9 les deux fils, de cha\u00eene (warp) et de trame (weft), sont fil\u00e9s selon la technique traditionnelle du ring spinning. Cette m\u00e9thode consiste \u00e0 torsader \u00e9troitement les fibres de coton pour obtenir un fil solide, doux et r\u00e9sistant. Le denim double ring spun se distingue par une texture plus souple et un toucher plus qualitatif que les denims \u00e0 fils ouverts (open-end), offrant une meilleure durabilit\u00e9 et un aspect plus authentique et textur\u00e9. C\u2019est un proc\u00e9d\u00e9 appr\u00e9ci\u00e9 pour produire des toiles haut de gamme, qui vieillissent bien tout en conservant une solidit\u00e9 sup\u00e9rieure&nbsp;<a href=\"https:\/\/www.heddels.com\/dictionary\/dual-ring-spun\/\" target=\"_blank\" rel=\"noreferrer noopener\">45<\/a> <a href=\"https:\/\/lecloset.com\/in-da-closet\/tout-ce-que-vous-avez-toujours-voulu-savoir-sur-le-denim-sans-jamais-oser-le-demander\/\" target=\"_blank\" rel=\"noreferrer noopener\">46<\/a>.<\/p>\n\n\n\n<h2 class=\"wp-block-heading\"><strong>Draper X3<\/strong><\/h2>\n\n\n<div class=\"wp-block-image\">\n<figure class=\"alignright size-full is-resized\"><img loading=\"lazy\" decoding=\"async\" width=\"400\" height=\"353\" src=\"https:\/\/serge-denim.fr\/wp-content\/uploads\/2025\/08\/drapper-x3.jpg\" alt=\"Draper X3.\" class=\"wp-image-291\" style=\"width:250px\" srcset=\"https:\/\/serge-denim.fr\/wp-content\/uploads\/2025\/08\/drapper-x3.jpg 400w, https:\/\/serge-denim.fr\/wp-content\/uploads\/2025\/08\/drapper-x3-300x265.jpg 300w\" sizes=\"auto, (max-width: 400px) 100vw, 400px\" \/><figcaption class=\"wp-element-caption\">Draper X3. (Conedenim.com)<\/figcaption><\/figure>\n<\/div>\n\n\n<p>Le&nbsp;Draper X3&nbsp;est un m\u00e9tier \u00e0 tisser automatique historique, fabriqu\u00e9 par la Draper Corporation, une entreprise am\u00e9ricaine majeure dans la fabrication de m\u00e9tiers \u00e0 tisser pour l\u2019industrie textile. Ce mod\u00e8le, tr\u00e8s robuste et embl\u00e9matique, date des ann\u00e9es&nbsp;1940-1960 et a \u00e9t\u00e9 largement utilis\u00e9 pour la production de tissus, notamment du denim selvedge, r\u00e9put\u00e9 pour sa qualit\u00e9 traditionnelle. Le Draper X3 est un m\u00e9tier \u00e0 tisser \u00e0 navette (shuttle loom) qui tisse des tissus avec des bords finis (selvedge), ce qui conf\u00e8re au denim produit une grande r\u00e9sistance et une finition haut de gamme.<\/p>\n\n\n\n<p>Ces machines \u00e9taient le c\u0153ur de la production de denim selvedge am\u00e9ricain, comme \u00e0 l\u2019usine White Oak de Cone Mills en Caroline du Nord, une des derni\u00e8res usines \u00e0 employer ces m\u00e9tiers d\u2019\u00e9poque. Apr\u00e8s la fermeture de White Oak en 2017, plusieurs Draper X3 ont \u00e9t\u00e9 acquis et remis en service par Vidalia Specialty Mills en Louisiane, qui perp\u00e9tue la fabrication traditionnelle du denim selvedge aux \u00c9tats-Unis avec ces m\u00e9tiers antiques&nbsp;<a href=\"https:\/\/www.textileworld.com\/textile-world\/textile-news\/2019\/11\/vidalia-acquires-white-oak-draper-x3-selvedge-looms\/\" target=\"_blank\" rel=\"noreferrer noopener\">47<\/a> <a href=\"https:\/\/www.ncrabbithole.com\/p\/greensboro-denim-looms-nc-state-unitards\" target=\"_blank\" rel=\"noreferrer noopener\">48<\/a> <a href=\"https:\/\/en.wikipedia.org\/wiki\/Draper_Corporation\" target=\"_blank\" rel=\"noreferrer noopener\">49<\/a>.<\/p>\n\n\n\n<h2 class=\"wp-block-heading\"><strong>Dye (Teinture)<\/strong><\/h2>\n\n\n<div class=\"wp-block-image\">\n<figure class=\"alignright size-full is-resized\"><img loading=\"lazy\" decoding=\"async\" width=\"400\" height=\"235\" src=\"https:\/\/serge-denim.fr\/wp-content\/uploads\/2025\/08\/dye.png\" alt=\"Une m\u00e9thode de teinture utilisant l'indigo naturel.\" class=\"wp-image-293\" style=\"width:250px\" srcset=\"https:\/\/serge-denim.fr\/wp-content\/uploads\/2025\/08\/dye.png 400w, https:\/\/serge-denim.fr\/wp-content\/uploads\/2025\/08\/dye-300x176.png 300w\" sizes=\"auto, (max-width: 400px) 100vw, 400px\" \/><figcaption class=\"wp-element-caption\">Une m\u00e9thode de teinture utilisant l&rsquo;indigo naturel.(Japanblue-jeans.com)<\/figcaption><\/figure>\n<\/div>\n\n\n<p>La teinture du denim, ou \u00ab\u2009dye\u2009\u00bb en anglais, repose principalement sur un proc\u00e9d\u00e9 sp\u00e9cifique visant \u00e0 colorer les fils de cha\u00eene uniquement, tandis que les fils de trame restent g\u00e9n\u00e9ralement non teint\u00e9s. Cette technique est essentielle pour obtenir l\u2019aspect bicolore caract\u00e9ristique du denim, avec un c\u00f4t\u00e9 bleu indigo et un envers blanc.<\/p>\n\n\n\n<p>Le colorant traditionnel et embl\u00e9matique utilis\u00e9 est l\u2019indigo, un colorant naturel extrait historiquement de plantes ou de fa\u00e7on synth\u00e9tique. Les fils de cha\u00eene sont soumis \u00e0 plusieurs bains successifs dans des cuves d\u2019indigo, un proc\u00e9d\u00e9 appel\u00e9&nbsp;teinture de corde&nbsp;ou&nbsp;teinture slasher&nbsp;selon la m\u00e9thode (en cordes torsad\u00e9es ou \u00e9tal\u00e9es \u00e0 plat). Chaque bain est suivi d\u2019une exposition \u00e0 l\u2019air pour oxyder l\u2019indigo et fixer la couleur&nbsp;<a href=\"https:\/\/lydenim.com\/fr\/teinture-du-denim\/\" target=\"_blank\" rel=\"noreferrer noopener\">50<\/a> <a href=\"https:\/\/lydenim.com\/fr\/comment-le-denim-est-fabrique\/\" target=\"_blank\" rel=\"noreferrer noopener\">51<\/a> <a href=\"https:\/\/fr.diznew.com\/blog\/b5476\" target=\"_blank\" rel=\"noreferrer noopener\">52<\/a>.<\/p>\n\n\n\n<p>Cette technique cr\u00e9e la couleur bleue riche du denim et conf\u00e8re au tissu sa capacit\u00e9 \u00e0 se d\u00e9colorer progressivement avec le temps et l\u2019usure, ce qui produit les effets d\u2019usure uniques et la patine. Le fait de ne teindre que les fils de cha\u00eene permet \u00e9galement au denim de conserver solidit\u00e9 et contraste via les fils de trame non teints, g\u00e9n\u00e9ralement blancs <a href=\"https:\/\/lydenim.com\/fr\/comment-le-denim-est-fabrique\/\" target=\"_blank\" rel=\"noreferrer noopener\">53<\/a> <a href=\"https:\/\/fr.diznew.com\/blog\/b5476\" target=\"_blank\" rel=\"noreferrer noopener\">54<\/a>.<\/p>\n\n\n\n<p class=\"has-text-align-right\"><a href=\"#ligne\">Haut de page<\/a><\/p>\n\n\n\n<h1 class=\"wp-block-heading\" id=\"e-h\">E <strong><strong>\u2014<\/strong><\/strong> H<\/h1>\n\n\n\n<h2 class=\"wp-block-heading\"><strong>Fade<\/strong><\/h2>\n\n\n<div class=\"wp-block-image\">\n<figure class=\"alignright size-full is-resized\"><img loading=\"lazy\" decoding=\"async\" width=\"400\" height=\"214\" src=\"https:\/\/serge-denim.fr\/wp-content\/uploads\/2025\/08\/fade.png\" alt=\"Fading d'un jean port\u00e9 24 mois. \" class=\"wp-image-313\" style=\"width:250px\" srcset=\"https:\/\/serge-denim.fr\/wp-content\/uploads\/2025\/08\/fade.png 400w, https:\/\/serge-denim.fr\/wp-content\/uploads\/2025\/08\/fade-300x161.png 300w\" sizes=\"auto, (max-width: 400px) 100vw, 400px\" \/><figcaption class=\"wp-element-caption\">Fading d&rsquo;un jean port\u00e9 24 mois. (Japanblue-jeans.com)<\/figcaption><\/figure>\n<\/div>\n\n\n<p>Le terme&nbsp;fade&nbsp;dans le contexte du denim d\u00e9signe le processus naturel de d\u00e9coloration progressive du tissu, principalement du colorant indigo appliqu\u00e9 sur les fils de cha\u00eene. Avec le temps et l\u2019usure r\u00e9p\u00e9t\u00e9e (frottements, flexions, lavages), l\u2019indigo s\u2019use en surface, laissant appara\u00eetre des zones plus claires et contrast\u00e9es qui r\u00e9v\u00e8lent \u00e0 la fois la trame blanche et la structure du tissage en serg\u00e9. Ce ph\u00e9nom\u00e8ne est au c\u0153ur de l\u2019esth\u00e9tique des jeans longtemps port\u00e9s, exprimant leur histoire et leur authenticit\u00e9.<\/p>\n\n\n\n<h2 class=\"wp-block-heading\"><strong>Front Rise<\/strong><\/h2>\n\n\n<div class=\"wp-block-image\">\n<figure class=\"alignright size-full is-resized\"><img loading=\"lazy\" decoding=\"async\" width=\"400\" height=\"354\" src=\"https:\/\/serge-denim.fr\/wp-content\/uploads\/2025\/08\/front-rear.png\" alt=\"Front rise Big John Rare R009 (000) 15,5oz.\" class=\"wp-image-314\" style=\"width:250px\" srcset=\"https:\/\/serge-denim.fr\/wp-content\/uploads\/2025\/08\/front-rear.png 400w, https:\/\/serge-denim.fr\/wp-content\/uploads\/2025\/08\/front-rear-300x266.png 300w\" sizes=\"auto, (max-width: 400px) 100vw, 400px\" \/><figcaption class=\"wp-element-caption\">Front rise Big John Rare R009 (000) 15,5oz. (DR)<\/figcaption><\/figure>\n<\/div>\n\n\n<p>Le&nbsp;front rise&nbsp;d\u2019un jean d\u00e9signe la distance verticale mesur\u00e9e depuis la couture de l\u2019entrejambe (crotch seam) jusqu\u2019au haut de la ceinture (waistband) \u00e0 l\u2019avant du pantalon. Cette mesure est essentielle pour d\u00e9terminer la hauteur \u00e0 laquelle le jean va se positionner sur la taille ou les hanches du porteur, influen\u00e7ant \u00e0 la fois le confort et le rendu esth\u00e9tique du v\u00eatement. Par exemple, un front rise court donnera un jean \u00ab\u2009taille basse\u2009\u00bb (low rise) qui repose en dessous de la taille naturelle, tandis qu\u2019un front rise plus long correspondra \u00e0 un jean taille haute (high rise) qui couvrira une plus grande partie de l\u2019abdomen et allongera visuellement les jambes. Le front rise est mesur\u00e9 sur un jean pos\u00e9 \u00e0 plat, en partant pr\u00e9cis\u00e9ment du point de rencontre des coutures d\u2019entrejambe vers le sommet de la ceinture \u00e0 l\u2019avant, sans \u00e9tirer le tissu. Cette mesure varie g\u00e9n\u00e9ralement de 7 \u00e0 12&nbsp;pouces (environ 18 \u00e0 30 cm) selon le style&nbsp;<a href=\"https:\/\/jackofspades.com\/blogs\/mastering-denim-jos\/the-ultimate-guide-on-how-to-measure-front-rise-for-perfectly-fitting-pants\" target=\"_blank\" rel=\"noreferrer noopener\">55<\/a> <a href=\"https:\/\/www.blueingreensoho.com\/pages\/measurement-guide\" target=\"_blank\" rel=\"noreferrer noopener\">56<\/a> <a href=\"https:\/\/us.mavi.com\/blogs\/stories\/mens-pants-rise\" target=\"_blank\" rel=\"noreferrer noopener\">57<\/a> <a href=\"https:\/\/www.3sixteen.com\/pages\/measuring-guide-jeans\" target=\"_blank\" rel=\"noreferrer noopener\">58<\/a>.<\/p>\n\n\n\n<h2 class=\"wp-block-heading\"><strong>Five pocket<\/strong><\/h2>\n\n\n<div class=\"wp-block-image\">\n<figure class=\"alignright size-full is-resized\"><img loading=\"lazy\" decoding=\"async\" width=\"400\" height=\"209\" src=\"https:\/\/serge-denim.fr\/wp-content\/uploads\/2025\/08\/poches.png\" alt=\"Coin pocket Big John Rare R009 (000) 15,5oz.\" class=\"wp-image-316\" style=\"width:250px\" srcset=\"https:\/\/serge-denim.fr\/wp-content\/uploads\/2025\/08\/poches.png 400w, https:\/\/serge-denim.fr\/wp-content\/uploads\/2025\/08\/poches-300x157.png 300w\" sizes=\"auto, (max-width: 400px) 100vw, 400px\" \/><figcaption class=\"wp-element-caption\">Coin pocket Big John Rare R009 (000) 15,5oz. (DR)<\/figcaption><\/figure>\n<\/div>\n\n\n<p>Le terme&nbsp;Five pocket&nbsp;d\u00e9signe le style de pantalon, en particulier le jean, qui comporte cinq poches fonctionnelles&nbsp;: deux poches avant classiques, une petite poche dite \u00ab\u2009watch pocket\u2009\u00bb ou \u00ab\u2009coin pocket\u2009\u00bb ins\u00e9r\u00e9e dans la poche avant droite, et deux poches arri\u00e8re. Ce design est devenu embl\u00e9matique des jeans, popularis\u00e9 notamment par Levi\u2019s.<\/p>\n\n\n\n<h2 class=\"wp-block-heading\"><strong>Grinding<\/strong><\/h2>\n\n\n<div class=\"wp-block-image\">\n<figure class=\"alignright size-full is-resized\"><img loading=\"lazy\" decoding=\"async\" width=\"400\" height=\"246\" src=\"https:\/\/serge-denim.fr\/wp-content\/uploads\/2025\/08\/grinding.png\" alt=\"Grinding.\" class=\"wp-image-318\" style=\"width:250px\" srcset=\"https:\/\/serge-denim.fr\/wp-content\/uploads\/2025\/08\/grinding.png 400w, https:\/\/serge-denim.fr\/wp-content\/uploads\/2025\/08\/grinding-300x185.png 300w\" sizes=\"auto, (max-width: 400px) 100vw, 400px\" \/><figcaption class=\"wp-element-caption\">Grinding. (Japandenim.jp)<\/figcaption><\/figure>\n<\/div>\n\n\n<p>Le&nbsp;grinding&nbsp;est un proc\u00e9d\u00e9 m\u00e9canique qui consiste \u00e0 user et ab\u00eemer intentionnellement certaines zones du jean, comme les ourlets ou les poches, \u00e0 l\u2019aide de surfaces abrasives. Cette technique cr\u00e9e des d\u00e9chirures, effilochages et abrasions contr\u00f4l\u00e9s pour donner un aspect vintage ou us\u00e9. R\u00e9alis\u00e9 \u00e0 la machine ou manuellement, le grinding apporte une usure esth\u00e9tique difficile \u00e0 obtenir naturellement rapidement.<\/p>\n\n\n\n<h2 class=\"wp-block-heading\"><strong>Hairy<\/strong><\/h2>\n\n\n<div class=\"wp-block-image\">\n<figure class=\"alignright size-full is-resized\"><img loading=\"lazy\" decoding=\"async\" width=\"400\" height=\"236\" src=\"https:\/\/serge-denim.fr\/wp-content\/uploads\/2025\/08\/hairy.png\" alt=\"Toile Hairy Resolute 710. \" class=\"wp-image-320\" style=\"width:250px\" srcset=\"https:\/\/serge-denim.fr\/wp-content\/uploads\/2025\/08\/hairy.png 400w, https:\/\/serge-denim.fr\/wp-content\/uploads\/2025\/08\/hairy-300x177.png 300w\" sizes=\"auto, (max-width: 400px) 100vw, 400px\" \/><figcaption class=\"wp-element-caption\">Toile Hairy Resolute 710. (Reddit)<\/figcaption><\/figure>\n<\/div>\n\n\n<p>Le terme&nbsp;hairy&nbsp;(litt\u00e9ralement \u00ab&nbsp;poilu&nbsp;\u00bb en anglais) d\u00e9crit une texture de tissu o\u00f9 des fibres de coton sont volontairement laiss\u00e9es apparentes \u00e0 la surface du tissu, cr\u00e9ant un aspect l\u00e9g\u00e8rement duveteux ou \u00ab&nbsp;bourru&nbsp;\u00bb au toucher et \u00e0 l\u2019\u0153il. Cette texture est le r\u00e9sultat d\u2019un tissage \u00e0 faible tension.<\/p>\n\n\n\n<h2 class=\"wp-block-heading\"><strong>Hank Dyeing<\/strong><\/h2>\n\n\n<div class=\"wp-block-image\">\n<figure class=\"alignright size-full is-resized\"><img loading=\"lazy\" decoding=\"async\" width=\"400\" height=\"269\" src=\"https:\/\/serge-denim.fr\/wp-content\/uploads\/2025\/08\/Hank-dying.png\" alt=\"Proc\u00e9d\u00e9 Hank Dyeing. \" class=\"wp-image-322\" style=\"width:250px\" srcset=\"https:\/\/serge-denim.fr\/wp-content\/uploads\/2025\/08\/Hank-dying.png 400w, https:\/\/serge-denim.fr\/wp-content\/uploads\/2025\/08\/Hank-dying-300x202.png 300w\" sizes=\"auto, (max-width: 400px) 100vw, 400px\" \/><figcaption class=\"wp-element-caption\">Proc\u00e9d\u00e9 Hank Dyeing. (Leftfieldnyc.com)<\/figcaption><\/figure>\n<\/div>\n\n\n<p>Le&nbsp;Hank Dyeing&nbsp;est un proc\u00e9d\u00e9 de teinture textile o\u00f9 les fils ou fibres sont teints lorsqu\u2019ils sont regroup\u00e9s en \u00e9cheveaux (appel\u00e9s \u00ab\u2009hanks\u2009\u00bb en anglais). Contrairement \u00e0 la teinture en fil continu sur bobine, la teinture en \u00e9cheveau permet une meilleure p\u00e9n\u00e9tration et uniformit\u00e9 du colorant, car les fils sont plus expos\u00e9s et peuvent absorber la teinture sur toute leur surface. Ce proc\u00e9d\u00e9 est souvent utilis\u00e9 dans la production de fils et fibres pour des tissus haut de gamme, y compris certains denims artisanaux, car il garantit une coloration profonde et r\u00e9guli\u00e8re avant le tissage.<\/p>\n\n\n\n<h2 class=\"wp-block-heading\"><strong>Heavyweight<\/strong><\/h2>\n\n\n<div class=\"wp-block-image\">\n<figure class=\"alignright size-full is-resized\"><img loading=\"lazy\" decoding=\"async\" width=\"400\" height=\"206\" src=\"https:\/\/serge-denim.fr\/wp-content\/uploads\/2025\/08\/25oz.png\" alt=\"Iron Heart IH-777-XHS 25oz\" class=\"wp-image-324\" style=\"width:250px\" srcset=\"https:\/\/serge-denim.fr\/wp-content\/uploads\/2025\/08\/25oz.png 400w, https:\/\/serge-denim.fr\/wp-content\/uploads\/2025\/08\/25oz-300x155.png 300w\" sizes=\"auto, (max-width: 400px) 100vw, 400px\" \/><figcaption class=\"wp-element-caption\">Iron Heart IH-777-XHS 25oz. (Ironheart.co.uk)<\/figcaption><\/figure>\n<\/div>\n\n\n<p>Le terme&nbsp;heavyweight d\u00e9signe un tissu de denim particuli\u00e8rement lourd et \u00e9pais, g\u00e9n\u00e9ralement pesant plus de 14 oz (onces) par yard carr\u00e9 (environ 475 g\/m\u00b2) voire jusqu\u2019\u00e0 21 oz et plus. Ce type de denim est reconnu pour sa grande robustesse, sa durabilit\u00e9 exceptionnelle et son aspect rigide \u00e0 l\u2019\u00e9tat neuf. Les denims heavyweight sont souvent utilis\u00e9s pour des v\u00eatements de travail r\u00e9sistants ou des jeans \u00ab\u2009raw\u2009\u00bb destin\u00e9s \u00e0 bien vieillir avec le temps, d\u00e9veloppant des fades et une patine uniques gr\u00e2ce \u00e0 leur forte densit\u00e9 de fils et leur tissage serr\u00e9. En raison de leur poids, ils sont moins souples au d\u00e9but, mais gagnent en confort et en caract\u00e8re apr\u00e8s de nombreux ports et lavages.<\/p>\n\n\n\n<h2 class=\"wp-block-heading\"><strong>Hem<\/strong><\/h2>\n\n\n<div class=\"wp-block-image\">\n<figure class=\"alignright size-full is-resized\"><img loading=\"lazy\" decoding=\"async\" width=\"400\" height=\"300\" src=\"https:\/\/serge-denim.fr\/wp-content\/uploads\/2025\/08\/hem.jpg\" alt=\"Hem en point de cha\u00eenette, The Strike Gold SG3109 17oz.\" class=\"wp-image-357\" style=\"width:250px\" srcset=\"https:\/\/serge-denim.fr\/wp-content\/uploads\/2025\/08\/hem.jpg 400w, https:\/\/serge-denim.fr\/wp-content\/uploads\/2025\/08\/hem-300x225.jpg 300w\" sizes=\"auto, (max-width: 400px) 100vw, 400px\" \/><figcaption class=\"wp-element-caption\">Hem en point de cha\u00eenette, The Strike Gold SG3109 17oz. (DR)<\/figcaption><\/figure>\n<\/div>\n\n\n<p>Le&nbsp;hem&nbsp;(ourlet en fran\u00e7ais) d\u00e9signe la finition du bord inf\u00e9rieur d\u2019un jean. C\u2019est la partie o\u00f9 le tissu est pli\u00e9 vers l\u2019int\u00e9rieur puis cousu pour \u00e9viter qu\u2019il ne s\u2019effiloche et pour assurer une bonne tenue esth\u00e9tique et fonctionnelle. L\u2019ourlet peut \u00eatre r\u00e9alis\u00e9 avec diff\u00e9rentes techniques de couture, en point de cha\u00eenette ou en double couture.<\/p>\n\n\n\n<h2 class=\"wp-block-heading\"><strong>Hige \/ Whiskers<\/strong><\/h2>\n\n\n<div class=\"wp-block-image\">\n<figure class=\"alignright size-full is-resized\"><img loading=\"lazy\" decoding=\"async\" width=\"400\" height=\"270\" src=\"https:\/\/serge-denim.fr\/wp-content\/uploads\/2025\/08\/Whiskers.png\" alt=\"Hige ou Whiskers, Big John 15,5oz\" class=\"wp-image-328\" style=\"width:250px\" srcset=\"https:\/\/serge-denim.fr\/wp-content\/uploads\/2025\/08\/Whiskers.png 400w, https:\/\/serge-denim.fr\/wp-content\/uploads\/2025\/08\/Whiskers-300x203.png 300w\" sizes=\"auto, (max-width: 400px) 100vw, 400px\" \/><figcaption class=\"wp-element-caption\">Hige ou Whiskers, Big John 15,5oz. (Pinterest)<\/figcaption><\/figure>\n<\/div>\n\n\n<p>Les&nbsp;hige&nbsp;ou&nbsp;whiskers&nbsp;d\u00e9signent des lignes fines de plis et de d\u00e9coloration qui apparaissent sur les jeans, g\u00e9n\u00e9ralement au niveau des cuisses, autour de la zone des poches avant et de l\u2019entrejambe. Ces marques ressemblent \u00e0 des moustaches de chat (d\u2019o\u00f9 le nom \u00ab\u2009whiskers\u2009\u00bb) et sont cr\u00e9\u00e9es naturellement par les plis form\u00e9s lors des mouvements r\u00e9p\u00e9titifs (assis, accroupi, flexions) qui provoquent une usure progressive du colorant indigo sur les fibres en surface. Le r\u00e9sultat est un effet d\u2019usure esth\u00e9tique qui donne un aspect vieilli et authentique au jean.<\/p>\n\n\n\n<div class=\"wp-block-group\"><div class=\"wp-block-group__inner-container is-layout-constrained wp-block-group-is-layout-constrained\">\n<h2 class=\"wp-block-heading\"><strong>High rise<\/strong><\/h2>\n\n\n<div class=\"wp-block-image\">\n<figure class=\"alignright size-full is-resized\"><img loading=\"lazy\" decoding=\"async\" width=\"847\" height=\"473\" src=\"https:\/\/serge-denim.fr\/wp-content\/uploads\/2025\/08\/high-rise-1.png\" alt=\"Studio D'Artisan SD-1009 15oz GL3 High Rise.\" class=\"wp-image-331\" style=\"width:250px\" srcset=\"https:\/\/serge-denim.fr\/wp-content\/uploads\/2025\/08\/high-rise-1.png 847w, https:\/\/serge-denim.fr\/wp-content\/uploads\/2025\/08\/high-rise-1-300x168.png 300w, https:\/\/serge-denim.fr\/wp-content\/uploads\/2025\/08\/high-rise-1-768x429.png 768w, https:\/\/serge-denim.fr\/wp-content\/uploads\/2025\/08\/high-rise-1-624x348.png 624w\" sizes=\"auto, (max-width: 847px) 100vw, 847px\" \/><figcaption class=\"wp-element-caption\">Studio D&rsquo;Artisan SD-1009 15oz GL3 High Rise. (Flaneurs.net)<\/figcaption><\/figure>\n<\/div>\n\n\n<p>Les&nbsp;high rise jeans&nbsp;sont des pantalons dont la ceinture se place au-dessus ou au niveau du nombril, g\u00e9n\u00e9ralement avec un front rise sup\u00e9rieur \u00e0 25 cm. Ils allongent visuellement les jambes et mettent en valeur la taille. Ce style est appr\u00e9ci\u00e9 pour son confort et sa polyvalence.<\/p>\n\n\n\n<p><\/p>\n<\/div><\/div>\n\n\n\n<p><\/p>\n\n\n\n<p class=\"has-text-align-right\"><a href=\"#ligne\">Haut de page<\/a><\/p>\n\n\n\n<h1 class=\"wp-block-heading\" id=\"i-l\"><strong><strong>I \u2014 L<\/strong><\/strong><\/h1>\n\n\n\n<h2 class=\"wp-block-heading\"><strong>Indigo<\/strong><\/h2>\n\n\n<div class=\"wp-block-image\">\n<figure class=\"alignright size-full is-resized\"><img loading=\"lazy\" decoding=\"async\" width=\"400\" height=\"260\" src=\"https:\/\/serge-denim.fr\/wp-content\/uploads\/2025\/08\/Indigo-1.png\" alt=\"Pigment d'indigo\" class=\"wp-image-337\" style=\"width:250px\" srcset=\"https:\/\/serge-denim.fr\/wp-content\/uploads\/2025\/08\/Indigo-1.png 400w, https:\/\/serge-denim.fr\/wp-content\/uploads\/2025\/08\/Indigo-1-300x195.png 300w\" sizes=\"auto, (max-width: 400px) 100vw, 400px\" \/><figcaption class=\"wp-element-caption\">Pigment d&rsquo;indigo &#8211; (wikimedia.org)<\/figcaption><\/figure>\n<\/div>\n\n\n<p>L\u2019indigo&nbsp;est un pigment bleu profond traditionnellement extrait de plantes et utilis\u00e9 pour teindre les fils de coton du denim. La teinture se fait par plusieurs immersions des fils dans une solution d\u2019indigo, suivies d\u2019une oxydation \u00e0 l\u2019air qui fixe la couleur en surface. Ce proc\u00e9d\u00e9 donne au denim son aspect bicolore caract\u00e9ristique et permet un d\u00e9lavage progressif unique. L\u2019indigo naturel est appr\u00e9ci\u00e9 pour son authenticit\u00e9, m\u00eame si les versions synth\u00e9tiques sont aujourd\u2019hui majoritaires. Il est au c\u0153ur de l\u2019esth\u00e9tique et du vieillissement du jean brut.<\/p>\n\n\n\n<h2 class=\"wp-block-heading\"><strong>Indigotier \/ Indigofera<\/strong><\/h2>\n\n\n<div class=\"wp-block-image\">\n<figure class=\"alignright size-full is-resized\"><img loading=\"lazy\" decoding=\"async\" width=\"400\" height=\"300\" src=\"https:\/\/serge-denim.fr\/wp-content\/uploads\/2025\/08\/Indigofera.jpg\" alt=\"Indigofera tinctoria, inflorescence au Jardin des Plantes de Paris.\" class=\"wp-image-338\" style=\"width:250px\" srcset=\"https:\/\/serge-denim.fr\/wp-content\/uploads\/2025\/08\/Indigofera.jpg 400w, https:\/\/serge-denim.fr\/wp-content\/uploads\/2025\/08\/Indigofera-300x225.jpg 300w\" sizes=\"auto, (max-width: 400px) 100vw, 400px\" \/><figcaption class=\"wp-element-caption\"><em>Indigofera tinctoria<\/em>, inflorescence au Jardin des Plantes de Paris. (Wikip\u00e9dia)<\/figcaption><\/figure>\n<\/div>\n\n\n<p>L\u2019indigotier, principalement Indigofera tinctoria, est la plante traditionnelle d\u2019o\u00f9 l\u2019on extrait la teinture naturelle indigo utilis\u00e9e depuis des mill\u00e9naires. Cette teinture a longtemps color\u00e9 le denim, donnant aux jeans leur bleu embl\u00e9matique. L\u2019indigo naturel colore les fils de coton en surface, ce qui permet un d\u00e9lavage unique avec le temps. Originellement cultiv\u00e9 en Inde, l\u2019indigo a \u00e9t\u00e9 largement import\u00e9 en Europe avant d\u2019\u00eatre remplac\u00e9 au XXe&nbsp;si\u00e8cle par un indigo synth\u00e9tique plus \u00e9conomique. Aujourd\u2019hui, certains artisans et marques privil\u00e9gient encore l\u2019indigo naturel pour son authenticit\u00e9 et ses effets esth\u00e9tiques singuliers, valorisant une approche durable. Cette teinture historique conf\u00e8re au denim sa profondeur de couleur et sa singularit\u00e9 \u00e9volutive au fil des usages.<\/p>\n\n\n\n<h2 class=\"wp-block-heading\"><strong>Inseam<\/strong><\/h2>\n\n\n<div class=\"wp-block-image\">\n<figure class=\"alignright size-full is-resized\"><img loading=\"lazy\" decoding=\"async\" width=\"400\" height=\"240\" src=\"https:\/\/serge-denim.fr\/wp-content\/uploads\/2025\/08\/Inseam.jpg\" alt=\"Mesure de l'inseam.\" class=\"wp-image-340\" style=\"width:250px\" srcset=\"https:\/\/serge-denim.fr\/wp-content\/uploads\/2025\/08\/Inseam.jpg 400w, https:\/\/serge-denim.fr\/wp-content\/uploads\/2025\/08\/Inseam-300x180.jpg 300w\" sizes=\"auto, (max-width: 400px) 100vw, 400px\" \/><figcaption class=\"wp-element-caption\">Mesure de l&rsquo;inseam. (Dc4.de)<\/figcaption><\/figure>\n<\/div>\n\n\n<p>L\u2019inseam (entrejambe) est la mesure de la couture int\u00e9rieure d\u2019un jean. Elle va de l\u2019entrejambe (l\u00e0 o\u00f9 les coutures des jambes se rejoignent) jusqu\u2019\u00e0 l\u2019ourlet en bas de la jambe. Cette mesure d\u00e9termine la longueur du pantalon et est essentielle pour un bon ajustement, notamment lors d\u2019achats en ligne ou pour r\u00e9aliser un ourlet.<\/p>\n\n\n\n<h2 class=\"wp-block-heading\" id=\"Ishikawadai\"><strong>Ishikawadai<\/strong><\/h2>\n\n\n<div class=\"wp-block-image\">\n<figure class=\"alignright size-full is-resized\"><img loading=\"lazy\" decoding=\"async\" width=\"400\" height=\"292\" src=\"https:\/\/serge-denim.fr\/wp-content\/uploads\/2025\/08\/Ishikawadai.png\" alt=\"L'Ishikawadai de 1953.\" class=\"wp-image-343\" style=\"width:250px\" srcset=\"https:\/\/serge-denim.fr\/wp-content\/uploads\/2025\/08\/Ishikawadai.png 400w, https:\/\/serge-denim.fr\/wp-content\/uploads\/2025\/08\/Ishikawadai-300x219.png 300w\" sizes=\"auto, (max-width: 400px) 100vw, 400px\" \/><figcaption class=\"wp-element-caption\">L&rsquo;Ishikawadai de 1953. (Tempodesignstore.com)<\/figcaption><\/figure>\n<\/div>\n\n\n<p>Le m\u00e9tier \u00e0 filer \u00ab\u2009Ishikawadai\u2009\u00bb a \u00e9t\u00e9 fabriqu\u00e9e en 1953 par la soci\u00e9t\u00e9 japonaise Ishikawa Seisakusho Co., Ltd. Il s\u2019agit d\u2019un m\u00e9tier \u00e0 filer \u00e0 anneaux (ring spinning machine), r\u00e9put\u00e9 pour \u00eatre la plus ancienne machine \u00e0 filer encore en activit\u00e9 au Japon. Cette machine est embl\u00e9matique, notamment dans le domaine textile japonais, et elle symbolise un savoir-faire historique en filature&nbsp;<a href=\"https:\/\/tempodesignstore.com\/fr-fr\/products\/45th-anniverssary-ishikawa-dai-jeans\" target=\"_blank\" rel=\"noreferrer noopener\">59<\/a> <a href=\"https:\/\/monsieurcam.com\/products\/jeans-sp085-studio-dartisan-copie\" target=\"_blank\" rel=\"noreferrer noopener\">60<\/a> <a href=\"https:\/\/www.denimio.com\/es_ES\/SP093-OW-48.html\" target=\"_blank\" rel=\"noreferrer noopener\">61<\/a>. Par rapport aux m\u00e9tiers les plus r\u00e9cents, la vitesse de filage de l\u2019Ishikawadai est d\u2019environ 1\/3 de la vitesse des m\u00e9tiers \u00e0 tisser les plus r\u00e9cents. Bien que l\u2019efficacit\u00e9 de la production soit faible, la tension exerc\u00e9e sur le coton est faible et la texture naturelle du coton est la m\u00eame que s\u2019il avait \u00e9t\u00e9 fil\u00e9 \u00e0 la main.<\/p>\n\n\n\n<h2 class=\"wp-block-heading\"><strong>Jacron \/ Back patch<\/strong><\/h2>\n\n\n<div class=\"wp-block-image\">\n<figure class=\"alignright size-large is-resized\"><img loading=\"lazy\" decoding=\"async\" width=\"1024\" height=\"588\" src=\"https:\/\/serge-denim.fr\/wp-content\/uploads\/2025\/08\/jacron-1024x588.png\" alt=\"Jacron Studio D'Artisan SP-085 13oz, 45th Anniversary 13oz Ishikawa-dai.\" class=\"wp-image-344\" style=\"width:250px\" srcset=\"https:\/\/serge-denim.fr\/wp-content\/uploads\/2025\/08\/jacron-1024x588.png 1024w, https:\/\/serge-denim.fr\/wp-content\/uploads\/2025\/08\/jacron-300x172.png 300w, https:\/\/serge-denim.fr\/wp-content\/uploads\/2025\/08\/jacron-768x441.png 768w, https:\/\/serge-denim.fr\/wp-content\/uploads\/2025\/08\/jacron-624x359.png 624w, https:\/\/serge-denim.fr\/wp-content\/uploads\/2025\/08\/jacron.png 1058w\" sizes=\"auto, (max-width: 1024px) 100vw, 1024px\" \/><figcaption class=\"wp-element-caption\">Jacron Studio D&rsquo;Artisan SP-085 13oz, 45th Anniversary 13oz Ishikawa-dai.(Tempodesignstore.com)<\/figcaption><\/figure>\n<\/div>\n\n\n<p>Le jacron (back patch), qu\u2019il soit en cuir, en papier ou&nbsp;en cuir v\u00e9gan&nbsp;(plastique, aussi appel\u00e9 pleather) est l\u2019\u00e9tiquette rectangulaire traditionnellement pr\u00e9sente au niveau de la ceinture arri\u00e8re des jeans depuis que&nbsp;Levi\u2019s&nbsp;l\u2019a introduite en 1886. Elle mentionne g\u00e9n\u00e9ralement le nom de la marque, et parfois des indications de taille, de coupe et de provenance. El\u00e9ment caract\u00e9ristique d\u2019un jean, cette \u00e9tiquette est tr\u00e8s souvent le medium parfait pour promouvoir un savoir faire ou un univers <a href=\"https:\/\/borasification.com\/le-lexique-du-denim-par-borasifi\/lexique-denim-jacron-back-patch\/\">6<\/a> <a href=\"https:\/\/borasification.com\/le-lexique-du-denim-par-borasifi\/lexique-denim-jacron-back-patch\/\">2<\/a>.<\/p>\n\n\n\n<h2 class=\"wp-block-heading\"><strong>Kaihara Mill<\/strong><\/h2>\n\n\n<div class=\"wp-block-image\">\n<figure class=\"alignright size-large is-resized\"><img loading=\"lazy\" decoding=\"async\" width=\"1024\" height=\"455\" src=\"https:\/\/serge-denim.fr\/wp-content\/uploads\/2025\/08\/Kaihara--1024x455.png\" alt=\"Logo Kaihara denim.\" class=\"wp-image-345\" style=\"width:250px\" srcset=\"https:\/\/serge-denim.fr\/wp-content\/uploads\/2025\/08\/Kaihara--1024x455.png 1024w, https:\/\/serge-denim.fr\/wp-content\/uploads\/2025\/08\/Kaihara--300x133.png 300w, https:\/\/serge-denim.fr\/wp-content\/uploads\/2025\/08\/Kaihara--768x341.png 768w, https:\/\/serge-denim.fr\/wp-content\/uploads\/2025\/08\/Kaihara--624x277.png 624w, https:\/\/serge-denim.fr\/wp-content\/uploads\/2025\/08\/Kaihara-.png 1044w\" sizes=\"auto, (max-width: 1024px) 100vw, 1024px\" \/><figcaption class=\"wp-element-caption\">Logo Kaihara denim. (drapersfabrics.com)<\/figcaption><\/figure>\n<\/div>\n\n\n<p>Kaihara Mill, cr\u00e9\u00e9e en 1893 \u00e0 Fukuyama, Hiroshima, est une manufacture textile japonaise renomm\u00e9e. Initialement sp\u00e9cialis\u00e9e dans le tissu kasuri teint \u00e0 l\u2019indigo pour kimonos, elle s\u2019est tourn\u00e9e vers le denim dans les ann\u00e9es&nbsp;1960-1970. En 1970, elle a d\u00e9velopp\u00e9 la premi\u00e8re machine japonaise de teinture par corde, essentielle pour les effets de d\u00e9lavage du denim brut. Aujourd\u2019hui, Kaihara produit environ la moiti\u00e9 du denim japonais, collaborant avec des marques comme Levi\u2019s ou Edwin. Elle allie tradition, savoir-faire artisanal et innovations modernes, ma\u00eetrisant toutes les \u00e9tapes de fabrication. Son denim est r\u00e9put\u00e9 pour sa qualit\u00e9 et export\u00e9 dans une trentaine de pays. En 2023, Kaihara c\u00e9l\u00e8bre 130&nbsp;ans d\u2019histoire et d\u2019expertise textile.<\/p>\n\n\n\n<h2 class=\"wp-block-heading\"><strong>Knee<\/strong><\/h2>\n\n\n<div class=\"wp-block-image\">\n<figure class=\"alignright size-full is-resized\"><img loading=\"lazy\" decoding=\"async\" width=\"400\" height=\"240\" src=\"https:\/\/serge-denim.fr\/wp-content\/uploads\/2025\/08\/knee.jpg\" alt=\"Mesure de la largeur du genou (knee).\" class=\"wp-image-347\" style=\"width:250px\" srcset=\"https:\/\/serge-denim.fr\/wp-content\/uploads\/2025\/08\/knee.jpg 400w, https:\/\/serge-denim.fr\/wp-content\/uploads\/2025\/08\/knee-300x180.jpg 300w\" sizes=\"auto, (max-width: 400px) 100vw, 400px\" \/><figcaption class=\"wp-element-caption\">Mesure de la largeur du genou (knee). (Dc4.de)<\/figcaption><\/figure>\n<\/div>\n\n\n<p>Le \u00ab\u2009knee\u2009\u00bb d\u00e9signe la largeur ou la coupe du jean au niveau du genou, importante pour le confort et le style. Cette mesure est prise horizontalement, g\u00e9n\u00e9ralement \u00e0 environ 14&nbsp;pouces (35,5 cm) sous la taille.<\/p>\n\n\n\n<h2 class=\"wp-block-heading\"><strong>Kojima<\/strong><\/h2>\n\n\n<div class=\"wp-block-image\">\n<figure class=\"alignright size-large is-resized\"><img loading=\"lazy\" decoding=\"async\" width=\"1024\" height=\"733\" src=\"https:\/\/serge-denim.fr\/wp-content\/uploads\/2025\/08\/kojima-1024x733.png\" alt=\"Jean Street \u00e0 Kojima.\" class=\"wp-image-348\" style=\"width:250px\" srcset=\"https:\/\/serge-denim.fr\/wp-content\/uploads\/2025\/08\/kojima-1024x733.png 1024w, https:\/\/serge-denim.fr\/wp-content\/uploads\/2025\/08\/kojima-300x215.png 300w, https:\/\/serge-denim.fr\/wp-content\/uploads\/2025\/08\/kojima-768x550.png 768w, https:\/\/serge-denim.fr\/wp-content\/uploads\/2025\/08\/kojima-1536x1100.png 1536w, https:\/\/serge-denim.fr\/wp-content\/uploads\/2025\/08\/kojima-624x447.png 624w, https:\/\/serge-denim.fr\/wp-content\/uploads\/2025\/08\/kojima.png 1605w\" sizes=\"auto, (max-width: 1024px) 100vw, 1024px\" \/><figcaption class=\"wp-element-caption\">Jean Street \u00e0 Kojima. (Shizuka Sakamoto)<\/figcaption><\/figure>\n<\/div>\n\n\n<p>Kojima est un quartier situ\u00e9 dans la ville de Kurashiki, dans la pr\u00e9fecture d\u2019Okayama, au Japon, particuli\u00e8rement c\u00e9l\u00e8bre pour \u00eatre le berceau du denim japonais haut de gamme. Depuis les ann\u00e9es&nbsp;1960, Kojima est reconnu comme un centre majeur de fabrication de jeans et de textile denim, gr\u00e2ce \u00e0 plusieurs usines artisanales et industrielles qui utilisent des techniques traditionnelles et un savoir-faire japonais rigoureux.<\/p>\n\n\n\n<h2 class=\"wp-block-heading\"><strong>Kurabo Mills<\/strong><\/h2>\n\n\n<div class=\"wp-block-image\">\n<figure class=\"alignright size-full is-resized\"><img loading=\"lazy\" decoding=\"async\" width=\"400\" height=\"231\" src=\"https:\/\/serge-denim.fr\/wp-content\/uploads\/2025\/08\/kurabo.png\" alt=\"Atelier Kurabo Mills en 1970.\" class=\"wp-image-350\" style=\"width:250px\" srcset=\"https:\/\/serge-denim.fr\/wp-content\/uploads\/2025\/08\/kurabo.png 400w, https:\/\/serge-denim.fr\/wp-content\/uploads\/2025\/08\/kurabo-300x173.png 300w\" sizes=\"auto, (max-width: 400px) 100vw, 400px\" \/><figcaption class=\"wp-element-caption\">Atelier Kurabo Mills en 1970. (Kurabo.co.jp)<\/figcaption><\/figure>\n<\/div>\n\n\n<p>Kurabo Mills est une manufacture textile fond\u00e9e en 1888 \u00e0 Kurashiki, dans la pr\u00e9fecture d\u2019Okayama. Elle est c\u00e9l\u00e8bre pour avoir produit en 1973 la premi\u00e8re toile denim japonais, appel\u00e9&nbsp;KD-8, marquant un tournant dans l\u2019industrie du jean au Japon. Cette entreprise a \u00e9t\u00e9 pionni\u00e8re dans la fabrication et la commercialisation du denim, combinant savoir-faire traditionnel et technologies modernes. Kurabo s\u2019est impos\u00e9e comme un leader mondial du denim, notamment gr\u00e2ce \u00e0 sa production artisanale sur m\u00e9tiers \u00e0 navette&nbsp;<a href=\"https:\/\/www.kurabo.co.jp\/english\/kurabo-history\/\" target=\"_blank\" rel=\"noreferrer noopener\">63<\/a> <a href=\"https:\/\/ichiban-japan.com\/kojima-jeans\/\" target=\"_blank\" rel=\"noreferrer noopener\">64<\/a> <a href=\"https:\/\/kurabo-denim.com\/history\/\" target=\"_blank\" rel=\"noreferrer noopener\">65<\/a>.<\/p>\n\n\n\n<h2 class=\"wp-block-heading\"><strong>Kuroki Mills<\/strong><\/h2>\n\n\n<div class=\"wp-block-image\">\n<figure class=\"alignright size-full is-resized\"><img loading=\"lazy\" decoding=\"async\" width=\"400\" height=\"217\" src=\"https:\/\/serge-denim.fr\/wp-content\/uploads\/2025\/08\/kuroki-mills.png\" alt=\"Atelier Kuroki.\" class=\"wp-image-352\" style=\"width:250px\" srcset=\"https:\/\/serge-denim.fr\/wp-content\/uploads\/2025\/08\/kuroki-mills.png 400w, https:\/\/serge-denim.fr\/wp-content\/uploads\/2025\/08\/kuroki-mills-300x163.png 300w\" sizes=\"auto, (max-width: 400px) 100vw, 400px\" \/><figcaption class=\"wp-element-caption\">Atelier Kuroki. (Pinterest)<\/figcaption><\/figure>\n<\/div>\n\n\n<p>Fond\u00e9e en 1950 par Tamotsu Kuroki \u00e0 Okayama, Kuroki Mills s\u2019est impos\u00e9e parmi les plus c\u00e9l\u00e8bres fabricants de denim japonais. D\u00e8s les ann\u00e9es&nbsp;1960, l\u2019usine a adopt\u00e9 la teinture indigo par corde, puis s\u2019est sp\u00e9cialis\u00e9e exclusivement dans le denim \u00e0 partir de 1970, ce qui lui a permis d\u2019atteindre les plus hauts standards en mati\u00e8re de selvedge et d\u2019effets de d\u00e9lavage. Kuroki se distingue \u00e9galement par l\u2019int\u00e9gration de l\u2019ensemble des \u00e9tapes de production (teinture, tissage, finissage) sur un m\u00eame site et un fort engagement envers la durabilit\u00e9 environnementale, notamment gr\u00e2ce \u00e0 son syst\u00e8me de purification d\u2019eau quatre fois sup\u00e9rieur \u00e0 la norme. Cette r\u00e9putation attire de nombreuses marques de denim premium internationales.<\/p>\n\n\n\n<h2 class=\"wp-block-heading\"><strong>Left hand twill<\/strong><\/h2>\n\n\n<div class=\"wp-block-image\">\n<figure class=\"alignright size-full is-resized\"><img loading=\"lazy\" decoding=\"async\" width=\"400\" height=\"300\" src=\"https:\/\/serge-denim.fr\/wp-content\/uploads\/2025\/08\/left-hand-twill.jpg\" alt=\"Serg\u00e9 left hand twill, The Strike Gold SG3109 17oz.\" class=\"wp-image-355\" style=\"width:250px\" srcset=\"https:\/\/serge-denim.fr\/wp-content\/uploads\/2025\/08\/left-hand-twill.jpg 400w, https:\/\/serge-denim.fr\/wp-content\/uploads\/2025\/08\/left-hand-twill-300x225.jpg 300w\" sizes=\"auto, (max-width: 400px) 100vw, 400px\" \/><figcaption class=\"wp-element-caption\">Serg\u00e9 left hand twill, The Strike Gold SG3109 17oz. (DR)<\/figcaption><\/figure>\n<\/div>\n\n\n<p>Le&nbsp;left hand twill&nbsp;(ou serg\u00e9 \u00e0 gauche) est un type particulier de tissage en serg\u00e9 utilis\u00e9 notamment dans la fabrication du denim. Il se caract\u00e9rise par un motif diagonal form\u00e9 par des c\u00f4tes qui montent de la gauche vers la droite (de bas en haut, de la gauche vers la droite) lorsqu\u2019on regarde le tissu \u00e0 l\u2019endroit. En d\u2019autres termes, les lignes diagonales du tissage penchent vers la gauche, d\u2019o\u00f9 le nom. Le motif diagonal est moins prononc\u00e9 que celui du right hand twill (plus courant), donnant un rendu un peu plus doux et plus discret.<\/p>\n\n\n\n<h2 class=\"wp-block-heading\"><strong>Leg opening<\/strong><\/h2>\n\n\n<div class=\"wp-block-image\">\n<figure class=\"alignright size-full is-resized\"><img loading=\"lazy\" decoding=\"async\" width=\"400\" height=\"176\" src=\"https:\/\/serge-denim.fr\/wp-content\/uploads\/2025\/08\/hem-1.png\" alt=\"Hem, The Strike Gold SG3109 17oz.\" class=\"wp-image-360\" style=\"width:250px\" srcset=\"https:\/\/serge-denim.fr\/wp-content\/uploads\/2025\/08\/hem-1.png 400w, https:\/\/serge-denim.fr\/wp-content\/uploads\/2025\/08\/hem-1-300x132.png 300w\" sizes=\"auto, (max-width: 400px) 100vw, 400px\" \/><figcaption class=\"wp-element-caption\">Hem, The Strike Gold SG3109 17oz. (DR)<\/figcaption><\/figure>\n<\/div>\n\n\n<p>Le&nbsp;leg opening&nbsp;(ou ouverture de jambe) d\u00e9signe la largeur de l\u2019ourlet inf\u00e9rieur d\u2019un pantalon ou jean, c\u2019est-\u00e0-dire l\u2019ouverture tout en bas de la jambe. Cette mesure est prise en mesurant la largeur du bas du pantalon, \u00e0 plat, de bord \u00e0 bord, puis on multiplie par deux pour obtenir la circonf\u00e9rence totale de l\u2019ouverture.<\/p>\n\n\n\n<h2 class=\"wp-block-heading\"><strong>Leg twist<\/strong><\/h2>\n\n\n<div class=\"wp-block-image\">\n<figure class=\"alignright size-full is-resized\"><img loading=\"lazy\" decoding=\"async\" width=\"400\" height=\"241\" src=\"https:\/\/serge-denim.fr\/wp-content\/uploads\/2025\/08\/Leg-twist.jpg\" alt=\"Leg twist FullCount 1110XX 15,5oz.\" class=\"wp-image-382\" style=\"width:250px\" srcset=\"https:\/\/serge-denim.fr\/wp-content\/uploads\/2025\/08\/Leg-twist.jpg 400w, https:\/\/serge-denim.fr\/wp-content\/uploads\/2025\/08\/Leg-twist-300x181.jpg 300w\" sizes=\"auto, (max-width: 400px) 100vw, 400px\" \/><figcaption class=\"wp-element-caption\">Leg twist FullCount 1110XX 15,5oz. (DR)<\/figcaption><\/figure>\n<\/div>\n\n\n<p>Le&nbsp;leg twist&nbsp;est un ph\u00e9nom\u00e8ne naturel o\u00f9 la couture ext\u00e9rieure de la jambe du jean vrille ou tourne l\u00e9g\u00e8rement avec le temps, souvent jusqu\u2019\u00e0 90 degr\u00e9s entre la hanche et le bas de la jambe. Cela est principalement d\u00fb \u00e0 la nature du tissu denim, tiss\u00e9 en serg\u00e9, g\u00e9n\u00e9ralement en&nbsp;right hand twill&nbsp;(serg\u00e9 droit) ou&nbsp;left hand twill&nbsp;(serg\u00e9 invers\u00e9). Lors du lavage et du s\u00e9chage, cette toile se contracte et se torsionne selon la diagonale du tissage, entra\u00eenant cette vrille des coutures externes <a href=\"https:\/\/flaneurs.net\/fr\/lexique\/leg-twist\" target=\"_blank\" rel=\"noreferrer noopener\">66<\/a> <a href=\"https:\/\/bonnegueule.fr\/blogs\/medias\/pourquoi-votre-jean-denim-leg-twist-vrille-t-il-conseils\" target=\"_blank\" rel=\"noreferrer noopener\">67<\/a> <a href=\"https:\/\/www.heddels.com\/2014\/05\/brief-guide-raw-denim-leg-twist\/\" target=\"_blank\" rel=\"noreferrer noopener\">68<\/a>. Ce ph\u00e9nom\u00e8ne se produit essentiellement sur les denims bruts non sanforis\u00e9s.<\/p>\n\n\n\n<h2 class=\"wp-block-heading\"><strong>Lot<\/strong><\/h2>\n\n\n<div class=\"wp-block-image\">\n<figure class=\"alignright size-full is-resized\"><img loading=\"lazy\" decoding=\"async\" width=\"400\" height=\"311\" src=\"https:\/\/serge-denim.fr\/wp-content\/uploads\/2025\/08\/lot.png\" alt=\"Denime Lot 224-66 (66MODEL) 14,5oz Ishikawadai.\" class=\"wp-image-361\" style=\"width:250px\" srcset=\"https:\/\/serge-denim.fr\/wp-content\/uploads\/2025\/08\/lot.png 400w, https:\/\/serge-denim.fr\/wp-content\/uploads\/2025\/08\/lot-300x233.png 300w\" sizes=\"auto, (max-width: 400px) 100vw, 400px\" \/><figcaption class=\"wp-element-caption\">Denime Lot 224-66 (66MODEL) 14,5oz Ishikawadai. (DR)<\/figcaption><\/figure>\n<\/div>\n\n\n<p>Le \u00ab&nbsp;lot&nbsp;\u00bb&nbsp;d\u00e9signe g\u00e9n\u00e9ralement soit une r\u00e9f\u00e9rence pr\u00e9cise de mod\u00e8le dans le catalogue d&rsquo;une marque, soit un ensemble de pi\u00e8ces produites \u00e0 partir du m\u00eame tissu ou dans une m\u00eame s\u00e9rie. Dans certaines marques comme Levi\u2019s, le terme \u00ab\u00a0Lot\u00a0\u00bb a une signification historique et commerciale bien particuli\u00e8re. Par exemple, le&nbsp;\u00ab\u00a0Lot 501\u00a0\u00bb&nbsp;de Levi\u2019s d\u00e9signe le mod\u00e8le embl\u00e9matique invent\u00e9 \u00e0 la fin du XIXe si\u00e8cle ; chaque \u00ab\u00a0lot\u00a0\u00bb correspond \u00e0 une s\u00e9rie ou un design sp\u00e9cifique, identifi\u00e9 par un num\u00e9ro <a href=\"https:\/\/www.levi.com\/FR\/fr_FR\/features\/lot1\" target=\"_blank\" rel=\"noreferrer noopener\">69<\/a> <a href=\"https:\/\/www.commeuncamion.com\/2020\/12\/05\/le-jean-lot-1-le-sur-mesure-de-chez-levis\/\" target=\"_blank\" rel=\"noreferrer noopener\">70<\/a>.&nbsp;\u00c0 l\u2019origine, il s\u2019agissait des lots de tissu (ou des commandes de grandes quantit\u00e9s) utilis\u00e9s pour confectionner un mod\u00e8le donn\u00e9, d\u2019o\u00f9 la num\u00e9rotation qui permettait le suivi en usine ou \u00e0 la vente <a href=\"https:\/\/www.lovapourrier.com\/nimes-le-bleu-jean-et-les-origines-de-la-toile-denim\" target=\"_blank\" rel=\"noreferrer noopener\">71<\/a>. Aujourd&rsquo;hui, le terme \u00ab\u00a0Lot\u00a0\u00bb peut aussi r\u00e9f\u00e9rer \u00e0 une s\u00e9rie tr\u00e8s limit\u00e9e ou unique de jeans avec des caract\u00e9ristiques pr\u00e9cises : choix du denim, coupe, accessoires, \u00e9tiquette personnalis\u00e9e, etc.<\/p>\n\n\n\n<h2 class=\"wp-block-heading\"><strong>Loose<\/strong> \/ Wide<\/h2>\n\n\n<div class=\"wp-block-image\">\n<figure class=\"alignright size-full is-resized\"><img loading=\"lazy\" decoding=\"async\" width=\"756\" height=\"486\" src=\"https:\/\/serge-denim.fr\/wp-content\/uploads\/2025\/08\/loose-wide.png\" alt=\"FullCount 0105 - Wide Denim 13,7oz. \" class=\"wp-image-364\" style=\"width:250px\" srcset=\"https:\/\/serge-denim.fr\/wp-content\/uploads\/2025\/08\/loose-wide.png 756w, https:\/\/serge-denim.fr\/wp-content\/uploads\/2025\/08\/loose-wide-300x193.png 300w, https:\/\/serge-denim.fr\/wp-content\/uploads\/2025\/08\/loose-wide-624x401.png 624w\" sizes=\"auto, (max-width: 756px) 100vw, 756px\" \/><figcaption class=\"wp-element-caption\">FullCount 0105 &#8211; Wide Denim 13,7oz. (Fullcount.co)<\/figcaption><\/figure>\n<\/div>\n\n\n<p>Le terme&nbsp;\u00ab\u2009loose\u2009\u00bb ou \u00ab\u2009wide\u2009\u00bb&nbsp;(souvent \u00ab\u2009loose fit\u2009\u00bb pour les jeans) d\u00e9signe un style de jean avec une coupe ample, offrant beaucoup d\u2019espace dans la zone des cuisses, des fesses et des jambes. Ce type de jean est con\u00e7u pour un maximum de confort, avec une silhouette large et d\u00e9contract\u00e9e, qui ne colle pas au corps et permet une grande libert\u00e9 de mouvement.<\/p>\n\n\n\n<h2 class=\"wp-block-heading\"><strong>Loom chatter<\/strong><\/h2>\n\n\n<div class=\"wp-block-image\">\n<figure class=\"alignright size-full is-resized\"><img loading=\"lazy\" decoding=\"async\" width=\"400\" height=\"237\" src=\"https:\/\/serge-denim.fr\/wp-content\/uploads\/2025\/08\/loom-chatter.png\" alt=\"Loom Chatter.\" class=\"wp-image-366\" style=\"width:250px\" srcset=\"https:\/\/serge-denim.fr\/wp-content\/uploads\/2025\/08\/loom-chatter.png 400w, https:\/\/serge-denim.fr\/wp-content\/uploads\/2025\/08\/loom-chatter-300x178.png 300w\" sizes=\"auto, (max-width: 400px) 100vw, 400px\" \/><figcaption class=\"wp-element-caption\">Loom Chatter.<\/figcaption><\/figure>\n<\/div>\n\n\n<p>Le&nbsp;\u00ab\u2009loom chatter\u2009\u00bb&nbsp;est une technique utilis\u00e9e lors du tissage du denim, consistant \u00e0 r\u00e9gler les m\u00e9tiers \u00e0 tisser (souvent des m\u00e9tiers \u00e0 navette) \u00e0 une tension plus basse que d\u2019habitude. Cette faible tension fait vibrer ou \u00ab\u2009secouer\u2009\u00bb physiquement le m\u00e9tier pendant le tissage. Ce mouvement provoque une agitation du fil qui intensifie l\u2019aspect irr\u00e9gulier du tissu, accentuant les textures du fil, notamment pour les fils slub (\u00e0 \u00e9paisseurs irr\u00e9guli\u00e8res) ou nep (avec des amas de fibres). Ainsi, le loom chatter amplifie le caract\u00e8re in\u00e9gal et vivant du denim, rendant la surface plus bossel\u00e9e et textur\u00e9e, avec des irr\u00e9gularit\u00e9s plus marqu\u00e9es. Cet effet est recherch\u00e9 pour donner au tissu un aspect artisanal, vintage et robuste, faisant ressortir davantage les subtilit\u00e9s des fils irr\u00e9guliers.<\/p>\n\n\n\n<h2 class=\"wp-block-heading\"><strong>Loumestate<\/strong><\/h2>\n\n\n<div class=\"wp-block-image\">\n<figure class=\"alignright size-full is-resized\"><img loading=\"lazy\" decoding=\"async\" width=\"400\" height=\"239\" src=\"https:\/\/serge-denim.fr\/wp-content\/uploads\/2025\/08\/denim-brut-japonais-selvedge.jpg\" alt=\"Denim loomstate japonais selvedge 11,8oz. \" class=\"wp-image-238\" style=\"width:250px\" srcset=\"https:\/\/serge-denim.fr\/wp-content\/uploads\/2025\/08\/denim-brut-japonais-selvedge.jpg 400w, https:\/\/serge-denim.fr\/wp-content\/uploads\/2025\/08\/denim-brut-japonais-selvedge-300x179.jpg 300w\" sizes=\"auto, (max-width: 400px) 100vw, 400px\" \/><figcaption class=\"wp-element-caption\">Denim loomstate japonais selvedge 11,8oz. (Lafayette-saltiel.fr)<\/figcaption><\/figure>\n<\/div>\n\n\n<p>Le&nbsp;\u00ab\u2009loomstate\u2009\u00bb&nbsp;d\u00e9signe un tissu denim&nbsp;brut, non lav\u00e9, ni trait\u00e9 apr\u00e8s son tissage sur m\u00e9tier \u00e0 tisser&nbsp;(loom en anglais). C\u2019est un \u00e9tat de la toile tr\u00e8s pris\u00e9 dans le milieu du jean artisanal et premium, car il s\u2019agit d\u2019un denim dans son \u00e9tat naturel, qui va \u00e9voluer avec le temps et l\u2019usage, permettant de d\u00e9velopper un d\u00e9lavage unique et personnalis\u00e9.<\/p>\n\n\n\n<h2 class=\"wp-block-heading\"><strong>Low rise<\/strong><\/h2>\n\n\n<div class=\"wp-block-image\">\n<figure class=\"alignright size-full is-resized\"><img loading=\"lazy\" decoding=\"async\" width=\"400\" height=\"237\" src=\"https:\/\/serge-denim.fr\/wp-content\/uploads\/2025\/08\/low-rise.png\" alt=\"Iron Heart IH-777S-142 Low rise 14oz. \" class=\"wp-image-370\" style=\"width:250px\" srcset=\"https:\/\/serge-denim.fr\/wp-content\/uploads\/2025\/08\/low-rise.png 400w, https:\/\/serge-denim.fr\/wp-content\/uploads\/2025\/08\/low-rise-300x178.png 300w\" sizes=\"auto, (max-width: 400px) 100vw, 400px\" \/><figcaption class=\"wp-element-caption\">Iron Heart IH-777S-142 Low rise 14oz. (ironheart.co.uk)<\/figcaption><\/figure>\n<\/div>\n\n\n<p>Les&nbsp;jeans low&nbsp;rise&nbsp;(taille basse) sont des pantalons dont la ceinture est con\u00e7ue pour se positionner&nbsp;au niveau&nbsp;des hanches&nbsp;ou&nbsp;en dessous, bien&nbsp;en dessous de&nbsp;la taille naturelle, g\u00e9n\u00e9ralement&nbsp;2 \u00e0 3&nbsp;pouces&nbsp;(5 \u00e0 8 cm) sous&nbsp;le nombril. Cette&nbsp;coupe est diff\u00e9rente&nbsp;des jeans taille&nbsp;haute (high rise) qui couvrent la&nbsp;taille naturelle&nbsp;ou au-dessus. Le&nbsp;rise, c\u2019est-\u00e0-dire la&nbsp;distance entre&nbsp;la ceinture et&nbsp;l\u2019entrejambe, est&nbsp;plus courte dans&nbsp;les low rise, mesurant environ&nbsp;7,5&nbsp;pouces (19 cm) sur le devant, ce qui conf\u00e8re au jean un&nbsp;profil plus bas&nbsp;et une ligne&nbsp;plus horizontale autour du&nbsp;bassin.<\/p>\n\n\n\n<p class=\"has-text-align-right\"><a href=\"#ligne\">Haut de page<\/a><\/p>\n\n\n\n<h1 class=\"wp-block-heading\" id=\"m-p\"><strong><strong>M \u2014 P<\/strong><\/strong><\/h1>\n\n\n\n<h2 class=\"wp-block-heading\"><strong>Martingale \/ Cinch<\/strong><\/h2>\n\n\n<div class=\"wp-block-image\">\n<figure class=\"alignright size-full is-resized\"><img loading=\"lazy\" decoding=\"async\" width=\"400\" height=\"195\" src=\"https:\/\/serge-denim.fr\/wp-content\/uploads\/2025\/08\/Martingale-Cinch.png\" alt=\"Cinch Two Cats' Brand 20's Jeans 12,5oz. \" class=\"wp-image-394\" style=\"width:250px\" srcset=\"https:\/\/serge-denim.fr\/wp-content\/uploads\/2025\/08\/Martingale-Cinch.png 400w, https:\/\/serge-denim.fr\/wp-content\/uploads\/2025\/08\/Martingale-Cinch-300x146.png 300w\" sizes=\"auto, (max-width: 400px) 100vw, 400px\" \/><figcaption class=\"wp-element-caption\">Cinch Two Cats&rsquo; Brand 20&rsquo;s Jeans 12,5oz. (tcbjeans.myshopify.com)<\/figcaption><\/figure>\n<\/div>\n\n\n<p>La&nbsp;martingale&nbsp;et le&nbsp;cinch&nbsp;(souvent appel\u00e9s aussi \u00ab\u2009back cinch\u2009\u00bb ou \u00ab\u2009back buckle\u2009\u00bb) d\u00e9signent en fait la m\u00eame chose dans le contexte du jean&nbsp;: un syst\u00e8me d\u2019ajustement situ\u00e9 \u00e0 l\u2019arri\u00e8re de la ceinture du pantalon, datant d\u2019une \u00e9poque avant que les ceintures et passants pour ceinture ne soient populaires.<\/p>\n\n\n\n<h2 class=\"wp-block-heading\"><strong>Mercerisation<\/strong><\/h2>\n\n\n<div class=\"wp-block-image\">\n<figure class=\"alignright size-full is-resized\"><img loading=\"lazy\" decoding=\"async\" width=\"400\" height=\"245\" src=\"https:\/\/serge-denim.fr\/wp-content\/uploads\/2025\/08\/Machine-mercerisation.png\" alt=\"Machine \u00e0 merceriser.\" class=\"wp-image-396\" style=\"width:250px\" srcset=\"https:\/\/serge-denim.fr\/wp-content\/uploads\/2025\/08\/Machine-mercerisation.png 400w, https:\/\/serge-denim.fr\/wp-content\/uploads\/2025\/08\/Machine-mercerisation-300x184.png 300w\" sizes=\"auto, (max-width: 400px) 100vw, 400px\" \/><figcaption class=\"wp-element-caption\">Machine \u00e0 merceriser. (fr.silorga.com)<\/figcaption><\/figure>\n<\/div>\n\n\n<p>En denim, la mercerisation permet de solidifier la toile et d\u2019obtenir un meilleur effet de d\u00e9lavage indigo, car la teinture p\u00e9n\u00e8tre diff\u00e9remment les fibres. La toile est souvent tremp\u00e9e plusieurs fois dans des bains de soude, ce qui r\u00e9tr\u00e9cit puis adoucit le tissu. Ce proc\u00e9d\u00e9 est utilis\u00e9 surtout pour les tissus de qualit\u00e9 sup\u00e9rieure afin de pr\u00e9server leurs dimensions et leur texture lors de la fabrication des v\u00eatements&nbsp;<a href=\"https:\/\/borasification.com\/lexique-denim-mercerisation\/\" target=\"_blank\" rel=\"noreferrer noopener\">72<\/a> <a href=\"https:\/\/www.petitcitron.com\/articles\/quest-ce-que-la-mercerisation\/\" target=\"_blank\" rel=\"noreferrer noopener\">73<\/a> <a href=\"https:\/\/fr.wikipedia.org\/wiki\/Mercerisation\" target=\"_blank\" rel=\"noreferrer noopener\">74<\/a>.<\/p>\n\n\n\n<h2 class=\"wp-block-heading\"><strong>Mid Rise<\/strong><\/h2>\n\n\n<div class=\"wp-block-image\">\n<figure class=\"alignright size-full is-resized\"><img loading=\"lazy\" decoding=\"async\" width=\"400\" height=\"271\" src=\"https:\/\/serge-denim.fr\/wp-content\/uploads\/2025\/08\/FN-3002.png\" alt=\"The Flat Head FN-3002 14,5oz mid rise\" class=\"wp-image-399\" style=\"width:250px\" srcset=\"https:\/\/serge-denim.fr\/wp-content\/uploads\/2025\/08\/FN-3002.png 400w, https:\/\/serge-denim.fr\/wp-content\/uploads\/2025\/08\/FN-3002-300x203.png 300w\" sizes=\"auto, (max-width: 400px) 100vw, 400px\" \/><figcaption class=\"wp-element-caption\">The Flat Head FN-3002 14,5oz mid rise. (Franklinandpoe.com)<\/figcaption><\/figure>\n<\/div>\n\n\n<p>Les&nbsp;jeans mid rise&nbsp;(taille mi-haute) sont des pantalons dont la ceinture se situe&nbsp;entre les hanches et le nombril, g\u00e9n\u00e9ralement juste en dessous du nombril. La mesure du \u00ab\u2009rise\u2009\u00bb (hauteur de taille) est souvent comprise entre 8 et 10&nbsp;pouces (environ 20 \u00e0 25 cm) depuis la couture de l\u2019entrejambe jusqu\u2019\u00e0 la ceinture.<\/p>\n\n\n\n<h2 class=\"wp-block-heading\"><strong>Mills<\/strong><\/h2>\n\n\n<div class=\"wp-block-image\">\n<figure class=\"alignright size-full is-resized\"><img loading=\"lazy\" decoding=\"async\" width=\"400\" height=\"228\" src=\"https:\/\/serge-denim.fr\/wp-content\/uploads\/2025\/08\/mills.png\" alt=\"Atelier de toile denim \u00e0 Kojima, pr\u00e9fecture d'Okayama.\" class=\"wp-image-401\" style=\"width:250px\" srcset=\"https:\/\/serge-denim.fr\/wp-content\/uploads\/2025\/08\/mills.png 400w, https:\/\/serge-denim.fr\/wp-content\/uploads\/2025\/08\/mills-300x171.png 300w\" sizes=\"auto, (max-width: 400px) 100vw, 400px\" \/><figcaption class=\"wp-element-caption\">Atelier de toile denim \u00e0 Kojima, pr\u00e9fecture d&rsquo;Okayama. (Apnews.com)<\/figcaption><\/figure>\n<\/div>\n\n\n<p>Les \u00ab\u2009mills\u2009\u00bb sont les fabriques o\u00f9 na\u00eet le tissu denim. Parmi les plus r\u00e9put\u00e9s figurent des \u00e9tablissements historiques am\u00e9ricains (Cone Mills White Oak), des r\u00e9f\u00e9rences japonaises tr\u00e8s artisanales (Shinya Mills, Collect Mills), et des initiatives r\u00e9centes pour maintenir la tradition aux \u00c9tats-Unis (Vidalia). Chacun a un style, une technologie et une histoire diff\u00e9rente, influen\u00e7ant le rendu final et la qualit\u00e9 du jean.<\/p>\n\n\n\n<h2 class=\"wp-block-heading\"><strong>Mod\u00e8le<\/strong><\/h2>\n\n\n<div class=\"wp-block-image\">\n<figure class=\"alignright size-full is-resized\"><img loading=\"lazy\" decoding=\"async\" width=\"400\" height=\"300\" src=\"https:\/\/serge-denim.fr\/wp-content\/uploads\/2025\/08\/momotaro-0605.jpg\" alt=\"Mod\u00e8le Momotaro 0605 18oz.\" class=\"wp-image-403\" style=\"width:250px\" srcset=\"https:\/\/serge-denim.fr\/wp-content\/uploads\/2025\/08\/momotaro-0605.jpg 400w, https:\/\/serge-denim.fr\/wp-content\/uploads\/2025\/08\/momotaro-0605-300x225.jpg 300w\" sizes=\"auto, (max-width: 400px) 100vw, 400px\" \/><figcaption class=\"wp-element-caption\">Mod\u00e8le Momotaro 0605 18oz. (DR)<\/figcaption><\/figure>\n<\/div>\n\n\n<p>Le terme&nbsp;\u00ab&nbsp;mod\u00e8le&nbsp;\u00bb fait principalement r\u00e9f\u00e9rence \u00e0 une coupe et un design pr\u00e9cis identifi\u00e9s par un num\u00e9ro ou un nom particulier, exemple le&nbsp;Momotaro 0605. Dans ce contexte,&nbsp;le mod\u00e8le&nbsp;d\u00e9signe la r\u00e9f\u00e9rence pr\u00e9cise d\u2019un jean associ\u00e9e \u00e0 une coupe, une construction et parfois une \u00e9poque particuli\u00e8re, illustr\u00e9e par des noms.<\/p>\n\n\n\n<h2 class=\"wp-block-heading\"><strong>Natural tapered<\/strong><\/h2>\n\n\n<div class=\"wp-block-image\">\n<figure class=\"alignright size-full is-resized\"><img loading=\"lazy\" decoding=\"async\" width=\"400\" height=\"273\" src=\"https:\/\/serge-denim.fr\/wp-content\/uploads\/2025\/08\/natural-tapered-1.png\" alt=\"Momotaro 0605-40 Natural Tapered 14,7oz Legacy Blue Denim.\" class=\"wp-image-406\" style=\"width:250px\" srcset=\"https:\/\/serge-denim.fr\/wp-content\/uploads\/2025\/08\/natural-tapered-1.png 400w, https:\/\/serge-denim.fr\/wp-content\/uploads\/2025\/08\/natural-tapered-1-300x205.png 300w\" sizes=\"auto, (max-width: 400px) 100vw, 400px\" \/><figcaption class=\"wp-element-caption\">Momotaro 0605-40 Natural Tapered 14,7oz Legacy Blue Denim. (Flaneurs.net)<\/figcaption><\/figure>\n<\/div>\n\n\n<p>La coupe de jean&nbsp;Natural Tapered&nbsp;d\u00e9signe une forme de pantalon en denim dont la coupe est dite \u00ab fusel\u00e9e \u00bb de mani\u00e8re naturelle.<\/p>\n\n\n\n<h2 class=\"wp-block-heading\"><strong>Nep \/ Neppy denim<\/strong><\/h2>\n\n\n<div class=\"wp-block-image\">\n<figure class=\"alignright size-full is-resized\"><img loading=\"lazy\" decoding=\"async\" width=\"400\" height=\"242\" src=\"https:\/\/serge-denim.fr\/wp-content\/uploads\/2025\/08\/neppy.png\" alt=\"Naked &amp; Famous King of Lords 23oz. \" class=\"wp-image-408\" style=\"width:250px\" srcset=\"https:\/\/serge-denim.fr\/wp-content\/uploads\/2025\/08\/neppy.png 400w, https:\/\/serge-denim.fr\/wp-content\/uploads\/2025\/08\/neppy-300x182.png 300w\" sizes=\"auto, (max-width: 400px) 100vw, 400px\" \/><figcaption class=\"wp-element-caption\">Naked &amp; Famous King of Lords 23oz. (Nakedandfamousdenim.com)<\/figcaption><\/figure>\n<\/div>\n\n\n<p>Le terme&nbsp;\u00ab\u2009Nep\u2009\u00bb ou \u00ab\u2009Neppy denim\u2009\u00bb&nbsp;d\u00e9signe un tissu denim caract\u00e9ris\u00e9 par la pr\u00e9sence de petites peluches, n\u0153uds ou amas de fibres de coton qui \u00e9mergent \u00e0 la surface du tissu. Visuellement, cela donne au denim un aspect constell\u00e9 de points blancs ou de petites \u00ab\u2009bouloches\u2009\u00bb, \u00e9voquant parfois une neige fine, ce qu\u2019on appelle souvent \u00ab\u2009snowy\u2009\u00bb denim&nbsp;<a href=\"https:\/\/borasification.com\/lexique-denim-nep-neppy\/\" target=\"_blank\" rel=\"noreferrer noopener\">75<\/a> <a href=\"https:\/\/www.wingflytextile.com\/what-is-nep-in-denim\/\" target=\"_blank\" rel=\"noreferrer noopener\">76<\/a> <a href=\"https:\/\/www.heddels.com\/2013\/09\/knowing-your-raw-denim-slub-and-nep\/\" target=\"_blank\" rel=\"noreferrer noopener\">77<\/a>.<\/p>\n\n\n\n<h2 class=\"wp-block-heading\"><strong>Non-Washed<\/strong><\/h2>\n\n\n<div class=\"wp-block-image\">\n<figure class=\"alignright size-large is-resized\"><img loading=\"lazy\" decoding=\"async\" width=\"1024\" height=\"606\" src=\"https:\/\/serge-denim.fr\/wp-content\/uploads\/2025\/08\/denime-220-1024x606.png\" alt=\"Denime Lot. 220xx 1954 Model 14oz non wash\" class=\"wp-image-510\" style=\"width:250px\" srcset=\"https:\/\/serge-denim.fr\/wp-content\/uploads\/2025\/08\/denime-220-1024x606.png 1024w, https:\/\/serge-denim.fr\/wp-content\/uploads\/2025\/08\/denime-220-300x178.png 300w, https:\/\/serge-denim.fr\/wp-content\/uploads\/2025\/08\/denime-220-768x455.png 768w, https:\/\/serge-denim.fr\/wp-content\/uploads\/2025\/08\/denime-220-624x370.png 624w, https:\/\/serge-denim.fr\/wp-content\/uploads\/2025\/08\/denime-220.png 1150w\" sizes=\"auto, (max-width: 1024px) 100vw, 1024px\" \/><figcaption class=\"wp-element-caption\">Denime Lot. 220xx 1954 Model 14oz non wash. (redcastheritage.com)<\/figcaption><\/figure>\n<\/div>\n\n\n<p>Le terme&nbsp;\u00ab\u2009Non-Washed\u2009\u00bb&nbsp;(non lav\u00e9) d\u00e9signe une&nbsp;toile ou un v\u00eatement, comme un&nbsp;jean, qui n\u2019a subi&nbsp;aucun lavage&nbsp;ni traitement&nbsp;apr\u00e8s le tissage et&nbsp;la confection. Cette appellation renvoie souvent&nbsp;\u00e0 des expressions&nbsp;comme&nbsp;raw denim&nbsp;(\u00ab\u2009denim brut\u2009\u00bb) ou pour la&nbsp;version non sanforis\u00e9e,&nbsp;loomstate.<\/p>\n\n\n\n<h2 class=\"wp-block-heading\"><strong>Okayama<\/strong><\/h2>\n\n\n<div class=\"wp-block-image\">\n<figure class=\"alignright size-full is-resized\"><img loading=\"lazy\" decoding=\"async\" width=\"727\" height=\"534\" src=\"https:\/\/serge-denim.fr\/wp-content\/uploads\/2025\/08\/okayama.png\" alt=\"Pr\u00e9fecture d'Okayama map.\" class=\"wp-image-513\" style=\"width:250px\" srcset=\"https:\/\/serge-denim.fr\/wp-content\/uploads\/2025\/08\/okayama.png 727w, https:\/\/serge-denim.fr\/wp-content\/uploads\/2025\/08\/okayama-300x220.png 300w, https:\/\/serge-denim.fr\/wp-content\/uploads\/2025\/08\/okayama-624x458.png 624w\" sizes=\"auto, (max-width: 727px) 100vw, 727px\" \/><figcaption class=\"wp-element-caption\">Pr\u00e9fecture d&rsquo;Okayama map.<\/figcaption><\/figure>\n<\/div>\n\n\n<p>Okayama est une r\u00e9gion japonaise r\u00e9put\u00e9e comme le centre historique et industriel du denim japonais. Situ\u00e9e dans la pr\u00e9fecture d\u2019Okayama, elle b\u00e9n\u00e9ficie d\u2019une longue tradition de culture du coton et d\u2019indigo, ainsi que d\u2019une eau pure id\u00e9ale pour la teinture. Le district de Kojima dans la ville de Kurashiki est le berceau du jean japonais, avec l\u2019apparition des premiers jeans dans les ann\u00e9es&nbsp;1960. Aujourd\u2019hui, plus de 90% du denim japonais y est produit, r\u00e9unissant toutes les \u00e9tapes de fabrication, du filage jusqu\u2019au lavage, dans un savoir-faire artisanal reconnu mondialement. Cette r\u00e9gion concentre \u00e0 la fois traditions ancestrales et innovations techniques. La qualit\u00e9 exceptionnelle du denim d\u2019Okayama en fait une r\u00e9f\u00e9rence incontournable dans l\u2019industrie du jean premium.<\/p>\n\n\n\n<h2 class=\"wp-block-heading\"><strong>One-Wash<\/strong><\/h2>\n\n\n<div class=\"wp-block-image\">\n<figure class=\"alignright size-full is-resized\"><img loading=\"lazy\" decoding=\"async\" width=\"400\" height=\"366\" src=\"https:\/\/serge-denim.fr\/wp-content\/uploads\/2025\/08\/one-washed.png\" alt=\"TCB Working Cat Hero Regular Straight 11,7oz one-washed. \" class=\"wp-image-717\" style=\"width:250px\" srcset=\"https:\/\/serge-denim.fr\/wp-content\/uploads\/2025\/08\/one-washed.png 400w, https:\/\/serge-denim.fr\/wp-content\/uploads\/2025\/08\/one-washed-300x275.png 300w\" sizes=\"auto, (max-width: 400px) 100vw, 400px\" \/><figcaption class=\"wp-element-caption\">TCB Working Cat Hero Regular Straight 11,7oz one-washed. (redcastheritage.com)<\/figcaption><\/figure>\n<\/div>\n\n\n<p>Le terme&nbsp;One-Wash&nbsp;d\u00e9signe un jean qui a subi un&nbsp;premier lavage industriel l\u00e9ger&nbsp;apr\u00e8s sa confection, que le tissu soit sanforis\u00e9 (pr\u00e9r\u00e9tr\u00e9ci) ou non sanforis\u00e9. Ce lavage vise principalement \u00e0&nbsp;\u00e9liminer le r\u00e9tr\u00e9cissement initial&nbsp;naturel du tissu, ainsi qu\u2019\u00e0&nbsp;adoucir le denim, tout en conservant les caract\u00e9ristiques du denim brut ou raw.<\/p>\n\n\n\n<h2 class=\"wp-block-heading\"><strong>Open-end<\/strong><\/h2>\n\n\n<div class=\"wp-block-image\">\n<figure class=\"alignright size-large is-resized\"><img loading=\"lazy\" decoding=\"async\" width=\"1024\" height=\"638\" src=\"https:\/\/serge-denim.fr\/wp-content\/uploads\/2025\/08\/open-end-1024x638.png\" alt=\"Open-end spinning\" class=\"wp-image-516\" style=\"width:250px;height:auto\" srcset=\"https:\/\/serge-denim.fr\/wp-content\/uploads\/2025\/08\/open-end-1024x638.png 1024w, https:\/\/serge-denim.fr\/wp-content\/uploads\/2025\/08\/open-end-300x187.png 300w, https:\/\/serge-denim.fr\/wp-content\/uploads\/2025\/08\/open-end-768x478.png 768w, https:\/\/serge-denim.fr\/wp-content\/uploads\/2025\/08\/open-end-624x389.png 624w, https:\/\/serge-denim.fr\/wp-content\/uploads\/2025\/08\/open-end.png 1321w\" sizes=\"auto, (max-width: 1024px) 100vw, 1024px\" \/><figcaption class=\"wp-element-caption\">Open-end spinning. (denimhunters.com)<\/figcaption><\/figure>\n<\/div>\n\n\n<p>Le terme&nbsp;open-end&nbsp;(ou open-end spinning) d\u00e9signe un proc\u00e9d\u00e9 moderne de filature utilis\u00e9 dans la fabrication des fils de coton pour le denim. Contrairement \u00e0 la filature traditionnelle dite \u00ab\u2009ring spinning\u2009\u00bb, l\u2019open-end utilise une m\u00e9thode m\u00e9canique o\u00f9 une bande de fibres appel\u00e9e sliver est envoy\u00e9e dans un rotor tournant tr\u00e8s vite. Ce rotor s\u00e9pare les fibres, les assemble et les tord pour former un fil.<\/p>\n\n\n\n<h2 class=\"wp-block-heading\" id=\"osaka-5\"><strong>Osaka&nbsp;Five<\/strong><\/h2>\n\n\n<div class=\"wp-block-image\">\n<figure class=\"alignright size-full is-resized\"><img loading=\"lazy\" decoding=\"async\" width=\"400\" height=\"254\" src=\"https:\/\/serge-denim.fr\/wp-content\/uploads\/2025\/08\/osaka-5.png\" alt=\"Jacrons des marques de l'Osaka Five.\" class=\"wp-image-520\" style=\"width:250px\" srcset=\"https:\/\/serge-denim.fr\/wp-content\/uploads\/2025\/08\/osaka-5.png 400w, https:\/\/serge-denim.fr\/wp-content\/uploads\/2025\/08\/osaka-5-300x191.png 300w\" sizes=\"auto, (max-width: 400px) 100vw, 400px\" \/><figcaption class=\"wp-element-caption\">Jacrons des marques de l&rsquo;Osaka Five. (truckerjacket.com)<\/figcaption><\/figure>\n<\/div>\n\n\n<p>Le terme&nbsp;\u00ab\u2009Osaka Five&nbsp;\u00bb&nbsp;d\u00e9signe un groupe embl\u00e9matique de cinq marques japonaises pionni\u00e8res dans la production de denim premium et de jeans en tissu selvedge, fond\u00e9es \u00e0 Osaka \u00e0 la fin des ann\u00e9es&nbsp;1970 et d\u00e9but des ann\u00e9es&nbsp;1980. Ces marques sont&nbsp;: Studio D\u2019Artisan&nbsp;(fond\u00e9e en 1979 par Shigeharu Tagaki), Evisu, Denime, Fullcount et Warehouse &amp; Co..<\/p>\n\n\n\n<p>Ensemble, elles ont jou\u00e9 un r\u00f4le fondamental en relan\u00e7ant la production artisanale du jean au Japon, avec une forte inspiration du vintage am\u00e9ricain, mais en int\u00e9grant une approche japonaise rigoureuse alliant qualit\u00e9, savoir-faire textile et innovations techniques. Elles ont contribu\u00e9 \u00e0 faire d\u2019Osaka un centre majeur et une r\u00e9f\u00e9rence mondiale du denim de haute qualit\u00e9.<\/p>\n\n\n\n<p>Cette d\u00e9marche a permis de b\u00e2tir les bases de la culture du denim japonais que l\u2019on conna\u00eet aujourd\u2019hui, valorisant des m\u00e9thodes telles que l\u2019utilisation des m\u00e9tiers \u00e0 tisser \u00e0 navette Toyoda, la teinture \u00e0 l\u2019indigo naturelle, et des finitions soign\u00e9es tr\u00e8s respectueuses du patrimoine textile.<\/p>\n\n\n\n<p>Ainsi, l\u2019\u00ab\u2009Osaka 5&nbsp;\u00bb&nbsp;est synonyme d\u2019une \u00e9poque charni\u00e8re et d\u2019un collectif de marques qui ont red\u00e9fini et popularis\u00e9 le denim japonais dans le monde entier, en partie gr\u00e2ce \u00e0 leur localisation strat\u00e9gique \u00e0 Osaka, centre n\u00e9vralgique industriel et culturel au c\u0153ur du Japon<a href=\"https:\/\/redcastheritage.com\/pages\/history-of-japanese-denim\" target=\"_blank\" rel=\"noreferrer noopener\">78<\/a> <a href=\"https:\/\/www.heddels.com\/2014\/03\/history-osaka-5\/\" target=\"_blank\" rel=\"noreferrer noopener\">79<\/a> <a href=\"https:\/\/www.truckerjacket.com\/post\/japanese-selvedge-the-history-of-the-osaka-5\" target=\"_blank\" rel=\"noreferrer noopener\">80<\/a> <a href=\"https:\/\/denimhunters.com\/the-osaka-five-blue-blooded\/\" target=\"_blank\" rel=\"noreferrer noopener\">81<\/a>.<\/p>\n\n\n\n<h2 class=\"wp-block-heading\"><strong>Outseam<\/strong><\/h2>\n\n\n<div class=\"wp-block-image\">\n<figure class=\"alignright size-full is-resized\"><img loading=\"lazy\" decoding=\"async\" width=\"709\" height=\"454\" src=\"https:\/\/serge-denim.fr\/wp-content\/uploads\/2025\/08\/outseam.jpeg\" alt=\"Mesure de l'outseam\" class=\"wp-image-709\" style=\"width:200px\" srcset=\"https:\/\/serge-denim.fr\/wp-content\/uploads\/2025\/08\/outseam.jpeg 709w, https:\/\/serge-denim.fr\/wp-content\/uploads\/2025\/08\/outseam-300x192.jpeg 300w, https:\/\/serge-denim.fr\/wp-content\/uploads\/2025\/08\/outseam-624x400.jpeg 624w\" sizes=\"auto, (max-width: 709px) 100vw, 709px\" \/><figcaption class=\"wp-element-caption\">Mesure de l&rsquo;outseam. (<em>companiondenim.com<\/em>)<\/figcaption><\/figure>\n<\/div>\n\n\n<p>L\u2019outseam&nbsp;(ou couture ext\u00e9rieure) est la mesure de la longueur totale d\u2019un pantalon ou jean prise depuis le&nbsp;haut de la ceinture jusqu\u2019au bas de la jambe, le long de l\u2019ext\u00e9rieur de la pi\u00e8ce. Pour la mesurer, on pose le pantalon \u00e0 plat, on aligne un m\u00e8tre ruban \u00e0 l\u2019ext\u00e9rieur sur la couture c\u00f4t\u00e9, du sommet de la ceinture jusqu\u2019\u00e0 l\u2019ourlet inf\u00e9rieur.<\/p>\n\n\n\n<h2 class=\"wp-block-heading\"><strong>Ozone<\/strong><\/h2>\n\n\n<div class=\"wp-block-image\">\n<figure class=\"alignright size-large is-resized\"><img loading=\"lazy\" decoding=\"async\" width=\"1024\" height=\"592\" src=\"https:\/\/serge-denim.fr\/wp-content\/uploads\/2025\/08\/Capture-decran-2025-08-31-144055-1024x592.png\" alt=\"Machine de traitement \u00e0 l'ozone. \" class=\"wp-image-712\" style=\"width:202px;height:auto\" srcset=\"https:\/\/serge-denim.fr\/wp-content\/uploads\/2025\/08\/Capture-decran-2025-08-31-144055-1024x592.png 1024w, https:\/\/serge-denim.fr\/wp-content\/uploads\/2025\/08\/Capture-decran-2025-08-31-144055-300x173.png 300w, https:\/\/serge-denim.fr\/wp-content\/uploads\/2025\/08\/Capture-decran-2025-08-31-144055-768x444.png 768w, https:\/\/serge-denim.fr\/wp-content\/uploads\/2025\/08\/Capture-decran-2025-08-31-144055-624x361.png 624w, https:\/\/serge-denim.fr\/wp-content\/uploads\/2025\/08\/Capture-decran-2025-08-31-144055.png 1090w\" sizes=\"auto, (max-width: 1024px) 100vw, 1024px\" \/><figcaption class=\"wp-element-caption\">Machine de traitement \u00e0 l&rsquo;ozone. (lesteinturesdefrance.com)<\/figcaption><\/figure>\n<\/div>\n\n\n<p>Le terme&nbsp;\u00ab&nbsp;Ozone&nbsp;\u00bb, dans le contexte du denim, fait r\u00e9f\u00e9rence \u00e0 un proc\u00e9d\u00e9 de finition \u00e9cologique et innovant utilis\u00e9 pour d\u00e9colorer ou \u00ab\u2009bleacher\u2009\u00bb les jeans. Le traitement \u00e0 l\u2019ozone consiste \u00e0 exposer les v\u00eatements en denim \u00e0 une atmosph\u00e8re riche en ozone (O3), souvent dans une machine d\u00e9di\u00e9e, o\u00f9 l\u2019ozone agit comme un agent oxydant puissant capable de d\u00e9composer les pigments indigo du tissu sans alt\u00e9rer significativement la solidit\u00e9 des fibres.<\/p>\n\n\n\n<h2 class=\"wp-block-heading\"><strong>Patch<\/strong><\/h2>\n\n\n<div class=\"wp-block-image\">\n<figure class=\"alignright size-full is-resized\"><img loading=\"lazy\" decoding=\"async\" width=\"400\" height=\"336\" src=\"https:\/\/serge-denim.fr\/wp-content\/uploads\/2025\/08\/fullcount-1.png\" alt=\"Patch Fullcount 0105 - Wide Denim 13,7oz.\" class=\"wp-image-714\" style=\"width:200px\" srcset=\"https:\/\/serge-denim.fr\/wp-content\/uploads\/2025\/08\/fullcount-1.png 400w, https:\/\/serge-denim.fr\/wp-content\/uploads\/2025\/08\/fullcount-1-300x252.png 300w\" sizes=\"auto, (max-width: 400px) 100vw, 400px\" \/><figcaption class=\"wp-element-caption\">Patch Fullcount 0105 &#8211; Wide Denim 13,7oz. (fullcount.co)<\/figcaption><\/figure>\n<\/div>\n\n\n<p>Le terme&nbsp;patch&nbsp;ou jacron d\u00e9signe g\u00e9n\u00e9ralement une pi\u00e8ce de tissu ou de cuir cousue sur un jean, souvent plac\u00e9e \u00e0 l\u2019arri\u00e8re au niveau de la ceinture, \u00e0 la fois pour renforcer, d\u00e9corer ou identifier une marque.<\/p>\n\n\n\n<h2 class=\"wp-block-heading\"><strong>Peek-a-boo<\/strong><\/h2>\n\n\n<div class=\"wp-block-image\">\n<figure class=\"alignright size-full is-resized\"><img loading=\"lazy\" decoding=\"async\" width=\"400\" height=\"300\" src=\"https:\/\/serge-denim.fr\/wp-content\/uploads\/2025\/08\/Peek-a-boo.jpg\" alt=\"Peek-a-boo, The Strike Gold SG3109 17oz. \" class=\"wp-image-721\" style=\"width:200px\" srcset=\"https:\/\/serge-denim.fr\/wp-content\/uploads\/2025\/08\/Peek-a-boo.jpg 400w, https:\/\/serge-denim.fr\/wp-content\/uploads\/2025\/08\/Peek-a-boo-300x225.jpg 300w\" sizes=\"auto, (max-width: 400px) 100vw, 400px\" \/><figcaption class=\"wp-element-caption\">Peek-a-boo, The Strike Gold SG3109 17oz. (DR)<\/figcaption><\/figure>\n<\/div>\n\n\n<p>Le \u00ab\u2009Peek-a-boo&nbsp;\u00bb&nbsp;d\u00e9signe la pr\u00e9sence cach\u00e9e de la lisi\u00e8re selvedge dans la poche \u00e0 montre du jean, visible uniquement pour qui sait la chercher, signe distinctif chez les connaisseurs et collectionneurs de denim.<\/p>\n\n\n\n<h2 class=\"wp-block-heading\"><strong>Poids (en oz)<\/strong><\/h2>\n\n\n<div class=\"wp-block-image\">\n<figure class=\"alignright size-full is-resized\"><img loading=\"lazy\" decoding=\"async\" width=\"400\" height=\"286\" src=\"https:\/\/serge-denim.fr\/wp-content\/uploads\/2025\/08\/naked-and-famous32oz.png\" alt=\"Naked &amp; Famous Denim Super Heavyweight 32oz. \" class=\"wp-image-725\" style=\"width:200px\" srcset=\"https:\/\/serge-denim.fr\/wp-content\/uploads\/2025\/08\/naked-and-famous32oz.png 400w, https:\/\/serge-denim.fr\/wp-content\/uploads\/2025\/08\/naked-and-famous32oz-300x215.png 300w\" sizes=\"auto, (max-width: 400px) 100vw, 400px\" \/><figcaption class=\"wp-element-caption\">Naked &amp; Famous Denim Super Heavyweight 32oz. (tateandyoko.com)<\/figcaption><\/figure>\n<\/div>\n\n\n<p>Le poids du denim, souvent indiqu\u00e9 en onces (oz), correspond au poids d\u2019un m\u00e8tre carr\u00e9 de tissu. En textile, surtout pour les jeans, 1 oz \u00e9quivaut environ \u00e0 28&nbsp;grammes au m\u00e8tre carr\u00e9. Le poids influence l\u2019\u00e9paisseur, la rigidit\u00e9 et la durabilit\u00e9 du jean.<\/p>\n\n\n\n<ul class=\"wp-block-list\">\n<li>Denim l\u00e9ger&nbsp;: 5 \u00e0 10 oz\/m\u00b2, souvent utilis\u00e9es pour des v\u00eatements l\u00e9gers comme chemises ou jeans d\u2019\u00e9t\u00e9.<\/li>\n\n\n\n<li>Denim moyen&nbsp;: 12 \u00e0 14 oz\/m\u00b2, c\u2019est la gamme la plus courante pour les jeans quotidiens (ex. Levi\u2019s&nbsp;501 autour de 12 oz).<\/li>\n\n\n\n<li>enim lourd&nbsp;: 16 oz et plus, pour des jeans tr\u00e8s \u00e9pais, durables et chauds. Certains denims extr\u00eames peuvent aller jusqu\u2019\u00e0 22 oz voire 32 oz, mais ils sont rares et tr\u00e8s rigides.<\/li>\n<\/ul>\n\n\n\n<p>Par exemple, un jean en denim 13,5 oz est consid\u00e9r\u00e9 comme un poids moyen \u00e0 lourd, id\u00e9al pour un bon \u00e9quilibre entre r\u00e9sistance et confort <a href=\"https:\/\/sanvt.com\/fr\/blogs\/journal\/demim-oz-guide\" target=\"_blank\" rel=\"noreferrer noopener\">82<\/a> <a href=\"https:\/\/borasification.com\/lexique-denim-poids\/\" target=\"_blank\" rel=\"noreferrer noopener\">83<\/a> <a href=\"https:\/\/bonnegueule.fr\/blogs\/medias\/conseils-comment-choisir-porter-jean-qualite\" target=\"_blank\" rel=\"noreferrer noopener\">84<\/a> <a href=\"https:\/\/www.dalstonmillfabrics.co.uk\/fabric-blog\/denim-weight-conversion-oz-to-gsm\" target=\"_blank\" rel=\"noreferrer noopener\">85<\/a> <a href=\"https:\/\/verygoodlord.com\/comment-bien-choisir-jean-selvedge-homme\/\" target=\"_blank\" rel=\"noreferrer noopener\">86<\/a>.<\/p>\n\n\n\n<h2 class=\"wp-block-heading\"><strong>Point de cha\u00eenette \/ Chainstitch<\/strong><\/h2>\n\n\n<div class=\"wp-block-image\">\n<figure class=\"alignright size-full is-resized\"><img loading=\"lazy\" decoding=\"async\" width=\"400\" height=\"228\" src=\"https:\/\/serge-denim.fr\/wp-content\/uploads\/2025\/08\/point-de-chainette-1.png\" alt=\"Point de cha\u00eenette - Chainstitch\" class=\"wp-image-729\" style=\"width:200px\" srcset=\"https:\/\/serge-denim.fr\/wp-content\/uploads\/2025\/08\/point-de-chainette-1.png 400w, https:\/\/serge-denim.fr\/wp-content\/uploads\/2025\/08\/point-de-chainette-1-300x171.png 300w\" sizes=\"auto, (max-width: 400px) 100vw, 400px\" \/><figcaption class=\"wp-element-caption\">Point de cha\u00eenette, The Strike Gold SG3109 17oz. (DR)<\/figcaption><\/figure>\n<\/div>\n\n\n<p>Le&nbsp;point de cha\u00eenette (ou chainstitch)&nbsp;est un type de point de couture form\u00e9 par une succession de boucles qui s\u2019encha\u00eenent les unes aux autres, cr\u00e9ant ainsi une ligne continue de petits maillons similaires \u00e0 une cha\u00eene. Ce point est souvent utilis\u00e9 pour des finitions robustes, notamment pour terminer le bas des jeans (ourlets) ou dans des travaux d\u2019ornementation et de broderie.<\/p>\n\n\n\n<p>En couture de denim, le point de cha\u00eenette est particulier, car il est r\u00e9alis\u00e9 avec un seul fil qui forme une cha\u00eene de boucles \u00e0 l\u2019envers du tissu. Ce type de point a une certaine \u00e9lasticit\u00e9 et peut pr\u00e9senter une tension in\u00e9gale qui provoque un effet de d\u00e9lavage caract\u00e9ristique au fil du temps, appel\u00e9 \u00ab\u2009roping\u2009\u00bb ou effet de cordage, tr\u00e8s recherch\u00e9 par les amateurs de denim vintage&nbsp;<a href=\"https:\/\/borasification.com\/lexique-denim-point-de-chainette-chain-stitch\/\" target=\"_blank\" rel=\"noreferrer noopener\">87<\/a>.<\/p>\n\n\n\n<p>Ce point est souvent r\u00e9alis\u00e9 avec des machines sp\u00e9cifiques anciennes, comme celles de la marque Union Special, devenues rares. Il s\u2019agit d\u2019un signe de qualit\u00e9 et d\u2019authenticit\u00e9 sur les jeans haut de gamme.<\/p>\n\n\n\n<p class=\"has-text-align-right\"><a href=\"#ligne\">Haut de page<\/a><\/p>\n\n\n\n<h1 class=\"wp-block-heading\" id=\"q-t\"><strong><strong>Q \u2014 T<\/strong><\/strong><\/h1>\n\n\n\n<h2 class=\"wp-block-heading\"><strong>Raffi<\/strong><\/h2>\n\n\n<div class=\"wp-block-image\">\n<figure class=\"alignright size-full is-resized\"><img loading=\"lazy\" decoding=\"async\" width=\"400\" height=\"419\" src=\"https:\/\/serge-denim.fr\/wp-content\/uploads\/2025\/09\/raffi.png\" alt=\"Coton Raffi\" class=\"wp-image-821\" style=\"width:200px\" srcset=\"https:\/\/serge-denim.fr\/wp-content\/uploads\/2025\/09\/raffi.png 400w, https:\/\/serge-denim.fr\/wp-content\/uploads\/2025\/09\/raffi-286x300.png 286w\" sizes=\"auto, (max-width: 400px) 100vw, 400px\" \/><figcaption class=\"wp-element-caption\">Coton Raffi. (sanjosilk.com)<\/figcaption><\/figure>\n<\/div>\n\n\n<p>Le coton \u00ab\u00a0raffi\u00a0\u00bb utilis\u00e9 dans le denim notamment Ishikawadai est un type particulier de coton recycl\u00e9 qui provient du r\u00e9emploi de \u201cfaux coton\u201d ou \u201ccotton waste\u201d g\u00e9n\u00e9r\u00e9 lors de la fabrication du fil. Ce coton raffi est fabriqu\u00e9 \u00e0 partir de fibres rejet\u00e9es ou non conformes, r\u00e9cup\u00e9r\u00e9es et r\u00e9utilis\u00e9es pour produire un fil unique.<\/p>\n\n\n\n<p>Ce fil raffi est fil\u00e9 sur des machines \u00e0 filer anciennes, en particulier la machine Ishikawadai des ann\u00e9es 1950-60, qui filait le coton \u00e0 une vitesse trois fois plus lente que les machines modernes. Cette lenteur de filage, combin\u00e9e \u00e0 la r\u00e9utilisation de ces fibres recycl\u00e9es, donne un fil avec une texture irr\u00e9guli\u00e8re et naturelle, appel\u00e9e \u201cuneven yarn\u201d. Ce fil est moins uniforme, avec des variations et des asp\u00e9rit\u00e9s qui rappellent les fils artisanaux d\u2019\u00e9poque. Cette irr\u00e9gularit\u00e9 permet au denim d\u2019avoir une texture plus vivante, plus douce, et un toucher agr\u00e9able, tout en restant l\u00e9ger et confortable \u00e0 porter.<\/p>\n\n\n\n<h2 class=\"wp-block-heading\" id=\"ransei\"><strong>Ransei<\/strong><\/h2>\n\n\n<div class=\"wp-block-image\">\n<figure class=\"alignright size-full is-resized\"><img loading=\"lazy\" decoding=\"async\" width=\"865\" height=\"599\" src=\"https:\/\/serge-denim.fr\/wp-content\/uploads\/2025\/09\/ransei.png\" alt=\"Big John R009 (000) &quot;Rare&quot; Ransei 15,5oz.\" class=\"wp-image-824\" style=\"width:200px\" srcset=\"https:\/\/serge-denim.fr\/wp-content\/uploads\/2025\/09\/ransei.png 865w, https:\/\/serge-denim.fr\/wp-content\/uploads\/2025\/09\/ransei-300x208.png 300w, https:\/\/serge-denim.fr\/wp-content\/uploads\/2025\/09\/ransei-768x532.png 768w, https:\/\/serge-denim.fr\/wp-content\/uploads\/2025\/09\/ransei-624x432.png 624w\" sizes=\"auto, (max-width: 865px) 100vw, 865px\" \/><figcaption class=\"wp-element-caption\">Big John R009 (000) \u00ab\u00a0Rare\u00a0\u00bb Ransei 15,5oz. (bigjohn-jeans.com)<\/figcaption><\/figure>\n<\/div>\n\n\n<p>Le terme&nbsp;Ransei&nbsp;fait r\u00e9f\u00e9rence \u00e0 un type de toile embl\u00e9matique utilis\u00e9e principalement dans la gamme \u00ab\u2009RARE\u2009\u00bb de la marque japonaise Big John. Ransei&nbsp;signifie litt\u00e9ralement \u00ab\u2009ma\u00eetre de l\u2019indigo\u2009\u00bb en japonais et fait r\u00e9f\u00e9rence \u00e0 Yasushi Sakamoto, teinturier renomm\u00e9 qui a aid\u00e9 Big John \u00e0 d\u00e9velopper une teinture indigo exclusive. Le denim Ransei est un tissu selvedge japonais brut, non sanforis\u00e9 (shrink-to-fit), de 15,5oz, tiss\u00e9 \u00e0 partir de coton am\u00e9ricain (souvent m\u00e9lang\u00e9 de deux vari\u00e9t\u00e9s pour plus de texture) <a href=\"https:\/\/www.themiyamotodivision.com\/products\/big-john-rare-slim\" target=\"_blank\" rel=\"noreferrer noopener\">88<\/a> <a href=\"https:\/\/hinoya.shop\/en-th\/collections\/big-john\/products\/r009\" target=\"_blank\" rel=\"noreferrer noopener\">89<\/a> <a href=\"https:\/\/denimhunters.com\/big-john-rare\/\" target=\"_blank\" rel=\"noreferrer noopener\">90<\/a> <a href=\"https:\/\/stuf-f.com\/en\/products\/big-john-rare-r008\" target=\"_blank\" rel=\"noreferrer noopener\">91<\/a>. En r\u00e9sum\u00e9,&nbsp;Ransei&nbsp;d\u00e9signe \u00e0 la fois un hommage \u00e0 l\u2019artisanat de la teinture indigo et une toile premium, synonyme d\u2019excellence et de tradition dans l\u2019univers du denim japonais&nbsp;<a href=\"https:\/\/www.themiyamotodivision.com\/products\/big-john-rare-slim\" target=\"_blank\" rel=\"noreferrer noopener\">92<\/a> <a href=\"https:\/\/hinoya.shop\/en-th\/collections\/big-john\/products\/r009\" target=\"_blank\" rel=\"noreferrer noopener\">93<\/a> <a href=\"https:\/\/denimhunters.com\/big-john-rare\/\" target=\"_blank\" rel=\"noreferrer noopener\">94<\/a> <a href=\"https:\/\/stuf-f.com\/en\/products\/big-john-rare-r008\" target=\"_blank\" rel=\"noreferrer noopener\">95<\/a>.<\/p>\n\n\n\n<h2 class=\"wp-block-heading\"><strong>Raw Denim<\/strong><\/h2>\n\n\n<div class=\"wp-block-image\">\n<figure class=\"alignright size-full is-resized\"><img loading=\"lazy\" decoding=\"async\" width=\"400\" height=\"227\" src=\"https:\/\/serge-denim.fr\/wp-content\/uploads\/2025\/09\/raw.png\" alt=\"Denime Lot 224-66 (66MODEL) Ram Ishikawadai Raffi coton 14,5oz.\" class=\"wp-image-828\" style=\"width:250px\" srcset=\"https:\/\/serge-denim.fr\/wp-content\/uploads\/2025\/09\/raw.png 400w, https:\/\/serge-denim.fr\/wp-content\/uploads\/2025\/09\/raw-300x170.png 300w\" sizes=\"auto, (max-width: 400px) 100vw, 400px\" \/><figcaption class=\"wp-element-caption\">Denime Lot 224-66 (66MODEL) Ram Ishikawadai Raffi coton 14,5oz. (ware-house.co.jp)<\/figcaption><\/figure>\n<\/div>\n\n\n<p>Le&nbsp;raw denim&nbsp;(ou denim brut) d\u00e9signe un tissu denim qui n\u2019a subi aucun lavage ni traitement chimique apr\u00e8s sa teinture. Ce denim est livr\u00e9 dans son \u00e9tat naturel, tr\u00e8s rigide et ferme au toucher en raison de l\u2019amidon ou d\u2019une substance similaire utilis\u00e9e pour le raidir lors de la fabrication. Contrairement aux jeans pr\u00e9lav\u00e9s vendus dans la plupart des magasins, les jeans en raw denim sont tr\u00e8s fonc\u00e9s, souvent d\u2019un indigo profond et uniforme, et ils conservent toute leur couleur initiale&nbsp;<a href=\"https:\/\/www.levi.com\/CH\/en\/blog\/article\/what-is-raw-denim\" target=\"_blank\" rel=\"noreferrer noopener\">96<\/a> <a href=\"https:\/\/www.vogue.com\/slideshow\/raw-denim\" target=\"_blank\" rel=\"noreferrer noopener\">97<\/a> <a href=\"https:\/\/denimhunters.com\/denim-wiki\/denim-explained\/raw-denim\/\" target=\"_blank\" rel=\"noreferrer noopener\">98<\/a>. Le&nbsp;raw denim non pr\u00e9r\u00e9tr\u00e9ci, aussi appel\u00e9 \u00ab\u2009unsanforized\u2009\u00bb ou \u00ab\u2009shrink-to-fit\u2009\u00bb, subit un r\u00e9tr\u00e9cissement naturel important au contact de l\u2019eau, entre&nbsp;5% et 12%&nbsp;en moyenne.<\/p>\n\n\n\n<p>Le principal int\u00e9r\u00eat du raw denim est qu\u2019il vieillit et se patine avec le temps et l\u2019usage, s\u2019adaptant \u00e0 la morphologie de celui qui le porte et d\u00e9veloppant des marques d\u2019usure uniques qui racontent une histoire personnelle&nbsp;<a href=\"https:\/\/www.levi.com\/CH\/en\/blog\/article\/what-is-raw-denim\" target=\"_blank\" rel=\"noreferrer noopener\">97<\/a> <a href=\"https:\/\/denimhunters.com\/denim-wiki\/denim-explained\/raw-denim\/\" target=\"_blank\" rel=\"noreferrer noopener\">98<\/a> <a href=\"https:\/\/danali.ca\/blogs\/news\/what-is-raw-denim\" target=\"_blank\" rel=\"noreferrer noopener\">99<\/a> <a href=\"https:\/\/toddshelton.com\/blog\/jeans\/what-is-raw-denim-jeans\" target=\"_blank\" rel=\"noreferrer noopener\">100<\/a>.<\/p>\n\n\n\n<h2 class=\"wp-block-heading\"><strong>Red tab<\/strong><\/h2>\n\n\n<div class=\"wp-block-image\">\n<figure class=\"alignright size-full is-resized\"><img loading=\"lazy\" decoding=\"async\" width=\"400\" height=\"400\" src=\"https:\/\/serge-denim.fr\/wp-content\/uploads\/2025\/09\/red-tab.jpg\" alt=\"Red Tab Levis\" class=\"wp-image-831\" style=\"width:250px\" srcset=\"https:\/\/serge-denim.fr\/wp-content\/uploads\/2025\/09\/red-tab.jpg 400w, https:\/\/serge-denim.fr\/wp-content\/uploads\/2025\/09\/red-tab-300x300.jpg 300w, https:\/\/serge-denim.fr\/wp-content\/uploads\/2025\/09\/red-tab-150x150.jpg 150w\" sizes=\"auto, (max-width: 400px) 100vw, 400px\" \/><figcaption class=\"wp-element-caption\">Red Tab Levi&rsquo;s. (long-john.nl)<\/figcaption><\/figure>\n<\/div>\n\n\n<p>Le&nbsp;Red Tab&nbsp;de Levi\u2019s est un petit onglet en tissu rouge cousu sur la poche arri\u00e8re droite des jeans, introduits en&nbsp;1936&nbsp;par Levi Strauss &amp; Co. Son objectif principal \u00e9tait de distinguer facilement les jeans Levi\u2019s parmi la concurrence, en particulier au niveau de la reconnaissance visuelle \u00e0 distance. Cette id\u00e9e est venue de Chris Lucier, le directeur national des ventes, qui a choisi le rouge pour avoir un contraste fort avec le denim bleu. Le nom \u00ab\u2009LEVI\u2019S\u2009\u00bb est brod\u00e9 en blanc sur ce Red Tab, qui est devenu une v\u00e9ritable ic\u00f4ne de la marque&nbsp;<a href=\"https:\/\/www.levistrauss.com\/2021\/09\/01\/85-years-of-the-levis-red-tab\/\" target=\"_blank\" rel=\"noreferrer noopener\">101<\/a> <a href=\"https:\/\/denimdudes.co\/the-levis-red-tab-through-the-ages\/\" target=\"_blank\" rel=\"noreferrer noopener\">102<\/a> <a href=\"https:\/\/long-john.nl\/the-complete-levis-red-tab-collectors-guide\/\" target=\"_blank\" rel=\"noreferrer noopener\">103<\/a> <a href=\"https:\/\/www.beyondretro.com\/blogs\/news\/a-guide-to-levis-tabs\" target=\"_blank\" rel=\"noreferrer noopener\">105<\/a> <a href=\"https:\/\/blessdenim.com\/why-is-there-a-red-tab-on-every-pair-of-levis-jeans\/\" target=\"_blank\" rel=\"noreferrer noopener\">106<\/a>.<\/p>\n\n\n\n<h2 class=\"wp-block-heading\"><strong>Regular<\/strong><\/h2>\n\n\n<div class=\"wp-block-image\">\n<figure class=\"alignright size-full is-resized\"><img loading=\"lazy\" decoding=\"async\" width=\"400\" height=\"261\" src=\"https:\/\/serge-denim.fr\/wp-content\/uploads\/2025\/09\/regular.png\" alt=\"Studio D'Artisan D1891 13oz. \" class=\"wp-image-837\" style=\"width:250px\" srcset=\"https:\/\/serge-denim.fr\/wp-content\/uploads\/2025\/09\/regular.png 400w, https:\/\/serge-denim.fr\/wp-content\/uploads\/2025\/09\/regular-300x196.png 300w\" sizes=\"auto, (max-width: 400px) 100vw, 400px\" \/><figcaption class=\"wp-element-caption\">Studio D&rsquo;Artisan D1891 13oz. (flaneurs.net)<\/figcaption><\/figure>\n<\/div>\n\n\n<p>Le terme&nbsp;Regular&nbsp;d\u00e9signe une&nbsp;coupe droite classique&nbsp;du jean. Cette coupe est caract\u00e9ris\u00e9e par une forme droite de la taille aux chevilles, offrant un bon \u00e9quilibre entre confort et style intemporel. Le jean Regular n\u2019est ni trop serr\u00e9 ni trop large, il propose suffisamment d\u2019espace aux hanches et aux cuisses.<\/p>\n\n\n\n<h2 class=\"wp-block-heading\"><strong>Regular tapered<\/strong><\/h2>\n\n\n<div class=\"wp-block-image\">\n<figure class=\"alignright size-full is-resized\"><img loading=\"lazy\" decoding=\"async\" width=\"366\" height=\"226\" src=\"https:\/\/serge-denim.fr\/wp-content\/uploads\/2025\/09\/regular-tapered-1.png\" alt=\"Hatski 22002 Jean Regular Tapered 15,6oz.\" class=\"wp-image-834\" style=\"width:250px\" srcset=\"https:\/\/serge-denim.fr\/wp-content\/uploads\/2025\/09\/regular-tapered-1.png 366w, https:\/\/serge-denim.fr\/wp-content\/uploads\/2025\/09\/regular-tapered-1-300x185.png 300w\" sizes=\"auto, (max-width: 366px) 100vw, 366px\" \/><figcaption class=\"wp-element-caption\">Hatski 22002 Jean Regular Tapered 15,6oz. (royalcheese.com)<\/figcaption><\/figure>\n<\/div>\n\n\n<p>Le terme&nbsp;regular tapered&nbsp;combine deux principales caract\u00e9ristiques\u202f: un ajustement classique au niveau de la taille et des cuisses (comme une coupe regular\/classique) et un fuseau progressif \u00e0 partir du genou jusqu\u2019\u00e0 la cheville (tapered, c\u2019est-\u00e0-dire resserr\u00e9). Le pantalon jean poss\u00e8de une largeur standard au niveau des hanches et des cuisses, sans \u00eatre trop serr\u00e9 ni trop large. La coupe devient de plus en plus ajust\u00e9e lorsque l\u2019on descend vers la cheville, ce qui affine la jambe sans l\u2019effet moulant d\u2019un slim. Id\u00e9ale pour ceux qui pr\u00e9f\u00e8rent le confort d\u2019une coupe droite mais recherchent une silhouette modernis\u00e9e avec une cheville plus nette. Le regular tapered est un entre-deux entre le regular fit (droit du haut en bas) et le slim tapered.<\/p>\n\n\n\n<h2 class=\"wp-block-heading\"><strong>Relaxed tapered<\/strong><\/h2>\n\n\n<div class=\"wp-block-image\">\n<figure class=\"alignright size-full is-resized\"><img loading=\"lazy\" decoding=\"async\" width=\"400\" height=\"192\" src=\"https:\/\/serge-denim.fr\/wp-content\/uploads\/2025\/09\/Relaxed-tapered-1.png\" alt=\"Pure Blue Japan PBE-019 Relaxed Tapered 17,5oz.\" class=\"wp-image-840\" style=\"width:250px\" srcset=\"https:\/\/serge-denim.fr\/wp-content\/uploads\/2025\/09\/Relaxed-tapered-1.png 400w, https:\/\/serge-denim.fr\/wp-content\/uploads\/2025\/09\/Relaxed-tapered-1-300x144.png 300w\" sizes=\"auto, (max-width: 400px) 100vw, 400px\" \/><figcaption class=\"wp-element-caption\">Pure Blue Japan PBE-019 Relaxed Tapered 17,5oz. (okayamadenim.com)<\/figcaption><\/figure>\n<\/div>\n\n\n<p>Le relaxed tapered&nbsp;allie deux caract\u00e9ristiques principales\u202f: une grande aisance au niveau de la taille, des hanches et des cuisses (relaxed fit) et une jambe qui se r\u00e9tr\u00e9cit progressivement \u00e0 partir du genou jusqu\u2019\u00e0 la cheville (tapered).Le pantalon est coup\u00e9 large au niveau du bassin et des cuisses, apportant une sensation d\u2019aisance et de libert\u00e9, parfaitement adapt\u00e9e \u00e0 ceux qui recherchent plus d\u2019espace sans effet moulant. A partir du genou, la coupe devient plus ajust\u00e9e, affinant la silhouette au niveau du bas de la jambe mais sans jamais coller \u00e0 la peau.<\/p>\n\n\n\n<h2 class=\"wp-block-heading\"><strong>Rear Rise\/ Back rise<\/strong><\/h2>\n\n\n<div class=\"wp-block-image\">\n<figure class=\"alignright size-full is-resized\"><img loading=\"lazy\" decoding=\"async\" width=\"400\" height=\"275\" src=\"https:\/\/serge-denim.fr\/wp-content\/uploads\/2025\/09\/Rear-Rise-Back-rise.png\" alt=\"Mesure du back rise\" class=\"wp-image-843\" style=\"width:250px\" srcset=\"https:\/\/serge-denim.fr\/wp-content\/uploads\/2025\/09\/Rear-Rise-Back-rise.png 400w, https:\/\/serge-denim.fr\/wp-content\/uploads\/2025\/09\/Rear-Rise-Back-rise-300x206.png 300w\" sizes=\"auto, (max-width: 400px) 100vw, 400px\" \/><figcaption class=\"wp-element-caption\">Mesure du Back rise. (dc4.de)<\/figcaption><\/figure>\n<\/div>\n\n\n<p>Le&nbsp;rear rise&nbsp;(ou back rise) d\u2019un jean correspond \u00e0 la distance mesur\u00e9e entre la couture de l\u2019entrejambe (crotch seam) et le haut de la ceinture au dos du pantalon, le long de la partie arri\u00e8re. C\u2019est une mesure cl\u00e9 qui d\u00e9termine o\u00f9 le jean va s\u2019asseoir \u00e0 l\u2019arri\u00e8re du corps, plus pr\u00e9cis\u00e9ment sur la taille, et donc influence le confort et l\u2019ajustement autour des fesses et du bas du dos.<\/p>\n\n\n\n<h2 class=\"wp-block-heading\"><strong>Ring spinning machine<\/strong><\/h2>\n\n\n<div class=\"wp-block-image\">\n<figure class=\"alignright size-full is-resized\"><img loading=\"lazy\" decoding=\"async\" width=\"400\" height=\"263\" src=\"https:\/\/serge-denim.fr\/wp-content\/uploads\/2025\/09\/Ring-spinning-machine.png\" alt=\"Ring spinning machine in the 1920s\" class=\"wp-image-847\" style=\"width:250px\" srcset=\"https:\/\/serge-denim.fr\/wp-content\/uploads\/2025\/09\/Ring-spinning-machine.png 400w, https:\/\/serge-denim.fr\/wp-content\/uploads\/2025\/09\/Ring-spinning-machine-300x197.png 300w\" sizes=\"auto, (max-width: 400px) 100vw, 400px\" \/><figcaption class=\"wp-element-caption\">Ring spinning machine in the 1920s. (Wikipedia)<\/figcaption><\/figure>\n<\/div>\n\n\n<p>La&nbsp;machine de ring spinning&nbsp;(filature \u00e0 anneaux) est une technologie industrielle utilis\u00e9e pour transformer des fibres, notamment du coton, en fils de haute qualit\u00e9, tr\u00e8s pris\u00e9e dans la fabrication du denim haut de gamme.<\/p>\n\n\n\n<h2 class=\"wp-block-heading\"><strong>Rinse<\/strong><\/h2>\n\n\n<div class=\"wp-block-image\">\n<figure class=\"alignright size-full is-resized\"><img loading=\"lazy\" decoding=\"async\" width=\"400\" height=\"224\" src=\"https:\/\/serge-denim.fr\/wp-content\/uploads\/2025\/09\/rinse.png\" alt=\"Rinse - Normal Wash\" class=\"wp-image-849\" style=\"width:250px\" srcset=\"https:\/\/serge-denim.fr\/wp-content\/uploads\/2025\/09\/rinse.png 400w, https:\/\/serge-denim.fr\/wp-content\/uploads\/2025\/09\/rinse-300x168.png 300w\" sizes=\"auto, (max-width: 400px) 100vw, 400px\" \/><figcaption class=\"wp-element-caption\">Rinse &#8211; Normal Wash. (lydenim.com)<\/figcaption><\/figure>\n<\/div>\n\n\n<p>Le terme&nbsp;\u00ab\u2009rinse\u2009\u00bb&nbsp;d\u00e9signe un type de finition ou traitement appliqu\u00e9 au jean pour lui donner un aspect l\u00e9g\u00e8rement d\u00e9lav\u00e9 et assoupli. le&nbsp;rinse&nbsp;est un lavage simple et doux du denim qui permet de fixer et stabiliser la couleur tout en assouplissant le tissu, offrant un look propre, naturel et l\u00e9g\u00e8rement d\u00e9lav\u00e9.<\/p>\n\n\n\n<h2 class=\"wp-block-heading\"><strong>Right-hand Twill<\/strong><\/h2>\n\n\n<div class=\"wp-block-image\">\n<figure class=\"alignright size-full is-resized\"><img loading=\"lazy\" decoding=\"async\" width=\"400\" height=\"196\" src=\"https:\/\/serge-denim.fr\/wp-content\/uploads\/2025\/09\/right-hand-twill.jpg\" alt=\"Right-hand Twill Sugar Cane 2021 Model 14,25oz. \" class=\"wp-image-853\" style=\"width:250px\" srcset=\"https:\/\/serge-denim.fr\/wp-content\/uploads\/2025\/09\/right-hand-twill.jpg 400w, https:\/\/serge-denim.fr\/wp-content\/uploads\/2025\/09\/right-hand-twill-300x147.jpg 300w\" sizes=\"auto, (max-width: 400px) 100vw, 400px\" \/><figcaption class=\"wp-element-caption\">Right-hand Twill Sugar Cane 2021 Model 14,25oz. DR<\/figcaption><\/figure>\n<\/div>\n\n\n<p>Le&nbsp;Right-hand Twill (RHT)&nbsp;d\u00e9signe un type d\u2019armure de tissage utilis\u00e9 pour fabriquer le tissu denim, caract\u00e9ris\u00e9 par une texture diagonale (serg\u00e9) qui s\u2019incline vers la droite (dans le sens des aiguilles d\u2019une montre).<\/p>\n\n\n\n<h2 class=\"wp-block-heading\"><strong>Rivets<\/strong><\/h2>\n\n\n<div class=\"wp-block-image\">\n<figure class=\"alignright size-full is-resized\"><img loading=\"lazy\" decoding=\"async\" width=\"400\" height=\"300\" src=\"https:\/\/serge-denim.fr\/wp-content\/uploads\/2025\/09\/rivets.jpg\" alt=\"Rivets Pure Blue Japan WSB-019 16oz.\" class=\"wp-image-856\" style=\"width:250px\" srcset=\"https:\/\/serge-denim.fr\/wp-content\/uploads\/2025\/09\/rivets.jpg 400w, https:\/\/serge-denim.fr\/wp-content\/uploads\/2025\/09\/rivets-300x225.jpg 300w\" sizes=\"auto, (max-width: 400px) 100vw, 400px\" \/><figcaption class=\"wp-element-caption\">Rivets Pure Blue Japan WSB-019 16oz. DR<\/figcaption><\/figure>\n<\/div>\n\n\n<p>Les&nbsp;rivets&nbsp;sur les jeans sont de petites pi\u00e8ces m\u00e9talliques, g\u00e9n\u00e9ralement en cuivre ou en acier, plac\u00e9 aux points de tension critiques, comme les coins des poches et les extr\u00e9mit\u00e9s de la braguette. Leur fonction principale est de&nbsp;renforcer la r\u00e9sistance du tissu&nbsp;en emp\u00eachant les coutures de se d\u00e9chirer ou de s\u2019arracher sous l\u2019effet des mouvements r\u00e9p\u00e9t\u00e9s et des contraintes m\u00e9caniques. Cette invention, attribu\u00e9e \u00e0 Jacob Davis dans les ann\u00e9es&nbsp;1870, a grandement contribu\u00e9 \u00e0 la durabilit\u00e9 des jeans de travail et a conduit \u00e0 la cr\u00e9ation du jean moderne en collaboration avec Levi Strauss, qui a brevet\u00e9 ce proc\u00e9d\u00e9 en 1873.<\/p>\n\n\n\n<h2 class=\"wp-block-heading\"><strong>Rivets cach\u00e9s<\/strong><\/h2>\n\n\n<div class=\"wp-block-image\">\n<figure class=\"alignright size-full is-resized\"><img loading=\"lazy\" decoding=\"async\" width=\"400\" height=\"300\" src=\"https:\/\/serge-denim.fr\/wp-content\/uploads\/2025\/09\/rivets-caches.jpg\" alt=\"Rivets cach\u00e9s Pure Blue Japan WSB-019 16oz.\" class=\"wp-image-858\" style=\"width:250px\" srcset=\"https:\/\/serge-denim.fr\/wp-content\/uploads\/2025\/09\/rivets-caches.jpg 400w, https:\/\/serge-denim.fr\/wp-content\/uploads\/2025\/09\/rivets-caches-300x225.jpg 300w\" sizes=\"auto, (max-width: 400px) 100vw, 400px\" \/><figcaption class=\"wp-element-caption\">Rivets cach\u00e9s Pure Blue Japan WSB-019 16oz. DR<\/figcaption><\/figure>\n<\/div>\n\n\n<p>Les&nbsp;rivets cach\u00e9s&nbsp;sur les jeans sont des rivets plac\u00e9s sur les poches arri\u00e8re, mais recouverts par un pan de tissu en denim, ce qui les rend invisibles de l\u2019ext\u00e9rieur. Cette pratique a \u00e9t\u00e9 introduite chez Levi\u2019s vers 1937 pour \u00e9viter que les rivets m\u00e9talliques ne rayent les selles de chevaux ou les meubles, un probl\u00e8me fr\u00e9quent avec les rivets expos\u00e9s.<\/p>\n\n\n\n<h2 class=\"wp-block-heading\"><strong>Rise (Fourche)<\/strong><\/h2>\n\n\n<div class=\"wp-block-image\">\n<figure class=\"alignright size-full is-resized\"><img loading=\"lazy\" decoding=\"async\" width=\"400\" height=\"326\" src=\"https:\/\/serge-denim.fr\/wp-content\/uploads\/2025\/09\/rise.png\" alt=\"Mesure Rise\" class=\"wp-image-860\" style=\"width:250px\" srcset=\"https:\/\/serge-denim.fr\/wp-content\/uploads\/2025\/09\/rise.png 400w, https:\/\/serge-denim.fr\/wp-content\/uploads\/2025\/09\/rise-300x245.png 300w\" sizes=\"auto, (max-width: 400px) 100vw, 400px\" \/><figcaption class=\"wp-element-caption\">Mesure de la fourche (Rise). (dc4.de)<\/figcaption><\/figure>\n<\/div>\n\n\n<p>Le&nbsp;rise d\u2019un jean correspond \u00e0&nbsp;la&nbsp;hauteur de&nbsp;la fourche, c\u2019est-\u00e0-dire la&nbsp;distance verticale&nbsp;mesur\u00e9e entre&nbsp;la couture de&nbsp;l\u2019entrejambe (l\u00e0 o\u00f9&nbsp;les jambes se&nbsp;rejoignent) et&nbsp;le haut de la&nbsp;ceinture, soit&nbsp;\u00e0 l\u2019avant (front rise) soit \u00e0 l\u2019arri\u00e8re (rear rise). Cette mesure&nbsp;d\u00e9termine o\u00f9&nbsp;le pantalon va&nbsp;s\u2019asseoir sur&nbsp;le corps, influen\u00e7ant le style&nbsp;(taille basse, taille naturelle&nbsp;ou taille haute) et le confort&nbsp;autour de la&nbsp;taille, du ventre, des hanches et&nbsp;des fesses.<\/p>\n\n\n\n<h2 class=\"wp-block-heading\"><strong>Rope Dyeing<\/strong><\/h2>\n\n\n<div class=\"wp-block-image\">\n<figure class=\"alignright size-full is-resized\"><img loading=\"lazy\" decoding=\"async\" width=\"400\" height=\"237\" src=\"https:\/\/serge-denim.fr\/wp-content\/uploads\/2025\/09\/rope-dyeing.png\" alt=\"Rope Dyeing.\" class=\"wp-image-863\" style=\"width:250px\" srcset=\"https:\/\/serge-denim.fr\/wp-content\/uploads\/2025\/09\/rope-dyeing.png 400w, https:\/\/serge-denim.fr\/wp-content\/uploads\/2025\/09\/rope-dyeing-300x178.png 300w\" sizes=\"auto, (max-width: 400px) 100vw, 400px\" \/><figcaption class=\"wp-element-caption\">Rope Dyeing. (wasew-global.com)<\/figcaption><\/figure>\n<\/div>\n\n\n<p>Le&nbsp;rope dyeing&nbsp;est une technique traditionnelle de teinture utilis\u00e9e principalement dans la fabrication du denim. Cette m\u00e9thode consiste \u00e0 regrouper plusieurs fils de cha\u00eene (g\u00e9n\u00e9ralement entre 380 et 420&nbsp;fils) en un gros faisceau appel\u00e9 \u00ab\u2009rope\u2009\u00bb (corde ou \u00e9cheveau), qui est ensuite plong\u00e9 successivement dans plusieurs bains de teinture \u00e0 l\u2019indigo. Apr\u00e8s chaque immersion, le \u00ab\u2009rope\u2009\u00bb est expos\u00e9 \u00e0 l\u2019air pour permettre l\u2019oxydation du colorant, un processus appel\u00e9 \u00ab\u2009skying\u2009\u00bb, qui fixe la teinture de mani\u00e8re partielle uniquement en surface des fils.<\/p>\n\n\n\n<p>Cette teinture partielle, aussi appel\u00e9e teinture en anneau (\u00ab\u2009ring dyeing\u2009\u00bb), est caract\u00e9ristique du denim rope dyed&nbsp;: l\u2019int\u00e9rieur des fils reste blanc (\u00ab\u2009white core\u2009\u00bb), ce qui permet au tissu de bien vieillir et de se d\u00e9colorer de fa\u00e7on esth\u00e9tique avec le temps en r\u00e9v\u00e9lant ce c\u0153ur clair. Le rope dyeing offre une meilleure uniformit\u00e9 des couleurs par rapport \u00e0 d\u2019autres m\u00e9thodes comme le slasher dyeing, car les fils subissent les trempages ensemble avec une tension contr\u00f4l\u00e9e, minimisant les irr\u00e9gularit\u00e9s.<\/p>\n\n\n\n<h2 class=\"wp-block-heading\"><strong>Roping<\/strong><\/h2>\n\n\n<div class=\"wp-block-image\">\n<figure class=\"alignright size-full is-resized\"><img loading=\"lazy\" decoding=\"async\" width=\"400\" height=\"244\" src=\"https:\/\/serge-denim.fr\/wp-content\/uploads\/2025\/09\/roping.png\" alt=\"Roping\" class=\"wp-image-866\" style=\"width:250px\" srcset=\"https:\/\/serge-denim.fr\/wp-content\/uploads\/2025\/09\/roping.png 400w, https:\/\/serge-denim.fr\/wp-content\/uploads\/2025\/09\/roping-300x183.png 300w\" sizes=\"auto, (max-width: 400px) 100vw, 400px\" \/><figcaption class=\"wp-element-caption\">Roping. (denimhunters.com)<\/figcaption><\/figure>\n<\/div>\n\n\n<p>Le&nbsp;roping&nbsp;fait r\u00e9f\u00e9rence \u00e0 l\u2019effet visuel ou \u00e0 la technique qui cr\u00e9e un aspect textur\u00e9, souvent ondul\u00e9 ou torsad\u00e9, sur la surface du tissu ou du v\u00eatement. Il est li\u00e9 \u00e0 la mani\u00e8re dont les fils de cha\u00eene sont regroup\u00e9s ou travaill\u00e9s lors de la fabrication.<\/p>\n\n\n\n<h2 class=\"wp-block-heading\"><strong>Sanforization<\/strong><\/h2>\n\n\n<div class=\"wp-block-image\">\n<figure class=\"alignright size-full is-resized\"><img loading=\"lazy\" decoding=\"async\" width=\"400\" height=\"244\" src=\"https:\/\/serge-denim.fr\/wp-content\/uploads\/2025\/09\/Sanforization.png\" alt=\"Sanforization\" class=\"wp-image-870\" style=\"width:250px\" srcset=\"https:\/\/serge-denim.fr\/wp-content\/uploads\/2025\/09\/Sanforization.png 400w, https:\/\/serge-denim.fr\/wp-content\/uploads\/2025\/09\/Sanforization-300x183.png 300w\" sizes=\"auto, (max-width: 400px) 100vw, 400px\" \/><figcaption class=\"wp-element-caption\">Sanforization. (zevadenim.com)<\/figcaption><\/figure>\n<\/div>\n\n\n<p>La&nbsp;sanforization&nbsp;est un proc\u00e9d\u00e9 m\u00e9canique de pr\u00e9r\u00e9tr\u00e9cissement du denim, con\u00e7u pour r\u00e9duire le r\u00e9tr\u00e9cissement ult\u00e9rieur du v\u00eatement lors des lavages. Ce traitement permet de stabiliser la taille du tissu pour que le jean conserve son ajustement initial apr\u00e8s plusieurs lavages. La m\u00e9thode fut invent\u00e9e et brevet\u00e9e en 1930 par&nbsp;Sanford Lockwood Cluett. Le processus consiste \u00e0 humidifier le tissu (g\u00e9n\u00e9ralement avec de la vapeur d\u2019eau), puis \u00e0 le faire passer entre des rouleaux chauffants et une bande en caoutchouc \u00e9lastique.<\/p>\n\n\n\n<h2 class=\"wp-block-heading\"><strong>Sanforized<\/strong><\/h2>\n\n\n<div class=\"wp-block-image\">\n<figure class=\"alignright size-full is-resized\"><img loading=\"lazy\" decoding=\"async\" width=\"400\" height=\"303\" src=\"https:\/\/serge-denim.fr\/wp-content\/uploads\/2025\/09\/Sanforised.png\" alt=\"Non Sanforis\u00e9 VS. Sanforis\u00e9. \" class=\"wp-image-872\" style=\"width:250px\" srcset=\"https:\/\/serge-denim.fr\/wp-content\/uploads\/2025\/09\/Sanforised.png 400w, https:\/\/serge-denim.fr\/wp-content\/uploads\/2025\/09\/Sanforised-300x227.png 300w\" sizes=\"auto, (max-width: 400px) 100vw, 400px\" \/><figcaption class=\"wp-element-caption\">Non Sanforis\u00e9 VS. Sanforis\u00e9. (blueowl.us)<\/figcaption><\/figure>\n<\/div>\n\n\n<p>Le terme&nbsp;sanforized&nbsp;(ou \u00ab\u2009sanforis\u00e9\u2009\u00bb en fran\u00e7ais) d\u00e9signe un denim, qui a subi un proc\u00e9d\u00e9 industriel appel\u00e9&nbsp;sanforization&nbsp;visant \u00e0 r\u00e9duire le r\u00e9tr\u00e9cissement apr\u00e8s lavage.<\/p>\n\n\n\n<h2 class=\"wp-block-heading\" id=\"secret-denim\"><strong>Secret denim<\/strong><\/h2>\n\n\n<div class=\"wp-block-image\">\n<figure class=\"alignright size-full is-resized\"><img loading=\"lazy\" decoding=\"async\" width=\"400\" height=\"300\" src=\"https:\/\/serge-denim.fr\/wp-content\/uploads\/2025\/09\/secret-denim.jpg\" alt=\"Oni Denim 622DIZR Secret Denim 20oz. DR\" class=\"wp-image-874\" style=\"width:250px\" srcset=\"https:\/\/serge-denim.fr\/wp-content\/uploads\/2025\/09\/secret-denim.jpg 400w, https:\/\/serge-denim.fr\/wp-content\/uploads\/2025\/09\/secret-denim-300x225.jpg 300w\" sizes=\"auto, (max-width: 400px) 100vw, 400px\" \/><figcaption class=\"wp-element-caption\">Oni Denim 622DIZR Secret Denim 20oz. DR<\/figcaption><\/figure>\n<\/div>\n\n\n<p>Le&nbsp;Secret Denim&nbsp;d\u2019Oni est un denim japonais embl\u00e9matique et tr\u00e8s pris\u00e9e dans le monde du raw denim. Cr\u00e9\u00e9e sous la direction de Masao Oishi, fondateur d\u2019Oni, cette toile est reconnue pour sa&nbsp;texture slubby, nodulaire et \u00ab\u00a0hairy\u00a0\u00bb&nbsp;(poilue) unique, son poids lourd (environ 20 oz) et sa couleur indigo avec une teinte l\u00e9g\u00e8rement verte tr\u00e8s caract\u00e9ristique. Cette teinte verte vient d\u2019un fil de cha\u00eene teint selon un proc\u00e9d\u00e9 de teinture \u00e0 la corde (rope-dye) avec un effet de d\u00e9coloration naturel qui fait appara\u00eetre une surface beige tirant vers des nuances vertes, ce qui rend le tissu imm\u00e9diatement reconnaissable et tr\u00e8s riche en caract\u00e8re <a href=\"https:\/\/blog.denimio.com\/oni-denim-122zr-s-shin-secret-denim-jeans-review-by-indigoshrimp\/?lang=us\" target=\"_blank\" rel=\"noreferrer noopener\">107<\/a> <a href=\"https:\/\/denimhunters.com\/test\/\" target=\"_blank\" rel=\"noreferrer noopener\">108<\/a> <a href=\"https:\/\/stridewise.com\/oni-shin-secret-denim-review\/\" target=\"_blank\" rel=\"noreferrer noopener\">109<\/a>. Le denim est tiss\u00e9 \u00e0 tr\u00e8s faible tension.<strong><br><\/strong><\/p>\n\n\n\n<h2 class=\"wp-block-heading\"><strong>Sea Island<\/strong><\/h2>\n\n\n<div class=\"wp-block-image\">\n<figure class=\"alignright size-full is-resized\"><img loading=\"lazy\" decoding=\"async\" width=\"400\" height=\"294\" src=\"https:\/\/serge-denim.fr\/wp-content\/uploads\/2025\/09\/sea-island.png\" alt=\"Coton Sea Island\" class=\"wp-image-877\" style=\"width:250px\" srcset=\"https:\/\/serge-denim.fr\/wp-content\/uploads\/2025\/09\/sea-island.png 400w, https:\/\/serge-denim.fr\/wp-content\/uploads\/2025\/09\/sea-island-300x221.png 300w\" sizes=\"auto, (max-width: 400px) 100vw, 400px\" \/><figcaption class=\"wp-element-caption\">Coton Sea Island. (sunspel.fr)<\/figcaption><\/figure>\n<\/div>\n\n\n<p>Le&nbsp;coton Sea Island, est sans doute le&nbsp;coton le plus&nbsp;pr\u00e9cieux et luxueux au monde. C\u2019est une vari\u00e9t\u00e9 tr\u00e8s rare de coton, r\u00e9put\u00e9e pour ses fibres extralongues, sa douceur et sa brillance exceptionnelle. Il provient du Gossypium barbadense, une esp\u00e8ce botanique d\u2019origine am\u00e9ricaine et p\u00e9ruvienne. Historiquement, son nom vient d\u2019un groupe d\u2019\u00eeles au large de la Caroline du Sud, mais aujourd\u2019hui, il est principalement cultiv\u00e9 dans les Cara\u00efbes (Barbade, Jama\u00efque, Antigua). Certaines marques de denim utilisent ce coton dans leurs productions.<\/p>\n\n\n\n<h2 class=\"wp-block-heading\"><strong>Selvedge \/ Self Edge<\/strong><\/h2>\n\n\n<div class=\"wp-block-image\">\n<figure class=\"alignright size-full is-resized\"><img loading=\"lazy\" decoding=\"async\" width=\"400\" height=\"300\" src=\"https:\/\/serge-denim.fr\/wp-content\/uploads\/2025\/09\/selvedge.jpg\" alt=\"Toile selvedge Momotaro 0605 18oz.\" class=\"wp-image-880\" style=\"width:250px\" srcset=\"https:\/\/serge-denim.fr\/wp-content\/uploads\/2025\/09\/selvedge.jpg 400w, https:\/\/serge-denim.fr\/wp-content\/uploads\/2025\/09\/selvedge-300x225.jpg 300w\" sizes=\"auto, (max-width: 400px) 100vw, 400px\" \/><figcaption class=\"wp-element-caption\">Toile selvedge Momotaro 0605 18oz. DR<\/figcaption><\/figure>\n<\/div>\n\n\n<p>Le&nbsp;Selvedge&nbsp;(ou&nbsp;Self Edge) d\u00e9signe une technique de tissage utilis\u00e9e dans la fabrication du denim, caract\u00e9ris\u00e9 par des bords du tissu qui sont finis naturellement et ne s\u2019effilochent pas. Ce bord propre est obtenu gr\u00e2ce \u00e0 l\u2019usage de m\u00e9tiers \u00e0 tisser traditionnels appel\u00e9s&nbsp;m\u00e9tiers \u00e0 navette&nbsp;(shuttle looms). Ces machines font passer le fil de trame (weft) d\u2019un c\u00f4t\u00e9 \u00e0 l\u2019autre en une seule pi\u00e8ce continue, cr\u00e9ant ainsi une lisi\u00e8re renforc\u00e9e sur les c\u00f4t\u00e9s du tissu. Le tissu selvedge est g\u00e9n\u00e9ralement plus&nbsp;\u00e9troit&nbsp;(environ 30-36&nbsp;pouces de large) et sa production est plus lente et artisanale que celle du denim industriel fait sur m\u00e9tiers modernes sans navette. Le bord selvedge est souvent marqu\u00e9 par une&nbsp;ligne color\u00e9e distincte&nbsp;(le plus souvent rouge, appel\u00e9e \u00ab\u2009redline selvedge\u2009\u00bb) qui devient un signe distinctif esth\u00e9tique, visible quand on retrousse l\u2019ourlet du jean&nbsp;<a href=\"https:\/\/denimhunters.com\/denim-wiki\/denim-explained\/selvedge\/\" target=\"_blank\" rel=\"noreferrer noopener\">110<\/a> <a href=\"https:\/\/www.gq.com\/story\/what-is-selvedge-denim-explainer\" target=\"_blank\" rel=\"noreferrer noopener\">111<\/a> <a href=\"https:\/\/graduatestore.fr\/en\/content\/117-what-is-japanese-selvedge-denim\" target=\"_blank\" rel=\"noreferrer noopener\">112<\/a> <a href=\"https:\/\/www.g-star.com\/fr_fr\/stories\/denim\/what-is-selvedge-denim\" target=\"_blank\" rel=\"noreferrer noopener\">113<\/a> <a href=\"https:\/\/www.uniqlo.com\/fr\/fr\/news\/topics\/2023032401\/\" target=\"_blank\" rel=\"noreferrer noopener\">114<\/a>.<\/p>\n\n\n\n<h2 class=\"wp-block-heading\"><strong>Selvedge line color<\/strong><\/h2>\n\n\n<div class=\"wp-block-image\">\n<figure class=\"alignright size-full is-resized\"><img loading=\"lazy\" decoding=\"async\" width=\"400\" height=\"300\" src=\"https:\/\/serge-denim.fr\/wp-content\/uploads\/2025\/09\/selvedge-line.jpg\" alt=\"Selvedge line color Rainbow Edwin ED-80 13,5oz.\" class=\"wp-image-883\" style=\"width:250px\" srcset=\"https:\/\/serge-denim.fr\/wp-content\/uploads\/2025\/09\/selvedge-line.jpg 400w, https:\/\/serge-denim.fr\/wp-content\/uploads\/2025\/09\/selvedge-line-300x225.jpg 300w\" sizes=\"auto, (max-width: 400px) 100vw, 400px\" \/><figcaption class=\"wp-element-caption\">Selvedge line color Rainbow Edwin ED-80 13,5oz. DR<\/figcaption><\/figure>\n<\/div>\n\n\n<p>La&nbsp;couleur de la ligne selvedge&nbsp;(ou selvedge line color) correspond \u00e0 un fil color\u00e9 int\u00e9gr\u00e9 entre les bords blancs finis du tissu denim tiss\u00e9 sur m\u00e9tiers \u00e0 navette. Cette ligne color\u00e9e, souvent appel\u00e9e&nbsp;\u00ab\u2009selvedge ID\u2009\u00bb, sert \u00e0 identifier l\u2019usine ou la qualit\u00e9 du tissu et est devenue un signe distinctif esth\u00e9tique et symbolique dans le denim premium. La couleur la plus embl\u00e9matique est&nbsp;le rouge, connue sous le nom de&nbsp;\u00ab\u2009redline selvedge\u2009\u00bb. Elle a \u00e9t\u00e9 popularis\u00e9e notamment par Levi\u2019s et le fabricant am\u00e9ricain Cone Mills vers les ann\u00e9es&nbsp;1920-1930, qui ajoutaient ce fil rouge pour distinguer leur denim haut de gamme, particuli\u00e8rement robuste <a href=\"https:\/\/denimhunters.com\/denim-wiki\/denim-explained\/redline-selvedge\/\" target=\"_blank\" rel=\"noreferrer noopener\">115<\/a> <a href=\"https:\/\/www.heddels.com\/dictionary\/red-lines\/\" target=\"_blank\" rel=\"noreferrer noopener\">116<\/a> <a href=\"https:\/\/denimhunters.com\/denim-wiki\/denim-explained\/selvedge\/\" target=\"_blank\" rel=\"noreferrer noopener\">117<\/a>.<\/p>\n\n\n\n<p>D\u2019autres marques utilisent diff\u00e9rentes couleurs, telles que le bleu, le jaune, le vert, ou m\u00eame des lignes multicolores, comme le fameux Rainbow d&rsquo;Edwin, pour diff\u00e9rencier leurs productions ou s\u00e9ries sp\u00e9cifiques&nbsp;<a href=\"https:\/\/www.bleubrut.com\/pages\/what-is-selvedge-denim\" target=\"_blank\" rel=\"noreferrer noopener\">118<\/a>. Cette ligne color\u00e9e ne modifie pas la durabilit\u00e9 intrins\u00e8que du tissu, mais est devenue un&nbsp;symbole de qualit\u00e9, artisanat et authenticit\u00e9&nbsp;tr\u00e8s pris\u00e9 par les amateurs de denim. Elle est aussi un d\u00e9tail esth\u00e9tique que l\u2019on met en valeur en retroussant les jambes du jean&nbsp;<a href=\"https:\/\/www.weargustin.com\/blog\/jeans-what-is-selvedge-denim\" target=\"_blank\" rel=\"noreferrer noopener\">119<\/a> <a href=\"https:\/\/abbreviated.shop\/blogs\/shortstories\/why-do-some-jeans-have-that-red-line-on-the-seam-when-theyre-cuffed\" target=\"_blank\" rel=\"noreferrer noopener\">120<\/a>.<\/p>\n\n\n\n<h2 class=\"wp-block-heading\"><strong>Semi slim<\/strong><\/h2>\n\n\n<div class=\"wp-block-image\">\n<figure class=\"alignright size-full is-resized\"><img loading=\"lazy\" decoding=\"async\" width=\"400\" height=\"257\" src=\"https:\/\/serge-denim.fr\/wp-content\/uploads\/2025\/09\/semi-slim-1.png\" alt=\"Japan Blue Jean J201 Mid 14,8oz.\" class=\"wp-image-890\" style=\"width:250px\" srcset=\"https:\/\/serge-denim.fr\/wp-content\/uploads\/2025\/09\/semi-slim-1.png 400w, https:\/\/serge-denim.fr\/wp-content\/uploads\/2025\/09\/semi-slim-1-300x193.png 300w\" sizes=\"auto, (max-width: 400px) 100vw, 400px\" \/><figcaption class=\"wp-element-caption\">Japan Blue Jean J201 Mid 14,8oz.<\/figcaption><\/figure>\n<\/div>\n\n\n<p>Le semi slim&nbsp;est une coupe qui se situe entre le slim et le regular. Il s\u2019agit d\u2019une silhouette ajust\u00e9e qui suit la forme de la jambe sans la mouler totalement comme le ferait un slim \u00ab\u00a0pur\u00a0\u00bb. On parle parfois de&nbsp;<em>slim mod\u00e9r\u00e9<\/em>&nbsp;ou&nbsp;<em>coup\u00e9 juste ce qu&rsquo;il faut<\/em>. Plus pr\u00e8s du corps qu&rsquo;une coupe regular, mais moins serr\u00e9 qu&rsquo;un slim classique. Les cuisses et mollets sont subtilement affin\u00e9s, offrant un tomb\u00e9 moderne mais confortable. La jambe para\u00eet \u00e9lanc\u00e9e sans donner un aspect moulant ou restrictif.<\/p>\n\n\n\n<h2 class=\"wp-block-heading\"><strong>Sensei<\/strong><\/h2>\n\n\n<div class=\"wp-block-image\">\n<figure class=\"alignright size-full is-resized\"><img loading=\"lazy\" decoding=\"async\" width=\"400\" height=\"332\" src=\"https:\/\/serge-denim.fr\/wp-content\/uploads\/2025\/09\/oni-denim.png\" alt=\"Masao Oishi, le cr\u00e9ateur d'Oni denim, est reconnu comme Sensei dans le domaine du denim.\" class=\"wp-image-894\" style=\"width:250px\" srcset=\"https:\/\/serge-denim.fr\/wp-content\/uploads\/2025\/09\/oni-denim.png 400w, https:\/\/serge-denim.fr\/wp-content\/uploads\/2025\/09\/oni-denim-300x249.png 300w\" sizes=\"auto, (max-width: 400px) 100vw, 400px\" \/><figcaption class=\"wp-element-caption\">Masao Oishi, le cr\u00e9ateur d&rsquo;Oni denim, est reconnu comme Sensei dans le domaine du denim.<\/figcaption><\/figure>\n<\/div>\n\n\n<p>Dans le domaine du denim japonais,&nbsp;\u00ab\u2009sensei\u2009\u00bb&nbsp;est utilis\u00e9 pour qualifier un artisan, un ma\u00eetre teinturier ou un expert du denim, en reconnaissance de leur ma\u00eetrise du savoir-faire traditionnel li\u00e9 \u00e0 la fabrication, \u00e0 la teinture ou \u00e0 la coupe du jean. Ce titre n\u2019est pas n\u00e9cessairement un terme officiel dans l\u2019industrie du denim, mais plut\u00f4t une marque de respect pour ceux qui ont atteint un haut niveau d\u2019expertise et d\u2019artisanat dans le secteur, notamment dans les r\u00e9gions embl\u00e9matiques comme Okayama, o\u00f9 l\u2019artisanat du denim est tr\u00e8s valoris\u00e9 <a href=\"https:\/\/www.lemonde.fr\/m-styles\/article\/2025\/05\/08\/le-denim-japonais-porte-aux-nues_6603984_4497319.html\" target=\"_blank\" rel=\"noreferrer noopener\">121<\/a>.<\/p>\n\n\n\n<h2 class=\"wp-block-heading\"><strong>Serg\u00e9<\/strong> (Twill)<\/h2>\n\n\n<div class=\"wp-block-image\">\n<figure class=\"alignright size-full is-resized\"><img loading=\"lazy\" decoding=\"async\" width=\"400\" height=\"271\" src=\"https:\/\/serge-denim.fr\/wp-content\/uploads\/2025\/09\/serge.png\" alt=\"Serg\u00e9\" class=\"wp-image-1021\" style=\"width:250px\" srcset=\"https:\/\/serge-denim.fr\/wp-content\/uploads\/2025\/09\/serge.png 400w, https:\/\/serge-denim.fr\/wp-content\/uploads\/2025\/09\/serge-300x203.png 300w\" sizes=\"auto, (max-width: 400px) 100vw, 400px\" \/><figcaption class=\"wp-element-caption\">Serg\u00e9. (soubacq.com)<\/figcaption><\/figure>\n<\/div>\n\n\n<p>Le serg\u00e9, appel\u00e9 en anglais twill, est la base&nbsp;technique du tissage du denim. Le denim est&nbsp;un tissu&nbsp;de coton tiss\u00e9 en&nbsp;serg\u00e9 avec la&nbsp;cha\u00eene teinte en&nbsp;indigo bleu et&nbsp;la trame laiss\u00e9e \u00e9crue ou blanche. Ce tissage particulier, appel\u00e9 aussi&nbsp;\u00ab\u2009serg\u00e9&nbsp;3\/1&Prime;, donne&nbsp;au denim son&nbsp;aspect diagonal&nbsp;caract\u00e9ristique et&nbsp;sa robustesse, il&nbsp;est donc un type&nbsp;sp\u00e9cifique de&nbsp;serg\u00e9 de coton&nbsp;utilis\u00e9 pour&nbsp;les jeans&nbsp;<a href=\"https:\/\/fr.wikipedia.org\/wiki\/Serg%C3%A9_(tissu)\" target=\"_blank\" rel=\"noreferrer noopener\">122<\/a> <a href=\"https:\/\/fr.wikipedia.org\/wiki\/Denim\" target=\"_blank\" rel=\"noreferrer noopener\">123<\/a> <a href=\"https:\/\/www.cestdujoly.be\/blogs\/coutureconseil\/denim-serge-twill-jeans-on-fait-le-point\" target=\"_blank\" rel=\"noreferrer noopener\">124<\/a>. Le tissage serg\u00e9 est reconnaissable par ses lignes diagonales obtenues par le passage du fil de trame sous un ou plusieurs fils de chaine, d\u00e9calant &amp; chaque passage. <\/p>\n\n\n\n<h2 class=\"wp-block-heading\"><strong>Serg\u00e9 de N\u00eemes<\/strong><\/h2>\n\n\n<div class=\"wp-block-image\">\n<figure class=\"alignright size-full is-resized\"><img loading=\"lazy\" decoding=\"async\" width=\"400\" height=\"518\" src=\"https:\/\/serge-denim.fr\/wp-content\/uploads\/2025\/09\/GUILD_Origin_Of_Denim_Serge_De_Nimes_Et_Bleu_De_Genes-4.jpg\" alt=\"Serg\u00e9 de N\u00eemes.\" class=\"wp-image-900\" style=\"width:250px\" srcset=\"https:\/\/serge-denim.fr\/wp-content\/uploads\/2025\/09\/GUILD_Origin_Of_Denim_Serge_De_Nimes_Et_Bleu_De_Genes-4.jpg 400w, https:\/\/serge-denim.fr\/wp-content\/uploads\/2025\/09\/GUILD_Origin_Of_Denim_Serge_De_Nimes_Et_Bleu_De_Genes-4-232x300.jpg 232w\" sizes=\"auto, (max-width: 400px) 100vw, 400px\" \/><figcaption class=\"wp-element-caption\">Serg\u00e9 de N\u00eemes. (guildworld.com)<\/figcaption><\/figure>\n<\/div>\n\n\n<p>Le \u00ab\u2009serg\u00e9 de N\u00eemes\u2009\u00bb est \u00e0 l\u2019origine le tissu dont est d\u00e9riv\u00e9 le denim. En effet, l\u2019expression \u00ab\u2009serge de N\u00eemes\u2009\u00bb d\u00e9signe un tissu en serg\u00e9 (tissage diagonal) fabriqu\u00e9 historiquement \u00e0 N\u00eemes, en France. Ce tissu de coton robuste pr\u00e9sente un tissage serg\u00e9 particulier qui donne au denim son aspect diagonal caract\u00e9ristique. Le terme \u00ab\u2009denim\u2009\u00bb vient en r\u00e9alit\u00e9 de la contraction de \u00ab\u2009serge de N\u00eemes\u2009\u00bb (en anglais \u00ab\u2009serge de N\u00eemes\u2009\u00bb a \u00e9t\u00e9 abr\u00e9g\u00e9 en \u00ab\u2009de N\u00eemes\u2009\u00bb puis \u00ab\u2009denim\u2009\u00bb). Ce tissu a \u00e9t\u00e9 popularis\u00e9 et industrialis\u00e9 plus tard aux \u00c9tats-Unis, notamment par Levi\u2019s. Ainsi, le \u00ab\u2009serg\u00e9 de N\u00eemes\u2009\u00bb est le pr\u00e9curseur historique du denim&nbsp;: un tissu de coton tiss\u00e9 en serg\u00e9, rigide, durable, souvent teint en indigo sur les fils de cha\u00eene, destin\u00e9 \u00e0 la confection de v\u00eatements r\u00e9sistants comme les pantalons de travail, les jeans.<\/p>\n\n\n\n<h2 class=\"wp-block-heading\"><strong>Shrink<\/strong><\/h2>\n\n\n<div class=\"wp-block-image\">\n<figure class=\"alignright size-full is-resized\"><img loading=\"lazy\" decoding=\"async\" width=\"400\" height=\"241\" src=\"https:\/\/serge-denim.fr\/wp-content\/uploads\/2025\/09\/Indigofera-Clint-Shrink-to-Prima-Fit-before-and-after1-denim-wikidenim-explainedsanforization.jpg\" alt=\"Shrink avant apr\u00e8s.\" class=\"wp-image-903\" style=\"width:250px\" srcset=\"https:\/\/serge-denim.fr\/wp-content\/uploads\/2025\/09\/Indigofera-Clint-Shrink-to-Prima-Fit-before-and-after1-denim-wikidenim-explainedsanforization.jpg 400w, https:\/\/serge-denim.fr\/wp-content\/uploads\/2025\/09\/Indigofera-Clint-Shrink-to-Prima-Fit-before-and-after1-denim-wikidenim-explainedsanforization-300x181.jpg 300w\" sizes=\"auto, (max-width: 400px) 100vw, 400px\" \/><figcaption class=\"wp-element-caption\">Shrink avant apr\u00e8s. (denimhunters.com)<\/figcaption><\/figure>\n<\/div>\n\n\n<p>Le&nbsp;shrink dans le denim&nbsp;d\u00e9signe le&nbsp;r\u00e9tr\u00e9cissement naturel du tissu denim, principalement en coton, lorsqu&rsquo;il est expos\u00e9 \u00e0 l&rsquo;eau et \u00e0 la chaleur. Ce ph\u00e9nom\u00e8ne survient car les fibres de coton se contractent au contact de l\u2019eau, entrainant une perte en longueur et en largeur du jean <a href=\"https:\/\/borasification.com\/lexique-denim-shrink-jean\/\" target=\"_blank\" rel=\"noreferrer noopener\">125<\/a>.<\/p>\n\n\n\n<h2 class=\"wp-block-heading\"><strong>Shrink-to-fit<\/strong><\/h2>\n\n\n<div class=\"wp-block-image\">\n<figure class=\"alignright size-full is-resized\"><img loading=\"lazy\" decoding=\"async\" width=\"250\" height=\"174\" src=\"https:\/\/serge-denim.fr\/wp-content\/uploads\/2025\/09\/Shrink-to-fit.png\" alt=\"Methode de Shrink-to-fit dans un bain. \" class=\"wp-image-911\" style=\"width:250px\"\/><figcaption class=\"wp-element-caption\">Methode de Shrink-to-fit dans un bain. (dutildenim.com)<\/figcaption><\/figure>\n<\/div>\n\n\n<p>Le terme&nbsp;shrink-to-fit&nbsp;d\u00e9signe une technique utilis\u00e9e principalement pour les jeans en denim brut non trait\u00e9 (unsanforized). Le concept consiste \u00e0 acheter un jean volontairement trop grand, puis \u00e0 le faire r\u00e9tr\u00e9cir \u00e0 la morphologie du porteur lors du premier lavage ou trempage.<\/p>\n\n\n\n<h2 class=\"wp-block-heading\"><strong>Shinya Mills<\/strong><\/h2>\n\n\n<div class=\"wp-block-image\">\n<figure class=\"alignright size-full is-resized\"><img loading=\"lazy\" decoding=\"async\" width=\"400\" height=\"291\" src=\"https:\/\/serge-denim.fr\/wp-content\/uploads\/2025\/09\/Shinya-Mills.png\" alt=\"Atelier Shinya Mills.\" class=\"wp-image-908\" style=\"width:250px\" srcset=\"https:\/\/serge-denim.fr\/wp-content\/uploads\/2025\/09\/Shinya-Mills.png 400w, https:\/\/serge-denim.fr\/wp-content\/uploads\/2025\/09\/Shinya-Mills-300x218.png 300w\" sizes=\"auto, (max-width: 400px) 100vw, 400px\" \/><figcaption class=\"wp-element-caption\">Atelier Shinya Mills. (shinyadenim.com)<\/figcaption><\/figure>\n<\/div>\n\n\n<p>Shinya Mills est une c\u00e9l\u00e8bre usine de tissage de denim japonaise, en activit\u00e9 depuis 1951, reconnue pour pr\u00e9server les techniques de fabrication originales du denim vintage, notamment le denim selvedge r\u00e9alis\u00e9 sur d&rsquo;anciens m\u00e9tiers \u00e0 tisser Toyoda \u00e0 navette (shuttle looms). Elle a jou\u00e9 un r\u00f4le cl\u00e9 dans la renaissance et la production de tissus denim de haute qualit\u00e9 au style vintage au Japon, collaborant \u00e9troitement avec de nombreuses marques passionn\u00e9es comme Studio d\u2019Artisans, FullCount ou Two Cats\u2019 Band (TCB).<\/p>\n\n\n\n<p>Depuis 2012, la gestion de l\u2019entreprise est confi\u00e9e \u00e0 des femmes, ce qui est rare dans cette industrie traditionnellement masculine. Shinya Mills incarne l\u2019esprit de l\u2019artisanat japonais authentique du denim et demeure un acteur majeur dans le mouvement mondial du denim selvedge vintage.<\/p>\n\n\n\n<h2 class=\"wp-block-heading\"><strong>Skinny<\/strong><\/h2>\n\n\n<div class=\"wp-block-image\">\n<figure class=\"alignright size-full is-resized\"><img loading=\"lazy\" decoding=\"async\" width=\"178\" height=\"120\" src=\"https:\/\/serge-denim.fr\/wp-content\/uploads\/2025\/09\/skinny-1.png\" alt=\"Edwin skinny jeans 12,5oz.\" class=\"wp-image-914\" style=\"width:250px\"\/><figcaption class=\"wp-element-caption\">Edwin skinny jeans 12,5oz. (edwin-europe.com)<\/figcaption><\/figure>\n<\/div>\n\n\n<p>Le&nbsp;jean skinny&nbsp;est une coupe de jean tr\u00e8s ajust\u00e9e, souvent d\u00e9crite comme une \u00ab&nbsp;seconde peau&nbsp;\u00bb. Il est moulant de la taille jusqu&rsquo;aux chevilles, \u00e9pousant \u00e9troitement chaque forme du corps.<\/p>\n\n\n\n<h2 class=\"wp-block-heading\"><strong>Skying<\/strong><\/h2>\n\n\n<div class=\"wp-block-image\">\n<figure class=\"alignright size-full is-resized\"><img loading=\"lazy\" decoding=\"async\" width=\"334\" height=\"195\" src=\"https:\/\/serge-denim.fr\/wp-content\/uploads\/2025\/09\/Skying.png\" alt=\"Etape d'oxydation de l'indigo : Skying\" class=\"wp-image-917\" style=\"width:250px\" srcset=\"https:\/\/serge-denim.fr\/wp-content\/uploads\/2025\/09\/Skying.png 334w, https:\/\/serge-denim.fr\/wp-content\/uploads\/2025\/09\/Skying-300x175.png 300w\" sizes=\"auto, (max-width: 334px) 100vw, 334px\" \/><figcaption class=\"wp-element-caption\">Etape d&rsquo;oxydation de l&rsquo;indigo : Skying.<\/figcaption><\/figure>\n<\/div>\n\n\n<p>Le terme \u00ab\u2009skying\u2009\u00bb est l\u2019\u00e9tape d\u2019oxydation entre les immersions dans l\u2019indigo, visant \u00e0 fixer la couleur uniquement en surface des fils pour cr\u00e9er cette patine embl\u00e9matique qui fait la l\u00e9gende du jean traditionnel, principalement dans la teinture de la cha\u00eene (rope dyeing ou slasher dyeing) pour le denim.<\/p>\n\n\n\n<h2 class=\"wp-block-heading\"><strong>Shuttle Loom<\/strong><\/h2>\n\n\n<div class=\"wp-block-image\">\n<figure class=\"alignright size-full is-resized\"><img loading=\"lazy\" decoding=\"async\" width=\"400\" height=\"222\" src=\"https:\/\/serge-denim.fr\/wp-content\/uploads\/2025\/09\/shuttle_main.jpg\" alt=\"Shuttle Loom\" class=\"wp-image-920\" style=\"width:250px\" srcset=\"https:\/\/serge-denim.fr\/wp-content\/uploads\/2025\/09\/shuttle_main.jpg 400w, https:\/\/serge-denim.fr\/wp-content\/uploads\/2025\/09\/shuttle_main-300x167.jpg 300w\" sizes=\"auto, (max-width: 400px) 100vw, 400px\" \/><figcaption class=\"wp-element-caption\">Shuttle Loom. (1-huis.com)<\/figcaption><\/figure>\n<\/div>\n\n\n<p>Le&nbsp;shuttle loom, ou m\u00e9tier \u00e0 tisser \u00e0 navette, est un ancien type de m\u00e9tier textile central dans la fabrication traditionnelle du denim, notamment pour le fameux denim \u00ab\u00a0selvedge\u00a0\u00bb. Le shuttle loom utilise une navette (souvent en bois), comportant une bobine de fil de trame (weft), qui est d\u00e9plac\u00e9e m\u00e9caniquement d\u2019un c\u00f4t\u00e9 \u00e0 l\u2019autre du m\u00e9tier. \u00c0 chaque aller-retour, le fil de trame s&rsquo;entrelace avec les fils de cha\u00eene (warp), formant ainsi le tissu.&nbsp;La trame formant une boucle continue, le tissu obtenu pr\u00e9sente des bords nets, appel\u00e9s \u00ab\u00a0lisi\u00e8re\u00a0\u00bb ou \u00ab\u00a0selvedge\u00a0\u00bb, tr\u00e8s reconnaissables sur les jeans de qualit\u00e9. Ces bords emp\u00eachent l\u2019effilochage naturel du tissu et rendent la coupe plus nette <a href=\"https:\/\/www.heddels.com\/2014\/10\/shuttle-vs-projectile-looms-whats-the-difference\/\" target=\"_blank\" rel=\"noreferrer noopener\">126<\/a> <a href=\"https:\/\/www.tellason.com\/shuttle-looms-denim-dictionary\" target=\"_blank\" rel=\"noreferrer noopener\">127<\/a> <a href=\"https:\/\/daodavy.com\/blogs\/blog\/quest-ce-quun-jeans-brut-selvedge-en-3-points\" target=\"_blank\" rel=\"noreferrer noopener\">128<\/a>. Les m\u00e9tiers \u00e0 navette produisent des laizes \u00e9troites (g\u00e9n\u00e9ralement 70\u201380cm), ce qui impose de d\u00e9couper les jeans dans le sens du tissage, en mettant volontairement la lisi\u00e8re en avant sur la couture ext\u00e9rieure.<\/p>\n\n\n\n<p>Le&nbsp;shuttle loom&nbsp;est le pilier artisanal du denim de qualit\u00e9, garantissant la fameuse lisi\u00e8re (\u00ab\u00a0selvedge\u00a0\u00bb) et un tissage dense, irr\u00e9gulier et authentique \u2014 autant d\u2019atouts qui font aujourd\u2019hui la renomm\u00e9e du denim japonais et des jeans premium \u00e0 travers le monde <a href=\"https:\/\/www.1083.fr\/blog\/selvedge.html\" target=\"_blank\" rel=\"noreferrer noopener\">129<\/a> <a href=\"https:\/\/fr.diznew.com\/blog\/b5476\" target=\"_blank\" rel=\"noreferrer noopener\">130<\/a> <a href=\"https:\/\/www.lafayette-saltiel.fr\/s\/49319_362355_denim-brut-japonais-selvedge\" target=\"_blank\" rel=\"noreferrer noopener\">131<\/a> <a href=\"https:\/\/www.heddels.com\/2014\/10\/shuttle-vs-projectile-looms-whats-the-difference\/\" target=\"_blank\" rel=\"noreferrer noopener\">132<\/a> <a href=\"https:\/\/www.tellason.com\/shuttle-looms-denim-dictionary\" target=\"_blank\" rel=\"noreferrer noopener\">133<\/a>.<\/p>\n\n\n\n<h2 class=\"wp-block-heading\"><strong>Slasher dyeing<\/strong><\/h2>\n\n\n<div class=\"wp-block-image\">\n<figure class=\"alignright size-full is-resized\"><img loading=\"lazy\" decoding=\"async\" width=\"400\" height=\"199\" src=\"https:\/\/serge-denim.fr\/wp-content\/uploads\/2025\/09\/slaser-dyeingg.jpg\" alt=\"Slasher dyeing.\" class=\"wp-image-923\" style=\"width:250px\" srcset=\"https:\/\/serge-denim.fr\/wp-content\/uploads\/2025\/09\/slaser-dyeingg.jpg 400w, https:\/\/serge-denim.fr\/wp-content\/uploads\/2025\/09\/slaser-dyeingg-300x149.jpg 300w\" sizes=\"auto, (max-width: 400px) 100vw, 400px\" \/><figcaption class=\"wp-element-caption\">Slasher dyeing. (bdtextilemates.blogspot.com)<\/figcaption><\/figure>\n<\/div>\n\n\n<p>Le&nbsp;slasher dyeing&nbsp;(\u00e9galement appel\u00e9 \u00ab teinture en nappe \u00bb ou \u00ab sheet dyeing \u00bb) est un proc\u00e9d\u00e9 industriel utilis\u00e9 principalement pour teindre les fils de cha\u00eene du denim, notamment avec de l\u2019indigo. Les fils de cha\u00eene sont dispos\u00e9s \u00e0 plat en nappe (et non regroup\u00e9s en cordes, comme pour le rope dyeing) et avancent c\u00f4te \u00e0 c\u00f4te \u00e0 travers une succession de cuves de teinture \u00e0 l\u2019indigo. Chaque passage dans une cuve est suivi d\u2019une exposition \u00e0 l\u2019air (oxydation) : l\u2019indigo se fixe ainsi en surface sur le fil, mais ne p\u00e9n\u00e8tre pas profond\u00e9ment, caract\u00e9ristique essentielle de la teinture du denim. Le proc\u00e9d\u00e9&nbsp;combine souvent teinture, s\u00e9chage et encollage (sizing)&nbsp;en une seule op\u00e9ration continue, ce qui acc\u00e9l\u00e8re la production et r\u00e9duit la manipulation <a href=\"https:\/\/denimhunters.com\/denim-wiki\/denim-explained\/dyeing\/\" target=\"_blank\" rel=\"noreferrer noopener\">134<\/a> <a href=\"https:\/\/textilelearner.net\/slasher-dyeing-process\/\" target=\"_blank\" rel=\"noreferrer noopener\">135<\/a> <a href=\"http:\/\/nassajyar.com\/0\/news_textile_info4\/892\/What-is-Slasher-Dyeing-or-Sheet-Dyeing\/info.html\" target=\"_blank\" rel=\"noreferrer noopener\">136<\/a>.<\/p>\n\n\n\n<h2 class=\"wp-block-heading\"><strong>Slim<\/strong><\/h2>\n\n\n<div class=\"wp-block-image\">\n<figure class=\"alignright size-full is-resized\"><img loading=\"lazy\" decoding=\"async\" width=\"188\" height=\"131\" src=\"https:\/\/serge-denim.fr\/wp-content\/uploads\/2025\/09\/Slim-1.png\" alt=\"Fullcount 1109 \u2013 Slim Denim 13,7oz. \" class=\"wp-image-927\" style=\"width:250px\"\/><figcaption class=\"wp-element-caption\">Fullcount 1109 \u2013 Slim Denim 13,7oz. (fullcount.co)<\/figcaption><\/figure>\n<\/div>\n\n\n<p>Le&nbsp;jean slim&nbsp;est une coupe&nbsp;de jean ajust\u00e9e, reconnue pour&nbsp;son \u00e9quilibre&nbsp;entre confort&nbsp;et modernit\u00e9. Contrairement au jean&nbsp;skinny, qui colle&nbsp;litt\u00e9ralement \u00e0&nbsp;la peau et \u00e9pouse&nbsp;chaque courbe du&nbsp;corps de la taille&nbsp;\u00e0 la cheville, le&nbsp;jean slim offre&nbsp;une silhouette&nbsp;affin\u00e9e sans&nbsp;\u00eatre excessivement moulante.<\/p>\n\n\n\n<h2 class=\"wp-block-heading\"><strong>Slim Straight<\/strong><\/h2>\n\n\n<div class=\"wp-block-image\">\n<figure class=\"alignright size-full is-resized\"><img loading=\"lazy\" decoding=\"async\" width=\"172\" height=\"120\" src=\"https:\/\/serge-denim.fr\/wp-content\/uploads\/2025\/09\/slim-straight-1.png\" alt=\"Fullcount 1108 \u2013 Slim Straight Denim 13,7oz.\" class=\"wp-image-929\" style=\"width:250px\"\/><figcaption class=\"wp-element-caption\">Fullcount 1108 \u2013 Slim Straight Denim 13,7oz. (fullcount.co)<\/figcaption><\/figure>\n<\/div>\n\n\n<p>Le terme&nbsp;Slim straight&nbsp;d\u00e9signe une&nbsp;coupe de jean&nbsp;interm\u00e9diaire entre&nbsp;la coupe slim&nbsp;et la coupe droite&nbsp;(straight). C\u2019est une variante&nbsp;tr\u00e8s populaire&nbsp;qui combine les&nbsp;avantages des&nbsp;deux styles\u202f: l\u2019ajustement moderne&nbsp;du slim et le&nbsp;confort classique&nbsp;du straight. Le slim straight est ajust\u00e9 au niveau des hanches, des fesses et des cuisses, comme un jean slim, mais la jambe reste droite, sans \u00eatre trop serr\u00e9e du genou \u00e0 la cheville.<\/p>\n\n\n\n<h2 class=\"wp-block-heading\"><strong>Slim Tapered<\/strong><\/h2>\n\n\n<div class=\"wp-block-image\">\n<figure class=\"alignright size-full is-resized\"><img loading=\"lazy\" decoding=\"async\" width=\"166\" height=\"117\" src=\"https:\/\/serge-denim.fr\/wp-content\/uploads\/2025\/09\/slim-tapered.png\" alt=\"Momotaro Jeans 0200 Standard Tapered 147oz. \" class=\"wp-image-931\" style=\"width:250px\"\/><figcaption class=\"wp-element-caption\">Momotaro Jeans 0200 Standard Tapered 147oz. (momotaro-jeans.com)<\/figcaption><\/figure>\n<\/div>\n\n\n<p>Le terme&nbsp;Slim Tapered&nbsp;d\u00e9signe une coupe de jean moderne qui combine l\u2019ajustement pr\u00e8s du corps du slim avec le bas fusel\u00e9 du tapered. Le jean slim tapered \u00e9pouse la taille, les hanches et les cuisses de fa\u00e7on ajust\u00e9e, comme un slim, mais sans \u00eatre aussi moulant qu\u2019un skinny. \u00c0 partir du genou, la jambe s\u2019affine de fa\u00e7on progressive pour se resserrer au niveau de la cheville, cr\u00e9ant une forme conique et \u00e9lanc\u00e9e.<\/p>\n\n\n\n<h2 class=\"wp-block-heading\"><strong>Slub \/ Slubby denim<\/strong><\/h2>\n\n\n<div class=\"wp-block-image\">\n<figure class=\"alignright size-full is-resized\"><img loading=\"lazy\" decoding=\"async\" width=\"400\" height=\"208\" src=\"https:\/\/serge-denim.fr\/wp-content\/uploads\/2025\/09\/slubby.png\" alt=\"The Strike Gold SG7109 Super Slubby Series 17oz Slubby Selvedge Denim.\" class=\"wp-image-935\" style=\"width:250px\" srcset=\"https:\/\/serge-denim.fr\/wp-content\/uploads\/2025\/09\/slubby.png 400w, https:\/\/serge-denim.fr\/wp-content\/uploads\/2025\/09\/slubby-300x156.png 300w\" sizes=\"auto, (max-width: 400px) 100vw, 400px\" \/><figcaption class=\"wp-element-caption\">The Strike Gold SG7109 Super Slubby Series 17oz Slubby Selvedge Denim. (klaxon-store.com)<\/figcaption><\/figure>\n<\/div>\n\n\n<p>Slubby denim&nbsp;(ou denim \u00ab\u00a0slub\u00a0\u00bb) d\u00e9signe une&nbsp;toile de denim&nbsp;dont la surface&nbsp;est marqu\u00e9e par&nbsp;des irr\u00e9gularit\u00e9s visibles\u202f: asp\u00e9rit\u00e9s, stries verticales, bosses&nbsp;ou \u00e9paississements al\u00e9atoires du fil. Cette texture&nbsp;vient de l\u2019utilisation de&nbsp;fils de coton&nbsp;volontairement irr\u00e9guliers \u2014 leur&nbsp;\u00e9paisseur varie&nbsp;tout au long&nbsp;du fil, \u00e0 la&nbsp;diff\u00e9rence d\u2019un fil standard, r\u00e9gulier et&nbsp;uniforme <a href=\"https:\/\/borasification.com\/lexique-denim-slub\/\" target=\"_blank\" rel=\"noreferrer noopener\">148<\/a> <a href=\"https:\/\/stridewise.com\/slubby-denim-vs-neppy-denim\/\" target=\"_blank\" rel=\"noreferrer noopener\">149<\/a> <a href=\"https:\/\/blog.denimio.com\/10-jeans-with-slubbiest-denim-texture\/?lang=us\" target=\"_blank\" rel=\"noreferrer noopener\">150<\/a>.<\/p>\n\n\n\n<h2 class=\"wp-block-heading\"><strong>Slub Yarn<\/strong><\/h2>\n\n\n<div class=\"wp-block-image\">\n<figure class=\"alignright size-full is-resized\"><img loading=\"lazy\" decoding=\"async\" width=\"400\" height=\"249\" src=\"https:\/\/serge-denim.fr\/wp-content\/uploads\/2025\/09\/Slub-cotton-yarn.png\" alt=\"Slub Cotton Yarn\" class=\"wp-image-937\" style=\"width:250px\" srcset=\"https:\/\/serge-denim.fr\/wp-content\/uploads\/2025\/09\/Slub-cotton-yarn.png 400w, https:\/\/serge-denim.fr\/wp-content\/uploads\/2025\/09\/Slub-cotton-yarn-300x187.png 300w\" sizes=\"auto, (max-width: 400px) 100vw, 400px\" \/><figcaption class=\"wp-element-caption\">Slub Cotton Yarn.<\/figcaption><\/figure>\n<\/div>\n\n\n<p>Le&nbsp;slub yarn&nbsp;d\u00e9signe un fil de coton fait avec des variations intentionnelles d\u2019\u00e9paisseur tout au long de sa longueur, cr\u00e9ant des zones plus \u00e9paisses appel\u00e9es \u00ab\u2009slubs\u2009\u00bb. Cela donne au tissu une texture irr\u00e9guli\u00e8re, avec des bosses visibles qui offrent un aspect artisanal et vintage. En tissage, on utilise souvent une technique appel\u00e9e \u00ab\u2009loom chatter\u2009\u00bb pour accentuer cette texture unique. Le slub denim se distingue par ses motifs de d\u00e9coloration verticale dus \u00e0 ces irr\u00e9gularit\u00e9s de fil&nbsp;<a href=\"https:\/\/www.heddels.com\/2013\/09\/knowing-your-raw-denim-slub-and-nep\/\" target=\"_blank\" rel=\"noreferrer noopener\">151<\/a> <a href=\"https:\/\/stridewise.com\/slubby-denim-vs-neppy-denim\/\" target=\"_blank\" rel=\"noreferrer noopener\">152<\/a> <a href=\"https:\/\/www.gzhenrytextile.com\/blogs\/a-complete-guide-to-slub-denim\" target=\"_blank\" rel=\"noreferrer noopener\">153<\/a> <a href=\"https:\/\/www.klothingo.com\/knowing-your-raw-denim-slub-and-nep\/\" target=\"_blank\" rel=\"noreferrer noopener\">155<\/a>.<\/p>\n\n\n\n<h2 class=\"wp-block-heading\"><strong>Standard tapered<\/strong><\/h2>\n\n\n<div class=\"wp-block-image\">\n<figure class=\"alignright size-full is-resized\"><img loading=\"lazy\" decoding=\"async\" width=\"400\" height=\"228\" src=\"https:\/\/serge-denim.fr\/wp-content\/uploads\/2025\/09\/standard-tapered-1.png\" alt=\"Momotaro Jeans 0200 Standard Tapered 147oz. \" class=\"wp-image-939\" style=\"width:250px\" srcset=\"https:\/\/serge-denim.fr\/wp-content\/uploads\/2025\/09\/standard-tapered-1.png 400w, https:\/\/serge-denim.fr\/wp-content\/uploads\/2025\/09\/standard-tapered-1-300x171.png 300w\" sizes=\"auto, (max-width: 400px) 100vw, 400px\" \/><figcaption class=\"wp-element-caption\">Momotaro Jeans 0200 Standard Tapered 147oz. (momotaro-jeans.com)<\/figcaption><\/figure>\n<\/div>\n\n\n<p>Le&nbsp;Standard tapered&nbsp;(ou \u201ctapered fit\u201d) d\u00e9signe une coupe&nbsp;de jean interm\u00e9diaire, parfaitement&nbsp;\u00e9quilibr\u00e9e entre&nbsp;le confort ample&nbsp;et la ligne moderne. La coupe&nbsp;est confortable&nbsp;au niveau des&nbsp;hanches et des&nbsp;cuisses, parfois&nbsp;rappelant la&nbsp;coupe \u00ab\u00a0regular\u00a0\u00bb\u202f: elle&nbsp;ne comprime pas, ce qui a rend&nbsp;id\u00e9ale pour des&nbsp;morphologies diverses, notamment pour&nbsp;ceux qui ont&nbsp;les cuisses muscl\u00e9es ou une silhouette&nbsp;athl\u00e9tique. \u00c0&nbsp;partir du genou, la jambe se&nbsp;resserre graduellement vers&nbsp;la cheville. Ce&nbsp;r\u00e9tr\u00e9cissement cr\u00e9e&nbsp;une silhouette&nbsp;conique, dite&nbsp;\u00ab\u00a0fusel\u00e9e\u00a0\u00bb, qui&nbsp;affine sans coller \u00e0 la peau&nbsp;et \u00e9vite l\u2019effet moulant du slim ou&nbsp;du skinny.<\/p>\n\n\n\n<h2 class=\"wp-block-heading\"><strong>Stonewash<\/strong><\/h2>\n\n\n<div class=\"wp-block-image\">\n<figure class=\"alignright size-full is-resized\"><img loading=\"lazy\" decoding=\"async\" width=\"400\" height=\"245\" src=\"https:\/\/serge-denim.fr\/wp-content\/uploads\/2025\/09\/Stonewash.png\" alt=\"Stonewash\" class=\"wp-image-942\" style=\"width:250px\" srcset=\"https:\/\/serge-denim.fr\/wp-content\/uploads\/2025\/09\/Stonewash.png 400w, https:\/\/serge-denim.fr\/wp-content\/uploads\/2025\/09\/Stonewash-300x184.png 300w\" sizes=\"auto, (max-width: 400px) 100vw, 400px\" \/><figcaption class=\"wp-element-caption\">Stonewash<\/figcaption><\/figure>\n<\/div>\n\n\n<p>Le stonewash&nbsp;(\u00ab\u2009d\u00e9lavage \u00e0 la pierre\u2009\u00bb) d\u00e9signe un proc\u00e9d\u00e9 industriel de finition du denim, con\u00e7u pour donner aux jeans un aspect us\u00e9, patin\u00e9 et assoupli, comme s\u2019ils avaient d\u00e9j\u00e0 \u00e9t\u00e9 port\u00e9s pendant des ann\u00e9es.<\/p>\n\n\n\n<h2 class=\"wp-block-heading\"><strong>Straight tapered<\/strong><\/h2>\n\n\n<div class=\"wp-block-image\">\n<figure class=\"alignright size-full is-resized\"><img loading=\"lazy\" decoding=\"async\" width=\"400\" height=\"233\" src=\"https:\/\/serge-denim.fr\/wp-content\/uploads\/2025\/09\/PBJ_SN-019_Snow_Denim.png\" alt=\"Pure Blue Japan SN-019 Snow Denim Jeans - Straight Tapered.\" class=\"wp-image-945\" style=\"width:250px\" srcset=\"https:\/\/serge-denim.fr\/wp-content\/uploads\/2025\/09\/PBJ_SN-019_Snow_Denim.png 400w, https:\/\/serge-denim.fr\/wp-content\/uploads\/2025\/09\/PBJ_SN-019_Snow_Denim-300x175.png 300w\" sizes=\"auto, (max-width: 400px) 100vw, 400px\" \/><figcaption class=\"wp-element-caption\">Pure Blue Japan SN-019 Snow Denim Jeans &#8211; Straight Tapered. (selfedge.com)<\/figcaption><\/figure>\n<\/div>\n\n\n<p>Le Straight tapered&nbsp;d\u00e9signe une coupe de jean qui combine deux caract\u00e9ristiques cl\u00e9s : une jambe initialement droite sur la partie haute (hanche et cuisse) puis un r\u00e9tr\u00e9cissement progressif \u00e0 partir du genou jusqu\u2019\u00e0 la cheville. Contrairement \u00e0 un jean slim ou tapered classique, la coupe est droite au niveau des hanches et des cuisses, offrant ainsi plus d\u2019aisance et de confort sur cette zone. \u00c0 partir du genou, la jambe se resserre progressivement, cr\u00e9ant une silhouette fusel\u00e9e vers la cheville.<\/p>\n\n\n\n<h2 class=\"wp-block-heading\"><strong>Super Low Tension<\/strong><\/h2>\n\n\n<div class=\"wp-block-image\">\n<figure class=\"alignright size-full is-resized\"><img loading=\"lazy\" decoding=\"async\" width=\"400\" height=\"280\" src=\"https:\/\/serge-denim.fr\/wp-content\/uploads\/2025\/09\/Super-low-tension.png\" alt=\"Oni Denim ONI-222 &quot;Super Low Tension&quot;   15oz. \" class=\"wp-image-948\" style=\"width:250px\" srcset=\"https:\/\/serge-denim.fr\/wp-content\/uploads\/2025\/09\/Super-low-tension.png 400w, https:\/\/serge-denim.fr\/wp-content\/uploads\/2025\/09\/Super-low-tension-300x210.png 300w\" sizes=\"auto, (max-width: 400px) 100vw, 400px\" \/><figcaption class=\"wp-element-caption\">Oni Denim ONI-222 \u00ab\u00a0Super Low Tension\u00a0\u00bb 15oz. (dant.us)<\/figcaption><\/figure>\n<\/div>\n\n\n<p>Super Low Tension&nbsp;d\u00e9signe un&nbsp;mode de tissage du denim&nbsp;dans lequel les fils de cha\u00eene et de trame sont tendus au minimum sur le m\u00e9tier \u00e0 tisser, souvent sur des m\u00e9tiers \u00e0 navette anciens. Cette tension r\u00e9duite est pouss\u00e9e \u00e0 l\u2019extr\u00eame (\u00ab super low \u00bb) dans certains denims japonais, notamment avec des marques comme ONI Denim.<\/p>\n\n\n\n<h2 class=\"wp-block-heading\"><strong>Suvin Gold<\/strong><\/h2>\n\n\n<div class=\"wp-block-image\">\n<figure class=\"alignright size-full is-resized\"><img loading=\"lazy\" decoding=\"async\" width=\"400\" height=\"201\" src=\"https:\/\/serge-denim.fr\/wp-content\/uploads\/2025\/09\/suvin-gold.png\" alt=\"Suvin Gold Cotton. \" class=\"wp-image-951\" style=\"width:250px\" srcset=\"https:\/\/serge-denim.fr\/wp-content\/uploads\/2025\/09\/suvin-gold.png 400w, https:\/\/serge-denim.fr\/wp-content\/uploads\/2025\/09\/suvin-gold-300x151.png 300w\" sizes=\"auto, (max-width: 400px) 100vw, 400px\" \/><figcaption class=\"wp-element-caption\">Suvin Gold Cotton. (englishfinecottons.co.uk)<\/figcaption><\/figure>\n<\/div>\n\n\n<p>Le&nbsp;Suvin Gold&nbsp;est consid\u00e9r\u00e9&nbsp;comme l\u2019un des&nbsp;cotons les plus&nbsp;pr\u00e9cieux et luxueux au monde, recherch\u00e9 notamment&nbsp;pour la confection&nbsp;de v\u00eatements&nbsp;haut de gamme, dont certains&nbsp;jeans japonais&nbsp;d\u2019exception. Le Suvin Gold&nbsp;est issu du croisement entre&nbsp;le coton indien&nbsp;Sujata et le&nbsp;Sea Island cotton&nbsp;de Saint-Vincent (Cara\u00efbes). La fibre est ultra fine et tr\u00e8s longue, avec un touch\u00e9 in\u00e9gal\u00e9.<\/p>\n\n\n\n<h2 class=\"wp-block-heading\"><strong>Tag Size<\/strong><\/h2>\n\n\n<div class=\"wp-block-image\">\n<figure class=\"alignright size-full is-resized\"><img loading=\"lazy\" decoding=\"async\" width=\"400\" height=\"290\" src=\"https:\/\/serge-denim.fr\/wp-content\/uploads\/2025\/09\/tag-size.png\" alt=\"Tag size sur jacron The Flat Head FN-3002 14,5oz. \" class=\"wp-image-957\" style=\"width:250px\" srcset=\"https:\/\/serge-denim.fr\/wp-content\/uploads\/2025\/09\/tag-size.png 400w, https:\/\/serge-denim.fr\/wp-content\/uploads\/2025\/09\/tag-size-300x218.png 300w\" sizes=\"auto, (max-width: 400px) 100vw, 400px\" \/><figcaption class=\"wp-element-caption\">Tag size W34 L36 sur jacron The Flat Head FN-3002 14,5oz. DR<\/figcaption><\/figure>\n<\/div>\n\n\n<p>Le Tag Size (ou \u00ab\u202ftaille indiqu\u00e9e sur l\u2019\u00e9tiquette\u202f\u00bb) fait&nbsp;r\u00e9f\u00e9rence \u00e0 la&nbsp;taille officielle&nbsp;inscrite sur&nbsp;l\u2019\u00e9tiquette du&nbsp;jean, g\u00e9n\u00e9ralement&nbsp;exprim\u00e9e en pouces&nbsp;selon le syst\u00e8me&nbsp;international&nbsp;standard. Elle&nbsp;correspond \u00e0&nbsp;la taille pr\u00e9vue&nbsp;par le fabricant\u202f\u2014 mais il faut&nbsp;noter qu\u2019il existe&nbsp;parfois des diff\u00e9rences&nbsp;entre la taille&nbsp;r\u00e9elle (apr\u00e8s lavage, usure ou en&nbsp;fonction de la&nbsp;coupe) et la&nbsp;taille indiqu\u00e9e <a href=\"https:\/\/www.reddit.com\/r\/Flipping\/comments\/63niq7\/how_can_you_list_jeans_when_the_size_is_different\/\" target=\"_blank\" rel=\"noreferrer noopener\">161<\/a> <a href=\"https:\/\/www.thosethatknow.co.uk\/about\/how-we-measure-denim\/\" target=\"_blank\" rel=\"noreferrer noopener\">162<\/a> <a href=\"https:\/\/kiwisizing.com\/blog\/how-to-measure-jeans\/\" target=\"_blank\" rel=\"noreferrer noopener\">163<\/a>.<\/p>\n\n\n\n<h2 class=\"wp-block-heading\"><strong>Tapered<\/strong><\/h2>\n\n\n<div class=\"wp-block-image\">\n<figure class=\"alignright size-full is-resized\"><img loading=\"lazy\" decoding=\"async\" width=\"371\" height=\"273\" src=\"https:\/\/serge-denim.fr\/wp-content\/uploads\/2025\/09\/tapered-1.png\" alt=\"Fullcount 1110 \u2013 Tapered Denim 13,7oz.\" class=\"wp-image-961\" style=\"width:250px\" srcset=\"https:\/\/serge-denim.fr\/wp-content\/uploads\/2025\/09\/tapered-1.png 371w, https:\/\/serge-denim.fr\/wp-content\/uploads\/2025\/09\/tapered-1-300x221.png 300w\" sizes=\"auto, (max-width: 371px) 100vw, 371px\" \/><figcaption class=\"wp-element-caption\">Fullcount 1110 \u2013 Tapered Denim 13,7oz. (fullcount.co)<\/figcaption><\/figure>\n<\/div>\n\n\n<p>Le&nbsp;tapered&nbsp;d\u00e9signe une coupe de jean o\u00f9 la jambe est plus large au niveau des hanches et des cuisses, puis se resserre progressivement vers la cheville, cr\u00e9ant une forme \u00ab fusel\u00e9e \u00bb ou conique. La partie haute de la jambe (hanche et cuisse) offre une aisance plus importante, souvent confortable pour les morphologies larges ou muscl\u00e9es. La jambe se r\u00e9tr\u00e9cit progressivement \u00e0 partir du genou jusqu\u2019\u00e0 la cheville, ce qui permet d\u2019avoir un effet \u00e9lanc\u00e9 sans \u00eatre moulant sur toute la longueur.<\/p>\n\n\n\n<h2 class=\"wp-block-heading\"><strong>Ticket pocket<\/strong> \/ <strong>Watch pocket \/ Coin pocket<\/strong><\/h2>\n\n\n<div class=\"wp-block-image\">\n<figure class=\"alignright size-full is-resized\"><img loading=\"lazy\" decoding=\"async\" width=\"400\" height=\"300\" src=\"https:\/\/serge-denim.fr\/wp-content\/uploads\/2025\/09\/Pocket-ticket.jpg\" alt=\"Ticket pocket \/ Watch pocket \/ Coin pocket Sugar Cane 2021 Model 14,25oz. DR\" class=\"wp-image-1009\" style=\"width:250px\" srcset=\"https:\/\/serge-denim.fr\/wp-content\/uploads\/2025\/09\/Pocket-ticket.jpg 400w, https:\/\/serge-denim.fr\/wp-content\/uploads\/2025\/09\/Pocket-ticket-300x225.jpg 300w\" sizes=\"auto, (max-width: 400px) 100vw, 400px\" \/><figcaption class=\"wp-element-caption\">Ticket pocket \/ Watch pocket \/ Coin pocket Sugar Cane 2021 Model 14,25oz. DR<\/figcaption><\/figure>\n<\/div>\n\n\n<p>Le ticket pocket&nbsp;d\u00e9signe une petite poche suppl\u00e9mentaire, traditionnellement plac\u00e9e au-dessus de la poche principale, \u00e0 droite, sur un jean. Cette poche (souvent appel\u00e9e en fran\u00e7ais \u00ab poche ticket \u00bb, \u00ab coin pocket \u00bb, \u00ab poche gousset \u00bb ou m\u00eame \u00ab watch pocket \u00bb) est ce fameux petit compartiment cousu \u00e0 l&rsquo;int\u00e9rieur de la poche avant droite du jean. Initialement, sur les jeans, cette poche a \u00e9t\u00e9 con\u00e7ue par Levi Strauss au XIX\u1d49 si\u00e8cle pour prot\u00e9ger les montres \u00e0 gousset des cow-boys, d&rsquo;o\u00f9 le nom originel anglais \u00ab watch pocket \u00bb. Au fil du temps et selon les \u00e9poques, elle a aussi \u00e9t\u00e9 utilis\u00e9e pour garder des tickets de train, de la monnaie ou d&rsquo;autres objets petits et pr\u00e9cieux \u2014 d&rsquo;o\u00f9 son nom de \u00ab ticket pocket \u00bb <a href=\"https:\/\/www.elle.fr\/Mode\/Jeans\/On-sait-enfin-a-quoi-sert-la-petite-poche-sur-le-jean-3687554\" target=\"_blank\" rel=\"noreferrer noopener\">164<\/a> <a href=\"https:\/\/www.caminteresse.fr\/insolite\/a-quoi-sert-la-petite-poche-sur-un-jeans-11192837\/\" target=\"_blank\" rel=\"noreferrer noopener\">165<\/a> <a href=\"https:\/\/vitrinelinguistique.oqlf.gouv.qc.ca\/fiche-gdt\/fiche\/2073407\/poche-ticket\" target=\"_blank\" rel=\"noreferrer noopener\">166<\/a>.<\/p>\n\n\n\n<h2 class=\"wp-block-heading\"><strong>Thigh<\/strong><\/h2>\n\n\n<div class=\"wp-block-image\">\n<figure class=\"alignright size-full is-resized\"><img loading=\"lazy\" decoding=\"async\" width=\"400\" height=\"243\" src=\"https:\/\/serge-denim.fr\/wp-content\/uploads\/2025\/09\/tight.png\" alt=\"Mesure de la cuisse (Thigh). \" class=\"wp-image-963\" style=\"width:250px\" srcset=\"https:\/\/serge-denim.fr\/wp-content\/uploads\/2025\/09\/tight.png 400w, https:\/\/serge-denim.fr\/wp-content\/uploads\/2025\/09\/tight-300x182.png 300w\" sizes=\"auto, (max-width: 400px) 100vw, 400px\" \/><figcaption class=\"wp-element-caption\">Mesure de la cuisse (Thigh).(dc4.de)<\/figcaption><\/figure>\n<\/div>\n\n\n<p>Le thigh&nbsp;en anglais d\u00e9signe la&nbsp;cuisse. Dans l\u2019univers du denim et des coupes de jeans, il s\u2019agit d\u2019une zone cl\u00e9 pour le confort et le style. Le niveau de \u00ab\u202fthigh room\u202f\u00bb (espace \u00e0 la cuisse) est d\u00e9terminant dans le choix d\u2019une coupe de jean. Les coupes&nbsp;straight,&nbsp;regular,&nbsp;tapered&nbsp;ou&nbsp;relaxed&nbsp;offrent g\u00e9n\u00e9ralement plus d\u2019aisance sur cette partie, ce qui convient \u00e0 ceux qui ont des cuisses muscl\u00e9es ou qui souhaitent plus de confort.<\/p>\n\n\n\n<h2 class=\"wp-block-heading\"><strong>Topstitch<\/strong><\/h2>\n\n\n<div class=\"wp-block-image\">\n<figure class=\"alignright size-full is-resized\"><img loading=\"lazy\" decoding=\"async\" width=\"400\" height=\"225\" src=\"https:\/\/serge-denim.fr\/wp-content\/uploads\/2025\/09\/topstitch.png\" alt=\"Tostitch\" class=\"wp-image-965\" style=\"width:250px\" srcset=\"https:\/\/serge-denim.fr\/wp-content\/uploads\/2025\/09\/topstitch.png 400w, https:\/\/serge-denim.fr\/wp-content\/uploads\/2025\/09\/topstitch-300x169.png 300w\" sizes=\"auto, (max-width: 400px) 100vw, 400px\" \/><figcaption class=\"wp-element-caption\">Topstitch. (thelaststitch.com)<\/figcaption><\/figure>\n<\/div>\n\n\n<p>Le&nbsp;topstitch&nbsp;(ou \u00ab\u202fsurpiq\u00fbre\u202f\u00bb en fran\u00e7ais) est une couture apparente r\u00e9alis\u00e9e sur le dessus du tissu, souvent avec un fil contrastant ou \u00e9pais, utilis\u00e9e \u00e0 la fois pour des raisons esth\u00e9tiques et de renfort dans la confection des jeans. Elle est souvent r\u00e9alis\u00e9e en fil dor\u00e9, orange ou contrastant, ce qui est devenu un code visuel embl\u00e9matique du denim.<\/p>\n\n\n\n<h2 class=\"wp-block-heading\"><strong>Toyoda&nbsp;G3<\/strong><\/h2>\n\n\n<div class=\"wp-block-image\">\n<figure class=\"alignright size-full is-resized\"><img loading=\"lazy\" decoding=\"async\" width=\"400\" height=\"254\" src=\"https:\/\/serge-denim.fr\/wp-content\/uploads\/2025\/09\/toyoda-g3.png\" alt=\"Toyoda G3. \" class=\"wp-image-966\" style=\"width:250px\" srcset=\"https:\/\/serge-denim.fr\/wp-content\/uploads\/2025\/09\/toyoda-g3.png 400w, https:\/\/serge-denim.fr\/wp-content\/uploads\/2025\/09\/toyoda-g3-300x191.png 300w\" sizes=\"auto, (max-width: 400px) 100vw, 400px\" \/><figcaption class=\"wp-element-caption\">Toyoda G3. (atriumsf.com)<\/figcaption><\/figure>\n<\/div>\n\n\n<p>Le&nbsp;Toyoda G3&nbsp;est un m\u00e9tier \u00e0 tisser \u00e0 navette historique, embl\u00e9matique de la tradition textile japonaise et de la fabrication du denim selvedge haut de gamme. Invent\u00e9 dans les ann\u00e9es 1950&nbsp;au Japon par la soci\u00e9t\u00e9 Toyoda (aujourd\u2019hui Toyota), le G3 est une \u00e9volution du c\u00e9l\u00e8bre m\u00e9tier \u00e0 tisser automatique Type G mis au point par Sakichi Toyoda en 1924, qui introduisit pour la premi\u00e8re fois un syst\u00e8me automatique de changement de navette, r\u00e9volutionnant la productivit\u00e9 textile <a href=\"https:\/\/www.atriumsf.com\/g3denim.html\" target=\"_blank\" rel=\"noreferrer noopener\">167<\/a> <a href=\"https:\/\/www.tcmit.org\/english\/research\/textile\/fiber03\" target=\"_blank\" rel=\"noreferrer noopener\">168<\/a> <a href=\"https:\/\/indigoshrimp.wordpress.com\/2019\/04\/\" target=\"_blank\" rel=\"noreferrer noopener\">169<\/a>.<\/p>\n\n\n\n<p>Il fait partie des tout premiers m\u00e9tiers m\u00e9caniques utilis\u00e9s pour la fabrication industrielle de tissus au Japon, notamment apr\u00e8s la Seconde Guerre mondiale, marquant une \u00e9tape cl\u00e9 dans la modernisation du pays. Ces m\u00e9tiers \u00e0 tisser \u00e9taient capables de produire du tissu de qualit\u00e9 comparable aux standards am\u00e9ricains de l\u2019\u00e9poque <a href=\"https:\/\/indigoshrimp.wordpress.com\/2019\/04\/\" target=\"_blank\" rel=\"noreferrer noopener\">170<\/a> <a href=\"https:\/\/www.tcmit.org\/english\/research\/textile\/fiber03\" target=\"_blank\" rel=\"noreferrer noopener\">171<\/a>.<\/p>\n\n\n\n<h2 class=\"wp-block-heading\"><strong>Toyoda&nbsp;GL-9<\/strong><\/h2>\n\n\n<div class=\"wp-block-image\">\n<figure class=\"alignright size-full is-resized\"><img loading=\"lazy\" decoding=\"async\" width=\"400\" height=\"245\" src=\"https:\/\/serge-denim.fr\/wp-content\/uploads\/2025\/09\/toyoda-gl-9.png\" alt=\"Toyoda GL-9.\" class=\"wp-image-967\" style=\"width:250px\" srcset=\"https:\/\/serge-denim.fr\/wp-content\/uploads\/2025\/09\/toyoda-gl-9.png 400w, https:\/\/serge-denim.fr\/wp-content\/uploads\/2025\/09\/toyoda-gl-9-300x184.png 300w\" sizes=\"auto, (max-width: 400px) 100vw, 400px\" \/><figcaption class=\"wp-element-caption\">Toyoda GL-9. (collect-denim.jp)<\/figcaption><\/figure>\n<\/div>\n\n\n<p>Le Toyoda GL-9 est un m\u00e9tier \u00e0 tisser automatique \u00e0 navette d\u00e9velopp\u00e9 par Toyota Industries, con\u00e7u pour remplacer automatiquement la navette pendant le tissage sans r\u00e9duire la vitesse de production. Introduit dans les ann\u00e9es 1920 sous la forme du \u00ab\u00a0Type G\u00a0\u00bb pour am\u00e9liorer la productivit\u00e9 et la qualit\u00e9 des tissus, le GL-9 est une version vintage de cette s\u00e9rie de m\u00e9tiers \u00e0 tisser \u00e0 navette qui ont \u00e9t\u00e9 produits jusqu&rsquo;\u00e0 la fin des ann\u00e9es 1980. Ce m\u00e9tier fonctionne \u00e0 une vitesse mod\u00e9r\u00e9e (environ 160 \u00e0 180 rotations par minute), offrant un tissu avec une finition unique et irr\u00e9guli\u00e8re proche du tissage \u00e0 la main, tr\u00e8s pris\u00e9e notamment dans la fabrication de denim selvedge. Les GL-9 n\u00e9cessitent un entretien sp\u00e9cialis\u00e9 et des pi\u00e8ces de rechange rares, ce qui en fait des machines pr\u00e9cieuses dans les usines qui valorisent le tissu artisanal traditionnel <a href=\"https:\/\/japanblue-jeans.com\/toyota-industries-corp-g-type-automatic-loom-gl9\" target=\"_blank\" rel=\"noreferrer noopener\">172<\/a>.<\/p>\n\n\n\n<h2 class=\"wp-block-heading\"><strong>Two horse patch<\/strong><\/h2>\n\n\n<div class=\"wp-block-image\">\n<figure class=\"alignright size-large is-resized\"><img loading=\"lazy\" decoding=\"async\" width=\"1024\" height=\"589\" src=\"https:\/\/serge-denim.fr\/wp-content\/uploads\/2025\/09\/two-horses-ptatch-1890-1024x589.png\" alt=\"Two Horses patch de 1890.\" class=\"wp-image-970\" style=\"width:250px\" srcset=\"https:\/\/serge-denim.fr\/wp-content\/uploads\/2025\/09\/two-horses-ptatch-1890-1024x589.png 1024w, https:\/\/serge-denim.fr\/wp-content\/uploads\/2025\/09\/two-horses-ptatch-1890-300x173.png 300w, https:\/\/serge-denim.fr\/wp-content\/uploads\/2025\/09\/two-horses-ptatch-1890-768x442.png 768w, https:\/\/serge-denim.fr\/wp-content\/uploads\/2025\/09\/two-horses-ptatch-1890-1536x883.png 1536w, https:\/\/serge-denim.fr\/wp-content\/uploads\/2025\/09\/two-horses-ptatch-1890-624x359.png 624w, https:\/\/serge-denim.fr\/wp-content\/uploads\/2025\/09\/two-horses-ptatch-1890.png 1753w\" sizes=\"auto, (max-width: 1024px) 100vw, 1024px\" \/><figcaption class=\"wp-element-caption\">Two Horses patch de 1890. (levistrauss.com\/)<\/figcaption><\/figure>\n<\/div>\n\n\n<p>Le&nbsp;Two Horse Patch&nbsp;est l\u2019embl\u00e9matique \u00e9cusson cousu \u00e0 l\u2019arri\u00e8re des jeans Levi\u2019s\u00ae, repr\u00e9sentant deux chevaux tirant en sens oppos\u00e9 sur un m\u00eame pantalon, pour d\u00e9montrer la solidit\u00e9 de la toile de jeans. Ce logo existe depuis 1886 et fait partie int\u00e9grante de l\u2019histoire du denim.<\/p>\n\n\n\n<h2 class=\"wp-block-heading\"><strong>Twill (Serg\u00e9)<\/strong><\/h2>\n\n\n<div class=\"wp-block-image\">\n<figure class=\"alignright size-full is-resized\"><img loading=\"lazy\" decoding=\"async\" width=\"400\" height=\"233\" src=\"https:\/\/serge-denim.fr\/wp-content\/uploads\/2025\/09\/twill-serge-1.png\" alt=\"Les trois twills du denim : Right-Hand Twill (RHT), Left-Hand Twill (LHT) et Broken Twill (BT).\" class=\"wp-image-984\" style=\"width:250px\" srcset=\"https:\/\/serge-denim.fr\/wp-content\/uploads\/2025\/09\/twill-serge-1.png 400w, https:\/\/serge-denim.fr\/wp-content\/uploads\/2025\/09\/twill-serge-1-300x175.png 300w\" sizes=\"auto, (max-width: 400px) 100vw, 400px\" \/><figcaption class=\"wp-element-caption\">Les trois twills du denim : Right-Hand Twill (RHT), Left-Hand Twill (LHT) et Broken Twill (BT). (long-john.nl)<\/figcaption><\/figure>\n<\/div>\n\n\n<p><\/p>\n\n\n\n<p>Le&nbsp;twill&nbsp;(appel\u00e9 en fran\u00e7ais&nbsp;serg\u00e9) est un type de tissage textile caract\u00e9ris\u00e9 par un motif diagonal visible sur la surface du tissu. C\u2019est une technique tr\u00e8s utilis\u00e9e dans la fabrication du denim. Le twill se reconna\u00eet \u00e0 son motif en diagonale form\u00e9 par le tissage des fils de cha\u00eene (vertical) et de trame (horizontal). Cette diagonale est cr\u00e9\u00e9e par le passage r\u00e9gulier du fil de trame au-dessus de plusieurs fils de cha\u00eene puis en dessous d\u2019un ou plusieurs fils, d\u00e9cal\u00e9 sur chaque rang\u00e9e.<\/p>\n\n\n\n<p class=\"has-text-align-right\"><a href=\"#ligne\">Haut de page<\/a><\/p>\n\n\n\n<h1 class=\"wp-block-heading\" id=\"u-z\"><strong><strong>U \u2014 Z<\/strong><\/strong><\/h1>\n\n\n\n<h2 class=\"wp-block-heading\"><strong>Uneven yar<\/strong>n<\/h2>\n\n\n<div class=\"wp-block-image\">\n<figure class=\"alignright size-full is-resized\"><img loading=\"lazy\" decoding=\"async\" width=\"400\" height=\"266\" src=\"https:\/\/serge-denim.fr\/wp-content\/uploads\/2025\/09\/Uneven-yarn.png\" alt=\"Exemple de coton uneven yarn.\" class=\"wp-image-1025\" style=\"width:250px\" srcset=\"https:\/\/serge-denim.fr\/wp-content\/uploads\/2025\/09\/Uneven-yarn.png 400w, https:\/\/serge-denim.fr\/wp-content\/uploads\/2025\/09\/Uneven-yarn-300x200.png 300w\" sizes=\"auto, (max-width: 400px) 100vw, 400px\" \/><figcaption class=\"wp-element-caption\">Exemple de coton uneven yarn.(heddels.com)<\/figcaption><\/figure>\n<\/div>\n\n\n<p>le terme \u00ab\u00a0uneven yarn\u00a0\u00bb se traduit par \u00ab\u00a0fil irr\u00e9gulier\u00a0\u00bb ou \u00ab\u00a0fil \u00e0 \u00e9paisseurs variables\u00a0\u00bb. Il s&rsquo;agit d&rsquo;un fil dont l&rsquo;\u00e9paisseur varie de mani\u00e8re irr\u00e9guli\u00e8re sur toute sa longueur. Ce type de fil pr\u00e9sente des sections plus fines et d&rsquo;autres plus \u00e9paisses, ce qui donne au denim un aspect textur\u00e9, vivant et souvent rustique.<\/p>\n\n\n\n<h2 class=\"wp-block-heading\"><strong>Union Special 43200G<\/strong><\/h2>\n\n\n<div class=\"wp-block-image\">\n<figure class=\"alignright size-full is-resized\"><img loading=\"lazy\" decoding=\"async\" width=\"400\" height=\"363\" src=\"https:\/\/serge-denim.fr\/wp-content\/uploads\/2025\/09\/Union-Special-43200G.png\" alt=\"Modele Union Special 43200G. \" class=\"wp-image-990\" style=\"width:250px\" srcset=\"https:\/\/serge-denim.fr\/wp-content\/uploads\/2025\/09\/Union-Special-43200G.png 400w, https:\/\/serge-denim.fr\/wp-content\/uploads\/2025\/09\/Union-Special-43200G-300x272.png 300w\" sizes=\"auto, (max-width: 400px) 100vw, 400px\" \/><figcaption class=\"wp-element-caption\">Modele Union Special 43200G. (raleighdenim.com)<\/figcaption><\/figure>\n<\/div>\n\n\n<p>La&nbsp;Union Special 43200G&nbsp;est une machine \u00e0 coudre industrielle mythique, consid\u00e9r\u00e9e comme la r\u00e9f\u00e9rence ultime pour l\u2019ourlet en \u00ab\u202fchainstitch\u202f\u00bb (point de cha\u00eenette) sur le denim vintage haut de gamme <a href=\"https:\/\/raleighdenim.com\/pages\/union-special\" target=\"_blank\" rel=\"noreferrer noopener\">173<\/a> <a href=\"https:\/\/www.heddels.com\/2013\/03\/whats-so-special-about-the-union-special-43200g\/\" target=\"_blank\" rel=\"noreferrer noopener\">174<\/a> <a href=\"https:\/\/atlanticstandardbk.com\/blogs\/news\/the-union-special-43200g\" target=\"_blank\" rel=\"noreferrer noopener\">175<\/a>.&nbsp;Invent\u00e9e en 1939, produite jusqu\u2019en 1989, la 43200G a \u00e9t\u00e9 la machine la plus utilis\u00e9e dans le monde du denim am\u00e9ricain pour r\u00e9aliser les ourlets \u00e0 point de cha\u00eenette sur jeans, salopettes et v\u00eatements de travail. \u00c0 l\u2019origine con\u00e7ue pour sceller les sacs industriels, elle a \u00e9t\u00e9 tr\u00e8s t\u00f4t adapt\u00e9e \u00e0 l\u2019ourlet des jeans, en particulier pendant la premi\u00e8re moiti\u00e9 du XXe si\u00e8cle.<\/p>\n\n\n\n<p>La 43200G cr\u00e9e un point de cha\u00eenette r\u00e9put\u00e9 pour g\u00e9n\u00e9rer l\u2019effet appel\u00e9 \u00ab\u202froping\u202f\u00bb\u202f: apr\u00e8s plusieurs lavages, le bord de l\u2019ourlet forme des vagues torsad\u00e9es et irr\u00e9guli\u00e8res, r\u00e9sultat d\u2019un petit \u00ab\u202fd\u00e9faut\u202f\u00bb dans le syst\u00e8me d\u2019entra\u00eenement de la machine (angle d\u2019entr\u00e9e de l\u2019aiguille, diff\u00e9rentiel d\u2019avancement des griffes&#8230;) <a href=\"https:\/\/www.heddels.com\/2013\/03\/whats-so-special-about-the-union-special-43200g\/\" target=\"_blank\" rel=\"noreferrer noopener\">176<\/a> <a href=\"https:\/\/atlanticstandardbk.com\/blogs\/news\/the-union-special-43200g\" target=\"_blank\" rel=\"noreferrer noopener\">177<\/a>.<\/p>\n\n\n\n<h2 class=\"wp-block-heading\"><strong>Unsanforized<\/strong><\/h2>\n\n\n<div class=\"wp-block-image\">\n<figure class=\"alignright size-full is-resized\"><img loading=\"lazy\" decoding=\"async\" width=\"400\" height=\"300\" src=\"https:\/\/serge-denim.fr\/wp-content\/uploads\/2025\/09\/Unsanforized.jpg\" alt=\"ure Blue Japan WSB-019 16oz Unsanforized\" class=\"wp-image-1028\" style=\"width:250px\" srcset=\"https:\/\/serge-denim.fr\/wp-content\/uploads\/2025\/09\/Unsanforized.jpg 400w, https:\/\/serge-denim.fr\/wp-content\/uploads\/2025\/09\/Unsanforized-300x225.jpg 300w\" sizes=\"auto, (max-width: 400px) 100vw, 400px\" \/><figcaption class=\"wp-element-caption\">Pure Blue Japan WSB-019 16oz Unsanforized. (DR)<\/figcaption><\/figure>\n<\/div>\n\n\n<p>Le terme&nbsp;unsanforized&nbsp;d\u00e9signe un denim (ou une toile de coton) qui n\u2019a pas subi le proc\u00e9d\u00e9 de sanforisation\u202f\u2014 c\u2019est-\u00e0-dire&nbsp;aucun traitement de pr\u00e9-r\u00e9tr\u00e9cissement&nbsp;apr\u00e8s le tissage. On l\u2019appelle \u00e9galement \u00ab\u202floomstate\u202f\u00bb ou \u00ab\u202fshrink-to-fit\u202f\u00bb. Cela signifie que le tissu conserve ses caract\u00e9ristiques d\u2019origine, telles qu\u2019\u00e0 la sortie du m\u00e9tier \u00e0 tisser, et qu\u2019il va&nbsp;r\u00e9tr\u00e9cir de fa\u00e7on significative lors du premier lavage ou trempage\u202f: cette perte va de 5 \u00e0 12%, parfois jusqu\u2019\u00e0 10% de la taille du v\u00eatement <a href=\"https:\/\/borasification.com\/le-guide-du-denim-comprendre-toile-jean-conseils-pratiques\/\" target=\"_blank\" rel=\"noreferrer noopener\">178<\/a> <a href=\"https:\/\/denimhunters.com\/denim-wiki\/denim-explained\/sanforization\/\" target=\"_blank\" rel=\"noreferrer noopener\">179<\/a> <a href=\"https:\/\/www.tellason.com\/unsanforized-denim-denim-dictionary\" target=\"_blank\" rel=\"noreferrer noopener\">180<\/a> <a href=\"https:\/\/ninelondon.co.uk\/blogs\/news\/what-is-unsanforized-denim\" target=\"_blank\" rel=\"noreferrer noopener\">181<\/a> <a href=\"https:\/\/www.heddels.com\/2014\/04\/unsanforized-denim-worth\/\" target=\"_blank\" rel=\"noreferrer noopener\">182<\/a>.<\/p>\n\n\n\n<h2 class=\"wp-block-heading\"><strong>Used<\/strong><\/h2>\n\n\n<div class=\"wp-block-image\">\n<figure class=\"alignright size-full is-resized\"><img loading=\"lazy\" decoding=\"async\" width=\"400\" height=\"220\" src=\"https:\/\/serge-denim.fr\/wp-content\/uploads\/2025\/09\/Used.png\" alt=\"OrSlow 105 Used Black 13oz. \" class=\"wp-image-1031\" style=\"width:250px\" srcset=\"https:\/\/serge-denim.fr\/wp-content\/uploads\/2025\/09\/Used.png 400w, https:\/\/serge-denim.fr\/wp-content\/uploads\/2025\/09\/Used-300x165.png 300w\" sizes=\"auto, (max-width: 400px) 100vw, 400px\" \/><figcaption class=\"wp-element-caption\">OrSlow 105 Used Black 13oz. (jinji.fr)<\/figcaption><\/figure>\n<\/div>\n\n\n<p>Le terme&nbsp;used d\u00e9signe tout&nbsp;v\u00eatement en jean&nbsp;(jeans, vestes, etc.) qui&nbsp;a d\u00e9j\u00e0 \u00e9t\u00e9 port\u00e9&nbsp;ou vendu au moins&nbsp;une fois\u202f\u2014 c\u2019est l\u2019\u00e9quivalent de&nbsp;seconde main&nbsp;ou&nbsp;d\u2019occasion. Un&nbsp;jean \u00ab\u00a0used\u00a0\u00bb n\u2019est donc plus&nbsp;neuf\u202f: il peut&nbsp;avoir \u00e9t\u00e9 achet\u00e9&nbsp;dans une boutique, port\u00e9 puis remis&nbsp;sur le march\u00e9&nbsp;via le troc, le&nbsp;don, la revente (boutiques&nbsp;vintage, friperies, plateformes&nbsp;de revente\u2026).<\/p>\n\n\n\n<h2 class=\"wp-block-heading\"><strong>Vintage tapered<\/strong><\/h2>\n\n\n<div class=\"wp-block-image\">\n<figure class=\"alignright size-full is-resized\"><img loading=\"lazy\" decoding=\"async\" width=\"400\" height=\"226\" src=\"https:\/\/serge-denim.fr\/wp-content\/uploads\/2025\/09\/vintage-tapered.png\" alt=\"Momotaro 0101 Vintage narrow tapered 15.7oz. (denimio.com)\" class=\"wp-image-994\" style=\"width:250px\" srcset=\"https:\/\/serge-denim.fr\/wp-content\/uploads\/2025\/09\/vintage-tapered.png 400w, https:\/\/serge-denim.fr\/wp-content\/uploads\/2025\/09\/vintage-tapered-300x170.png 300w\" sizes=\"auto, (max-width: 400px) 100vw, 400px\" \/><figcaption class=\"wp-element-caption\">Momotaro 0101 Vintage narrow tapered 15.7oz.<\/figcaption><\/figure>\n<\/div>\n\n\n<p>Le vintage tapered&nbsp;d\u00e9signe une coupe de jean inspir\u00e9e des anciennes tendances, caract\u00e9ris\u00e9e par une silhouette fusel\u00e9e (tapered) associ\u00e9e \u00e0 des d\u00e9tails ou des mati\u00e8res \u00e0 l\u2019aspect vintage. La jambe est plus large au niveau des hanches\/cuisses puis se r\u00e9tr\u00e9cit graduellement vers la cheville, cr\u00e9ant une forme conique. Cela offre de l\u2019aisance sur le haut de la jambe et une finition ajust\u00e9e et moderne vers le bas.<\/p>\n\n\n\n<h2 class=\"wp-block-heading\"><strong>V-Stitch<\/strong><\/h2>\n\n\n<div class=\"wp-block-image\">\n<figure class=\"alignright size-full is-resized\"><img loading=\"lazy\" decoding=\"async\" width=\"390\" height=\"376\" src=\"https:\/\/serge-denim.fr\/wp-content\/uploads\/2025\/09\/v-stitch.png\" alt=\"V-Stitch sur Sugar Caner 2021 Model 14,25oz. DR\" class=\"wp-image-1014\" style=\"width:250px\" srcset=\"https:\/\/serge-denim.fr\/wp-content\/uploads\/2025\/09\/v-stitch.png 390w, https:\/\/serge-denim.fr\/wp-content\/uploads\/2025\/09\/v-stitch-300x289.png 300w\" sizes=\"auto, (max-width: 390px) 100vw, 390px\" \/><figcaption class=\"wp-element-caption\">V-Stitch sur Sugar Caner 2021 Model 14,25oz. DR<\/figcaption><\/figure>\n<\/div>\n\n\n<p>Le&nbsp;V-Stitch&nbsp;(ou \u00ab couture en V \u00bb) est une couture sp\u00e9cifique que l\u2019on retrouve principalement sur les jeans Levi\u2019s vintage, notamment les mod\u00e8les 501 produits avant 1970. Cette couture est positionn\u00e9e \u00e0 l&rsquo;int\u00e9rieur de la braguette, juste en dessous du bouton principal\u202f: elle forme alors un petit \u00ab\u202fV\u202f\u00bb invers\u00e9. On la trouve d\u00e9sormais aussi sur des jeans japonais ou dans certaines s\u00e9ries Levi\u2019s Vintage Clothing <a href=\"https:\/\/borasification.com\/lexique-denim-v-stitch\/\" target=\"_blank\" rel=\"noreferrer noopener\">183<\/a> <a href=\"https:\/\/denimhunters.com\/denim-wiki\/jeans-anatomy\/v-stitch\/\" target=\"_blank\" rel=\"noreferrer noopener\">184<\/a><\/p>\n\n\n\n<h2 class=\"wp-block-heading\"><strong>Vidalia Mills<\/strong><\/h2>\n\n\n<div class=\"wp-block-image\">\n<figure class=\"alignright size-full is-resized\"><img loading=\"lazy\" decoding=\"async\" width=\"400\" height=\"223\" src=\"https:\/\/serge-denim.fr\/wp-content\/uploads\/2025\/09\/vidalia-mills.png\" alt=\"Atelier Vidalia Mills.\" class=\"wp-image-992\" style=\"width:250px\" srcset=\"https:\/\/serge-denim.fr\/wp-content\/uploads\/2025\/09\/vidalia-mills.png 400w, https:\/\/serge-denim.fr\/wp-content\/uploads\/2025\/09\/vidalia-mills-300x167.png 300w\" sizes=\"auto, (max-width: 400px) 100vw, 400px\" \/><figcaption class=\"wp-element-caption\">Atelier Vidalia Mills \u2013 (wordofthread.com)<\/figcaption><\/figure>\n<\/div>\n\n\n<p>Vidalia Mills \u00e9tait un acteur phare du renouveau du denim selvedge am\u00e9ricain, situ\u00e9 \u00e0 Vidalia, en Louisiane, sur le site d\u2019une ancienne usine Fruit of the Loom. Fond\u00e9e avec la volont\u00e9 de perp\u00e9tuer et moderniser le patrimoine industriel am\u00e9ricain, la filature s\u2019est d\u00e9marqu\u00e9e en reprenant 45 m\u00e9tiers \u00e0 navette Draper X3 provenant du mythique Cone Mills White Oak, la derni\u00e8re grande usine am\u00e9ricaine de selvedge ferm\u00e9e en 2017 <a href=\"https:\/\/en.wikipedia.org\/wiki\/Vidalia_Mills\" target=\"_blank\" rel=\"noreferrer noopener\">185<\/a> <a href=\"https:\/\/leftfieldnyc.com\/collections\/vidalia-mills-usa-denim\" target=\"_blank\" rel=\"noreferrer noopener\">186<\/a> <a href=\"https:\/\/www.gq.com\/story\/inside-the-fight-to-save-american-selvedge-denim\" target=\"_blank\" rel=\"noreferrer noopener\">187<\/a> <a href=\"https:\/\/wordofthread.com\/vidalia-mills-steadfast-american-selvedge-denim\/\" target=\"_blank\" rel=\"noreferrer noopener\">188<\/a> <a href=\"https:\/\/www.heddels.com\/2020\/05\/introducing-vidalia-mills-bringing-back-american-selvedge\/\" target=\"_blank\" rel=\"noreferrer noopener\">189<\/a>.<\/p>\n\n\n\n<h2 class=\"wp-block-heading\"><strong>Vintage \/ Repro vintage<\/strong><\/h2>\n\n\n<div class=\"wp-block-image\">\n<figure class=\"alignright size-full is-resized\"><img loading=\"lazy\" decoding=\"async\" width=\"400\" height=\"283\" src=\"https:\/\/serge-denim.fr\/wp-content\/uploads\/2025\/09\/repro-vintage.png\" alt=\"Repro Salopette des 20's. TCB Jeans Boss of the Old Cat Overalls 10,2oz.\" class=\"wp-image-1034\" style=\"width:250px\" srcset=\"https:\/\/serge-denim.fr\/wp-content\/uploads\/2025\/09\/repro-vintage.png 400w, https:\/\/serge-denim.fr\/wp-content\/uploads\/2025\/09\/repro-vintage-300x212.png 300w\" sizes=\"auto, (max-width: 400px) 100vw, 400px\" \/><figcaption class=\"wp-element-caption\">Repro Salopette des 20&rsquo;s. TCB Jeanc Boss of the Old Cat Overalls 10,2oz. (tcbjeans.myshopify.com)<\/figcaption><\/figure>\n<\/div>\n\n\n<p>Le Vintage&nbsp;ou&nbsp;Repro vintage&nbsp;d\u00e9signe les jeans&nbsp;(et v\u00eatements) con\u00e7us pour&nbsp;reproduire fid\u00e8lement les mod\u00e8les&nbsp;historiques iconiques, g\u00e9n\u00e9ralement&nbsp;des d\u00e9cennies&nbsp;1920 \u00e0 1980. L\u2019objectif de ces&nbsp;reproductions est&nbsp;de capturer l\u2019apparence, la&nbsp;coupe, les mat\u00e9riaux, la m\u00e9thode de&nbsp;tissage, la teinture et les&nbsp;d\u00e9tails de fabrication&nbsp;authentiques d\u2019une \u00e9poque pr\u00e9cise&nbsp;du jean \u2014 en&nbsp;particulier les&nbsp;mod\u00e8les mythiques comme les&nbsp;Levi\u2019s 501XX, Lee&nbsp;101 ou Wrangler&nbsp;des ann\u00e9es d\u2019or du denim <a href=\"https:\/\/denimbmc.com\/what-are-historical-reproduction-jeans\/\" target=\"_blank\" rel=\"noreferrer noopener\">190<\/a> <a href=\"https:\/\/www.jeansza.com\/en\/blog-jeans\/levi-s-vintage-clothing-en\" target=\"_blank\" rel=\"noreferrer noopener\">191<\/a> <a href=\"https:\/\/www.heddels.com\/2014\/06\/top-repro-denim\/\" target=\"_blank\" rel=\"noreferrer noopener\">192<\/a>.<\/p>\n\n\n\n<h2 class=\"wp-block-heading\"><strong>Warp \/ cha\u00eene<\/strong><\/h2>\n\n\n<div class=\"wp-block-image\">\n<figure class=\"alignright size-full is-resized\"><img loading=\"lazy\" decoding=\"async\" width=\"400\" height=\"400\" src=\"https:\/\/serge-denim.fr\/wp-content\/uploads\/2025\/09\/warp-and-weft-1.jpg\" alt=\"Serg\u00e9 warp and weft.\" class=\"wp-image-1022\" style=\"width:250px\" srcset=\"https:\/\/serge-denim.fr\/wp-content\/uploads\/2025\/09\/warp-and-weft-1.jpg 400w, https:\/\/serge-denim.fr\/wp-content\/uploads\/2025\/09\/warp-and-weft-1-300x300.jpg 300w, https:\/\/serge-denim.fr\/wp-content\/uploads\/2025\/09\/warp-and-weft-1-150x150.jpg 150w\" sizes=\"auto, (max-width: 400px) 100vw, 400px\" \/><figcaption class=\"wp-element-caption\">Serg\u00e9 warp and weft. (borasification.com)<\/figcaption><\/figure>\n<\/div>\n\n\n<p>Le terme&nbsp;Warp&nbsp;(en anglais) ou&nbsp;cha\u00eene&nbsp;(en fran\u00e7ais) d\u00e9signe, dans le tissage du denim, l\u2019ensemble des fils tendus dans le sens de la longueur du tissu, parall\u00e8lement \u00e0 la lisi\u00e8re.<\/p>\n\n\n\n<h2 class=\"wp-block-heading\"><strong>Waist<\/strong><\/h2>\n\n\n<div class=\"wp-block-image\">\n<figure class=\"alignright size-full is-resized\"><img loading=\"lazy\" decoding=\"async\" width=\"400\" height=\"156\" src=\"https:\/\/serge-denim.fr\/wp-content\/uploads\/2025\/09\/mesure-waist.png\" alt=\"Mesure de la taille (Waist).\" class=\"wp-image-997\" style=\"width:250px\" srcset=\"https:\/\/serge-denim.fr\/wp-content\/uploads\/2025\/09\/mesure-waist.png 400w, https:\/\/serge-denim.fr\/wp-content\/uploads\/2025\/09\/mesure-waist-300x117.png 300w\" sizes=\"auto, (max-width: 400px) 100vw, 400px\" \/><figcaption class=\"wp-element-caption\">Mesure de la taille (Waist). (dc4.de)<\/figcaption><\/figure>\n<\/div>\n\n\n<p>Waist&nbsp;(en anglais) est la&nbsp;taille&nbsp;\u2014 la circonf\u00e9rence du tour de taille \u00e0 l\u2019endroit o\u00f9 se place la ceinture du jean. Sur l\u2019\u00e9tiquette des jeans, la taille est g\u00e9n\u00e9ralement indiqu\u00e9e par la lettre&nbsp;W&nbsp;(pour \u00ab\u00a0Waist\u00a0\u00bb), suivie d\u2019un chiffre qui correspond \u00e0 la mesure en pouces (inches).<\/p>\n\n\n\n<h2 class=\"wp-block-heading\"><strong>Waistband<\/strong><\/h2>\n\n\n<div class=\"wp-block-image\">\n<figure class=\"alignright size-full is-resized\"><img loading=\"lazy\" decoding=\"async\" width=\"400\" height=\"300\" src=\"https:\/\/serge-denim.fr\/wp-content\/uploads\/2025\/09\/waistband.jpg\" alt=\"Waistband sur Sugar Cane 2021 Model 14,25oz. DR\" class=\"wp-image-1016\" style=\"width:250px\" srcset=\"https:\/\/serge-denim.fr\/wp-content\/uploads\/2025\/09\/waistband.jpg 400w, https:\/\/serge-denim.fr\/wp-content\/uploads\/2025\/09\/waistband-300x225.jpg 300w\" sizes=\"auto, (max-width: 400px) 100vw, 400px\" \/><figcaption class=\"wp-element-caption\">Waistband sur Sugar Cane 2021 Model 14,25oz. DR<\/figcaption><\/figure>\n<\/div>\n\n\n<p>Le waistband&nbsp;est la&nbsp;ceinture&nbsp;(ou bande&nbsp;de taille) d\u2019un jean. C\u2019est une bande&nbsp;de denim qui entoure la taille&nbsp;et termine le&nbsp;haut du pantalon, assurant \u00e0 la&nbsp;fois la fermeture, le maintien&nbsp;et le confort.<\/p>\n\n\n\n<h2 class=\"wp-block-heading\"><strong>Washed<\/strong><\/h2>\n\n\n<div class=\"wp-block-image\">\n<figure class=\"alignright size-full is-resized\"><img loading=\"lazy\" decoding=\"async\" width=\"400\" height=\"324\" src=\"https:\/\/serge-denim.fr\/wp-content\/uploads\/2025\/09\/washed.png\" alt=\"Oni Denim ONI222-KIRAKU\uff70BB 12oz washed-bleach.\" class=\"wp-image-1038\" style=\"width:250px\" srcset=\"https:\/\/serge-denim.fr\/wp-content\/uploads\/2025\/09\/washed.png 400w, https:\/\/serge-denim.fr\/wp-content\/uploads\/2025\/09\/washed-300x243.png 300w\" sizes=\"auto, (max-width: 400px) 100vw, 400px\" \/><figcaption class=\"wp-element-caption\">Oni Denim ONI222-KIRAKU\uff70BB 12oz washed-bleach. (denimio.com)<\/figcaption><\/figure>\n<\/div>\n\n\n<p>Le terme&nbsp;washed&nbsp;ou&nbsp;\u00ab jeans lav\u00e9 \u00bb&nbsp;d\u00e9signe tout&nbsp;denim qui a \u00e9t\u00e9&nbsp;soumis \u00e0 un processus&nbsp;de lavage industriel&nbsp;apr\u00e8s le tissage, g\u00e9n\u00e9ralement&nbsp;avant la mise&nbsp;en vente. Le jean peut avoir subi plusieurs lavages (rinses, stonewash, bleach, etc.) pour alt\u00e9rer la couleur et la main du tissu. Cela&nbsp;s\u2019oppose au denim&nbsp;\u00ab&nbsp;raw&nbsp;\u00bb (brut, non&nbsp;lav\u00e9).<\/p>\n\n\n\n<h2 class=\"wp-block-heading\"><strong>Weft \/ Trame<\/strong><\/h2>\n\n\n<div class=\"wp-block-image\">\n<figure class=\"alignright size-full is-resized\"><img loading=\"lazy\" decoding=\"async\" width=\"400\" height=\"400\" src=\"https:\/\/serge-denim.fr\/wp-content\/uploads\/2025\/09\/warp-and-weft-2.jpg\" alt=\"Serg\u00e9 warp and weft. \" class=\"wp-image-1023\" style=\"width:250px\" srcset=\"https:\/\/serge-denim.fr\/wp-content\/uploads\/2025\/09\/warp-and-weft-2.jpg 400w, https:\/\/serge-denim.fr\/wp-content\/uploads\/2025\/09\/warp-and-weft-2-300x300.jpg 300w, https:\/\/serge-denim.fr\/wp-content\/uploads\/2025\/09\/warp-and-weft-2-150x150.jpg 150w\" sizes=\"auto, (max-width: 400px) 100vw, 400px\" \/><figcaption class=\"wp-element-caption\">Serg\u00e9 warp and weft. (borasification.com)<\/figcaption><\/figure>\n<\/div>\n\n\n<p>Le terme&nbsp;weft&nbsp;(en anglais) ou&nbsp;trame&nbsp;(en fran\u00e7ais) d\u00e9signe les&nbsp;fils ins\u00e9r\u00e9s&nbsp;perpendiculairement (horizontalement) aux&nbsp;fils de cha\u00eene&nbsp;(warp)&nbsp;dans&nbsp;le tissage du&nbsp;denim et du textile&nbsp;en g\u00e9n\u00e9ral.<\/p>\n\n\n\n<h2 class=\"wp-block-heading\"><strong>White Oak Mill<\/strong><\/h2>\n\n\n<div class=\"wp-block-image\">\n<figure class=\"alignright size-full is-resized\"><img loading=\"lazy\" decoding=\"async\" width=\"400\" height=\"290\" src=\"https:\/\/serge-denim.fr\/wp-content\/uploads\/2025\/09\/White_Oak_plant_Greensboro.jpg\" alt=\"Proimity White Oak textile plant \u2013 Auteur inconnu Wikip\u00e9dia\" class=\"wp-image-999\" style=\"width:250px\" srcset=\"https:\/\/serge-denim.fr\/wp-content\/uploads\/2025\/09\/White_Oak_plant_Greensboro.jpg 400w, https:\/\/serge-denim.fr\/wp-content\/uploads\/2025\/09\/White_Oak_plant_Greensboro-300x218.jpg 300w\" sizes=\"auto, (max-width: 400px) 100vw, 400px\" \/><figcaption class=\"wp-element-caption\">Proimity White Oak textile plant \u2013 Auteur inconnu Wikip\u00e9dia<\/figcaption><\/figure>\n<\/div>\n\n\n<p>Le&nbsp;White Oak Mill&nbsp;(Cone Mills White Oak Plant), situ\u00e9 \u00e0 Greensboro en Caroline du Nord, est une filature mythique de l\u2019histoire du denim am\u00e9ricain, particuli\u00e8rement reconnue pour sa production de denim selvedge (lisi\u00e8re) haut de gamme sur m\u00e9tiers \u00e0 navette Draper X3. L\u2019usine a \u00e9t\u00e9 inaugur\u00e9e en 1905 par les fr\u00e8res Cone et a tr\u00e8s vite acquis le statut de plus grand producteur mondial de denim, fournissant jusqu\u2019\u00e0 un tiers de la production mondiale d\u00e8s les ann\u00e9es 1910 <a href=\"https:\/\/sonofastag.com\/blogs\/editorial\/white-oak-denim-how-a-southern-cotton-mill-became-the-last-bastion-of-american-made-selvedge\" target=\"_blank\" rel=\"noreferrer noopener\">193<\/a> <a href=\"https:\/\/www.agjeans.com\/blogs\/stories\/the-final-yards-of-white-oak\" target=\"_blank\" rel=\"noreferrer noopener\">194<\/a> <a href=\"https:\/\/hawksmill.com\/blogs\/hawksmill-denim-co-blog\/cone-mills-white-oak-the-end-of-american-selvedge\" target=\"_blank\" rel=\"noreferrer noopener\">195<\/a>. En 1915, White Oak est devenue le fournisseur exclusif du denim Levi\u2019s 501.<\/p>\n\n\n\n<h2 class=\"wp-block-heading\"><strong>Yoke \/ Empi\u00e8cement<\/strong><\/h2>\n\n\n<div class=\"wp-block-image\">\n<figure class=\"alignright size-full is-resized\"><img loading=\"lazy\" decoding=\"async\" width=\"400\" height=\"300\" src=\"https:\/\/serge-denim.fr\/wp-content\/uploads\/2025\/09\/yoke.jpg\" alt=\"Yoke sur Samurai Jeans S511XX 19oz. DR\" class=\"wp-image-1018\" style=\"width:250px\" srcset=\"https:\/\/serge-denim.fr\/wp-content\/uploads\/2025\/09\/yoke.jpg 400w, https:\/\/serge-denim.fr\/wp-content\/uploads\/2025\/09\/yoke-300x225.jpg 300w\" sizes=\"auto, (max-width: 400px) 100vw, 400px\" \/><figcaption class=\"wp-element-caption\">Yoke sur Samurai Jeans S511XX 19oz. DR<\/figcaption><\/figure>\n<\/div>\n\n\n<p>Le terme&nbsp;yoke&nbsp;(\u00ab empi\u00e8cement \u00bb en&nbsp;fran\u00e7ais) d\u00e9signe, sur un jean, la pi\u00e8ce de&nbsp;tissu en forme&nbsp;de&nbsp;<em>V<\/em>&nbsp;situ\u00e9e&nbsp;\u00e0 l\u2019arri\u00e8re, juste&nbsp;sous la ceinture (waistband), au-dessus des&nbsp;poches arri\u00e8re. Son emplacement&nbsp;pr\u00e9cis\u202f:&nbsp;\u00e0 l\u2019arri\u00e8re du pantalon, imm\u00e9diatement&nbsp;sous la bande&nbsp;de taille, sur&nbsp;toute la largeur&nbsp;entre les deux&nbsp;coutures lat\u00e9rales <a href=\"https:\/\/denimhunters.com\/denim-wiki\/jeans-anatomy\/yoke\/\" target=\"_blank\" rel=\"noreferrer noopener\">196<\/a> <a href=\"https:\/\/www.sbu.it\/fr\/content\/24-glossaire-denim-p-z\" target=\"_blank\" rel=\"noreferrer noopener\">197<\/a> <a href=\"https:\/\/www.ropedye.com\/2013\/04\/jeans-anatomy-the-yoke\/\" target=\"_blank\" rel=\"noreferrer noopener\">198<\/a>.<\/p>\n\n\n\n<h2 class=\"wp-block-heading\"><strong>Zimbabwe coton<\/strong><\/h2>\n\n\n<div class=\"wp-block-image\">\n<figure class=\"alignright size-full is-resized\"><img loading=\"lazy\" decoding=\"async\" width=\"400\" height=\"208\" src=\"https:\/\/serge-denim.fr\/wp-content\/uploads\/2025\/09\/Zimbawe_Cotton.jpg\" alt=\"Coton du\u00a0Zimbabwe.\" class=\"wp-image-1001\" style=\"width:250px\" srcset=\"https:\/\/serge-denim.fr\/wp-content\/uploads\/2025\/09\/Zimbawe_Cotton.jpg 400w, https:\/\/serge-denim.fr\/wp-content\/uploads\/2025\/09\/Zimbawe_Cotton-300x156.jpg 300w\" sizes=\"auto, (max-width: 400px) 100vw, 400px\" \/><figcaption class=\"wp-element-caption\">Champ de coton au Zimbabwe.<\/figcaption><\/figure>\n<\/div>\n\n\n<p>Le&nbsp;coton du&nbsp;Zimbabwe&nbsp;est&nbsp;reconnu mondialement pour sa&nbsp;qualit\u00e9 exceptionnelle&nbsp;et ses caract\u00e9ristiques&nbsp;uniques, qui&nbsp;en font un des&nbsp;cotons les plus&nbsp;pris\u00e9s par l\u2019industrie du&nbsp;denim haut de&nbsp;gamme.<\/p>\n\n\n\n<p><\/p>\n\n\n\n<p><\/p>\n\n\n\n<p class=\"has-text-align-right\"><a href=\"#ligne\">Haut de page<\/a><\/p>\n\n\n\n<p><\/p>\n","protected":false},"excerpt":{"rendered":"<p>Vous trouverez dans cette section le grand dictionnaire de la toile denim, que j\u2019ai souhait\u00e9 le plus complet possible. Il y manque sans doute quelques entr\u00e9es, que je t\u00e2cherai d\u2019int\u00e9grer au fil de mes propres d\u00e9couvertes. Il y a surement aussi quelques erreurs ou omissions inh\u00e9rentes \u00e0 ce type d\u2019exercice. Prenez du plaisir \u00e0 lire [&hellip;]<\/p>\n","protected":false},"author":1,"featured_media":0,"parent":0,"menu_order":2,"comment_status":"closed","ping_status":"closed","template":"","meta":{"footnotes":""},"class_list":["post-129","page","type-page","status-publish","hentry"],"yoast_head":"<!-- This site is optimized with the Yoast SEO plugin v27.4 - https:\/\/yoast.com\/product\/yoast-seo-wordpress\/ -->\n<title>Le grand dictionnaire de la toile denim complet - Serge<\/title>\n<meta name=\"description\" content=\"D\u00e9couvrez Le grand dictionnaire de la toile denim et plongez dans l&#039;univers fascinant de la toile de N\u00eemes et des jeans.\" \/>\n<meta name=\"robots\" content=\"index, follow, max-snippet:-1, max-video-preview:-1, noimageindex\" \/>\n<link rel=\"canonical\" href=\"https:\/\/serge-denim.fr\/index.php\/dictionnaire\/\" \/>\n<meta property=\"og:locale\" content=\"fr_FR\" \/>\n<meta property=\"og:type\" content=\"article\" \/>\n<meta property=\"og:title\" content=\"Le grand dictionnaire de la toile denim complet - Serge\" \/>\n<meta property=\"og:description\" content=\"D\u00e9couvrez Le grand dictionnaire de la toile denim et plongez dans l&#039;univers fascinant de la toile de N\u00eemes et des jeans.\" \/>\n<meta property=\"og:url\" content=\"https:\/\/serge-denim.fr\/index.php\/dictionnaire\/\" \/>\n<meta property=\"og:site_name\" content=\"Serge\" \/>\n<meta property=\"article:modified_time\" content=\"2025-12-22T13:09:53+00:00\" \/>\n<meta property=\"og:image\" content=\"https:\/\/serge-denim.fr\/wp-content\/uploads\/2025\/08\/501.jpg\" \/>\n\t<meta property=\"og:image:width\" content=\"690\" \/>\n\t<meta property=\"og:image:height\" content=\"442\" \/>\n\t<meta property=\"og:image:type\" content=\"image\/jpeg\" \/>\n<meta name=\"twitter:card\" content=\"summary_large_image\" \/>\n<meta name=\"twitter:label1\" content=\"Dur\u00e9e de lecture estim\u00e9e\" \/>\n\t<meta name=\"twitter:data1\" content=\"97 minutes\" \/>\n<script type=\"application\/ld+json\" class=\"yoast-schema-graph\">{\"@context\":\"https:\\\/\\\/schema.org\",\"@graph\":[{\"@type\":[\"Article\",\"BlogPosting\"],\"@id\":\"https:\\\/\\\/serge-denim.fr\\\/index.php\\\/dictionnaire\\\/#article\",\"isPartOf\":{\"@id\":\"https:\\\/\\\/serge-denim.fr\\\/index.php\\\/dictionnaire\\\/\"},\"author\":{\"name\":\"admin4557\",\"@id\":\"https:\\\/\\\/serge-denim.fr\\\/#\\\/schema\\\/person\\\/b29107f72d698f3a48f51bc0fd500aef\"},\"headline\":\"Dictionnaire\",\"datePublished\":\"2025-08-24T14:13:08+00:00\",\"dateModified\":\"2025-12-22T13:09:53+00:00\",\"mainEntityOfPage\":{\"@id\":\"https:\\\/\\\/serge-denim.fr\\\/index.php\\\/dictionnaire\\\/\"},\"wordCount\":15333,\"publisher\":{\"@id\":\"https:\\\/\\\/serge-denim.fr\\\/#\\\/schema\\\/person\\\/b29107f72d698f3a48f51bc0fd500aef\"},\"image\":{\"@id\":\"https:\\\/\\\/serge-denim.fr\\\/index.php\\\/dictionnaire\\\/#primaryimage\"},\"thumbnailUrl\":\"https:\\\/\\\/serge-denim.fr\\\/wp-content\\\/uploads\\\/2025\\\/08\\\/501.jpg\",\"inLanguage\":\"fr-FR\"},{\"@type\":\"WebPage\",\"@id\":\"https:\\\/\\\/serge-denim.fr\\\/index.php\\\/dictionnaire\\\/\",\"url\":\"https:\\\/\\\/serge-denim.fr\\\/index.php\\\/dictionnaire\\\/\",\"name\":\"Le grand dictionnaire de la toile denim complet - Serge\",\"isPartOf\":{\"@id\":\"https:\\\/\\\/serge-denim.fr\\\/#website\"},\"primaryImageOfPage\":{\"@id\":\"https:\\\/\\\/serge-denim.fr\\\/index.php\\\/dictionnaire\\\/#primaryimage\"},\"image\":{\"@id\":\"https:\\\/\\\/serge-denim.fr\\\/index.php\\\/dictionnaire\\\/#primaryimage\"},\"thumbnailUrl\":\"https:\\\/\\\/serge-denim.fr\\\/wp-content\\\/uploads\\\/2025\\\/08\\\/501.jpg\",\"datePublished\":\"2025-08-24T14:13:08+00:00\",\"dateModified\":\"2025-12-22T13:09:53+00:00\",\"description\":\"D\u00e9couvrez Le grand dictionnaire de la toile denim et plongez dans l'univers fascinant de la toile de N\u00eemes et des jeans.\",\"breadcrumb\":{\"@id\":\"https:\\\/\\\/serge-denim.fr\\\/index.php\\\/dictionnaire\\\/#breadcrumb\"},\"inLanguage\":\"fr-FR\",\"potentialAction\":[{\"@type\":\"ReadAction\",\"target\":[\"https:\\\/\\\/serge-denim.fr\\\/index.php\\\/dictionnaire\\\/\"]}]},{\"@type\":\"ImageObject\",\"inLanguage\":\"fr-FR\",\"@id\":\"https:\\\/\\\/serge-denim.fr\\\/index.php\\\/dictionnaire\\\/#primaryimage\",\"url\":\"https:\\\/\\\/serge-denim.fr\\\/wp-content\\\/uploads\\\/2025\\\/08\\\/501.jpg\",\"contentUrl\":\"https:\\\/\\\/serge-denim.fr\\\/wp-content\\\/uploads\\\/2025\\\/08\\\/501.jpg\",\"width\":690,\"height\":442},{\"@type\":\"BreadcrumbList\",\"@id\":\"https:\\\/\\\/serge-denim.fr\\\/index.php\\\/dictionnaire\\\/#breadcrumb\",\"itemListElement\":[{\"@type\":\"ListItem\",\"position\":1,\"name\":\"Accueil\",\"item\":\"https:\\\/\\\/serge-denim.fr\\\/\"},{\"@type\":\"ListItem\",\"position\":2,\"name\":\"Lexique\"}]},{\"@type\":\"WebSite\",\"@id\":\"https:\\\/\\\/serge-denim.fr\\\/#website\",\"url\":\"https:\\\/\\\/serge-denim.fr\\\/\",\"name\":\"Serge\",\"description\":\"Les mots du denim\",\"publisher\":{\"@id\":\"https:\\\/\\\/serge-denim.fr\\\/#\\\/schema\\\/person\\\/b29107f72d698f3a48f51bc0fd500aef\"},\"potentialAction\":[{\"@type\":\"SearchAction\",\"target\":{\"@type\":\"EntryPoint\",\"urlTemplate\":\"https:\\\/\\\/serge-denim.fr\\\/?s={search_term_string}\"},\"query-input\":{\"@type\":\"PropertyValueSpecification\",\"valueRequired\":true,\"valueName\":\"search_term_string\"}}],\"inLanguage\":\"fr-FR\"},{\"@type\":[\"Person\",\"Organization\"],\"@id\":\"https:\\\/\\\/serge-denim.fr\\\/#\\\/schema\\\/person\\\/b29107f72d698f3a48f51bc0fd500aef\",\"name\":\"admin4557\",\"logo\":{\"@id\":\"https:\\\/\\\/serge-denim.fr\\\/#\\\/schema\\\/person\\\/image\\\/\"},\"sameAs\":[\"http:\\\/\\\/serge-denim.fr\"],\"url\":\"https:\\\/\\\/serge-denim.fr\\\/index.php\\\/author\\\/admin4557\\\/\"}]}<\/script>\n<!-- \/ Yoast SEO plugin. -->","yoast_head_json":{"title":"Le grand dictionnaire de la toile denim complet - Serge","description":"D\u00e9couvrez Le grand dictionnaire de la toile denim et plongez dans l'univers fascinant de la toile de N\u00eemes et des jeans.","robots":{"index":"index","follow":"follow","max-snippet":"max-snippet:-1","max-video-preview":"max-video-preview:-1","imageindex":"noimageindex"},"canonical":"https:\/\/serge-denim.fr\/index.php\/dictionnaire\/","og_locale":"fr_FR","og_type":"article","og_title":"Le grand dictionnaire de la toile denim complet - Serge","og_description":"D\u00e9couvrez Le grand dictionnaire de la toile denim et plongez dans l'univers fascinant de la toile de N\u00eemes et des jeans.","og_url":"https:\/\/serge-denim.fr\/index.php\/dictionnaire\/","og_site_name":"Serge","article_modified_time":"2025-12-22T13:09:53+00:00","og_image":[{"width":690,"height":442,"url":"https:\/\/serge-denim.fr\/wp-content\/uploads\/2025\/08\/501.jpg","type":"image\/jpeg"}],"twitter_card":"summary_large_image","twitter_misc":{"Dur\u00e9e de lecture estim\u00e9e":"97 minutes"},"schema":{"@context":"https:\/\/schema.org","@graph":[{"@type":["Article","BlogPosting"],"@id":"https:\/\/serge-denim.fr\/index.php\/dictionnaire\/#article","isPartOf":{"@id":"https:\/\/serge-denim.fr\/index.php\/dictionnaire\/"},"author":{"name":"admin4557","@id":"https:\/\/serge-denim.fr\/#\/schema\/person\/b29107f72d698f3a48f51bc0fd500aef"},"headline":"Dictionnaire","datePublished":"2025-08-24T14:13:08+00:00","dateModified":"2025-12-22T13:09:53+00:00","mainEntityOfPage":{"@id":"https:\/\/serge-denim.fr\/index.php\/dictionnaire\/"},"wordCount":15333,"publisher":{"@id":"https:\/\/serge-denim.fr\/#\/schema\/person\/b29107f72d698f3a48f51bc0fd500aef"},"image":{"@id":"https:\/\/serge-denim.fr\/index.php\/dictionnaire\/#primaryimage"},"thumbnailUrl":"https:\/\/serge-denim.fr\/wp-content\/uploads\/2025\/08\/501.jpg","inLanguage":"fr-FR"},{"@type":"WebPage","@id":"https:\/\/serge-denim.fr\/index.php\/dictionnaire\/","url":"https:\/\/serge-denim.fr\/index.php\/dictionnaire\/","name":"Le grand dictionnaire de la toile denim complet - Serge","isPartOf":{"@id":"https:\/\/serge-denim.fr\/#website"},"primaryImageOfPage":{"@id":"https:\/\/serge-denim.fr\/index.php\/dictionnaire\/#primaryimage"},"image":{"@id":"https:\/\/serge-denim.fr\/index.php\/dictionnaire\/#primaryimage"},"thumbnailUrl":"https:\/\/serge-denim.fr\/wp-content\/uploads\/2025\/08\/501.jpg","datePublished":"2025-08-24T14:13:08+00:00","dateModified":"2025-12-22T13:09:53+00:00","description":"D\u00e9couvrez Le grand dictionnaire de la toile denim et plongez dans l'univers fascinant de la toile de N\u00eemes et des jeans.","breadcrumb":{"@id":"https:\/\/serge-denim.fr\/index.php\/dictionnaire\/#breadcrumb"},"inLanguage":"fr-FR","potentialAction":[{"@type":"ReadAction","target":["https:\/\/serge-denim.fr\/index.php\/dictionnaire\/"]}]},{"@type":"ImageObject","inLanguage":"fr-FR","@id":"https:\/\/serge-denim.fr\/index.php\/dictionnaire\/#primaryimage","url":"https:\/\/serge-denim.fr\/wp-content\/uploads\/2025\/08\/501.jpg","contentUrl":"https:\/\/serge-denim.fr\/wp-content\/uploads\/2025\/08\/501.jpg","width":690,"height":442},{"@type":"BreadcrumbList","@id":"https:\/\/serge-denim.fr\/index.php\/dictionnaire\/#breadcrumb","itemListElement":[{"@type":"ListItem","position":1,"name":"Accueil","item":"https:\/\/serge-denim.fr\/"},{"@type":"ListItem","position":2,"name":"Lexique"}]},{"@type":"WebSite","@id":"https:\/\/serge-denim.fr\/#website","url":"https:\/\/serge-denim.fr\/","name":"Serge","description":"Les mots du denim","publisher":{"@id":"https:\/\/serge-denim.fr\/#\/schema\/person\/b29107f72d698f3a48f51bc0fd500aef"},"potentialAction":[{"@type":"SearchAction","target":{"@type":"EntryPoint","urlTemplate":"https:\/\/serge-denim.fr\/?s={search_term_string}"},"query-input":{"@type":"PropertyValueSpecification","valueRequired":true,"valueName":"search_term_string"}}],"inLanguage":"fr-FR"},{"@type":["Person","Organization"],"@id":"https:\/\/serge-denim.fr\/#\/schema\/person\/b29107f72d698f3a48f51bc0fd500aef","name":"admin4557","logo":{"@id":"https:\/\/serge-denim.fr\/#\/schema\/person\/image\/"},"sameAs":["http:\/\/serge-denim.fr"],"url":"https:\/\/serge-denim.fr\/index.php\/author\/admin4557\/"}]}},"_links":{"self":[{"href":"https:\/\/serge-denim.fr\/index.php\/wp-json\/wp\/v2\/pages\/129","targetHints":{"allow":["GET"]}}],"collection":[{"href":"https:\/\/serge-denim.fr\/index.php\/wp-json\/wp\/v2\/pages"}],"about":[{"href":"https:\/\/serge-denim.fr\/index.php\/wp-json\/wp\/v2\/types\/page"}],"author":[{"embeddable":true,"href":"https:\/\/serge-denim.fr\/index.php\/wp-json\/wp\/v2\/users\/1"}],"replies":[{"embeddable":true,"href":"https:\/\/serge-denim.fr\/index.php\/wp-json\/wp\/v2\/comments?post=129"}],"version-history":[{"count":235,"href":"https:\/\/serge-denim.fr\/index.php\/wp-json\/wp\/v2\/pages\/129\/revisions"}],"predecessor-version":[{"id":1253,"href":"https:\/\/serge-denim.fr\/index.php\/wp-json\/wp\/v2\/pages\/129\/revisions\/1253"}],"wp:attachment":[{"href":"https:\/\/serge-denim.fr\/index.php\/wp-json\/wp\/v2\/media?parent=129"}],"curies":[{"name":"wp","href":"https:\/\/api.w.org\/{rel}","templated":true}]}}