{"id":447,"date":"2025-08-29T11:43:15","date_gmt":"2025-08-29T09:43:15","guid":{"rendered":"https:\/\/serge-denim.fr\/?page_id=447"},"modified":"2025-12-22T14:12:49","modified_gmt":"2025-12-22T13:12:49","slug":"a-propos","status":"publish","type":"page","link":"https:\/\/serge-denim.fr\/index.php\/a-propos\/","title":{"rendered":"\u00c0 propos"},"content":{"rendered":"\n<p><strong>Salut c\u2019est Micha\u00ebl<\/strong> \u2014 de Montreuil \u2014, passionn\u00e9 de denim. J\u2019ai d\u00e9couvert le denim artisanal, principalement japonais, apr\u00e8s avoir r\u00e9alis\u00e9 que ma marque de jeans pr\u00e9f\u00e9r\u00e9e, n\u2019\u00e9tait devenue que l\u2019ombre d\u2019elle-m\u00eame, bien qu\u2019elle ait pourtant \u00e9crit les plus belles pages de l\u2019histoire de ce v\u00eatement. Je m\u2019en suis d\u00e9tourn\u00e9 et, en tirant le fil, j\u2019ai d\u00e9couvert le monde passionnant de la toile de N\u00eemes, dont une poign\u00e9e d\u2019artisans perp\u00e9tuent le savoir-faire. Est-ce que je suis devenu un denim head\u2009? Surement. Cette passion de l\u2019indigo m\u2019a pouss\u00e9 \u00e0 cr\u00e9er ce blog pour partager cet enthousiasme. J\u2019esp\u00e8re qu\u2019il vous apportera beaucoup de r\u00e9ponses et qu\u2019il vous permettra d\u2019entrer dans l\u2019univers de ce tissu unique.<\/p>\n\n\n\n<p>Pour finir, voici mon humble collection.<\/p>\n\n\n\n<ul class=\"wp-block-list\">\n<li><strong>Naked &amp; Famous, <\/strong>Weird Guy, natural indigo, 12.5oz. \ud83c\udde8\ud83c\udde6 \ud83c\uddef\ud83c\uddf5<\/li>\n\n\n\n<li><strong>Edwin<\/strong>, ED-80, dark pure indigo, 13.5oz. \ud83c\uddef\ud83c\uddf5<\/li>\n\n\n\n<li><strong>Two Cat&rsquo;s Brand<\/strong>, 50\u2019s Slim T, pure Indigo, 13.5oz. \ud83c\uddef\ud83c\uddf5<\/li>\n\n\n\n<li><strong>Wharehouse &amp; Co.<\/strong>, Lot 900XX, indigo, 13.5oz &#8211; <em><a href=\"https:\/\/serge-denim.fr\/index.php\/dictionnaire\/#osaka-5\" target=\"_blank\" rel=\"noreferrer noopener\">Osaka Five<\/a><\/em>. \ud83c\uddef\ud83c\uddf5<\/li>\n\n\n\n<li><strong>Champs de man\u0153uvre<\/strong>, Selvedge japonais, indigo, 14oz. \ud83c\uddeb\ud83c\uddf7 \ud83c\uddef\ud83c\uddf5<\/li>\n\n\n\n<li><strong>Left Field NYC<\/strong>, Chelsea, indigo, 14oz. \ud83c\uddfa\ud83c\uddf8<\/li>\n\n\n\n<li><strong>Sugar Cane<\/strong>, 2021 Model, indigo, 14.25oz. \ud83c\uddef\ud83c\uddf5<\/li>\n\n\n\n<li><strong>Denime<\/strong> Lot 224-66 (66Model), <a href=\"https:\/\/serge-denim.fr\/index.php\/dictionnaire\/#Ishikawadai\" target=\"_blank\" rel=\"noreferrer noopener\">Ishikawa-dai<\/a>, indigo, 14.5oz &#8211; <em><em><a href=\"https:\/\/serge-denim.fr\/index.php\/dictionnaire\/#osaka-5\" target=\"_blank\" rel=\"noreferrer noopener\">Osaka Five<\/a><\/em><\/em>. \ud83c\uddef\ud83c\uddf5<\/li>\n\n\n\n<li><strong>The Flat Head<\/strong>, FN-3002, dyed 24 times in indigo, 14.5oz. \ud83c\uddef\ud83c\uddf5<\/li>\n\n\n\n<li><strong>Studio D\u2019Artisan<\/strong>, SD-107, dark indigo, 15oz &#8211; <em><em><a href=\"https:\/\/serge-denim.fr\/index.php\/dictionnaire\/#osaka-5\" target=\"_blank\" rel=\"noreferrer noopener\">Osaka Five<\/a><\/em><\/em>. \ud83c\uddef\ud83c\uddf5<\/li>\n\n\n\n<li><strong>Big John<\/strong>, Rare R009 (000), \u00ab\u2009<a href=\"https:\/\/serge-denim.fr\/index.php\/dictionnaire\/#ransei\" target=\"_blank\" rel=\"noreferrer noopener\">RANSEI<\/a>\u2009\u00bb, indigo naturel, 15.5oz. \ud83c\uddef\ud83c\uddf5<\/li>\n\n\n\n<li><strong>FullCount<\/strong>, 1110XX, indigo, 15.5oz &#8211; <em><em><a href=\"https:\/\/serge-denim.fr\/index.php\/dictionnaire\/#osaka-5\" target=\"_blank\" rel=\"noreferrer noopener\">Osaka Five<\/a><\/em><\/em>. \ud83c\uddef\ud83c\uddf5<\/li>\n\n\n\n<li><strong>Pure Blue Japan<\/strong>, WSB-019, double slub, indigo, 16oz. \ud83c\uddef\ud83c\uddf5<\/li>\n\n\n\n<li><strong>The Strike Gold<\/strong>, SG3109, indigo, 17oz. \ud83c\uddef\ud83c\uddf5<\/li>\n\n\n\n<li><strong>Momotaro Jeans<\/strong>, 0605, deep indigo dyed, 18oz. \ud83c\uddef\ud83c\uddf5<\/li>\n\n\n\n<li><strong>Samurai Jeans<\/strong>, S511XX, grand indigo dyed, 19oz. \ud83c\uddef\ud83c\uddf5<\/li>\n\n\n\n<li><strong>Oni Denim<\/strong>, 622DIZR, <a href=\"https:\/\/serge-denim.fr\/index.php\/dictionnaire\/#secret-denim\" target=\"_blank\" rel=\"noreferrer noopener\">Secret denim<\/a>, dark Indigo, 20oz. \ud83c\uddef\ud83c\uddf5<\/li>\n\n\n\n<li><strong>Iron Heart<\/strong>, IH-777-XHS, indigo, 25oz. \ud83c\uddef\ud83c\uddf5<\/li>\n<\/ul>\n\n\n\n<figure class=\"wp-block-image size-full\"><img loading=\"lazy\" decoding=\"async\" width=\"1200\" height=\"799\" src=\"https:\/\/serge-denim.fr\/wp-content\/uploads\/2025\/09\/Yoshiharu-Okamoto.jpg\" alt=\"Cette photo, prise le 4 septembre 2024, montre les mains de l'artisan teinturier Yoshiharu Okamoto \u00e0 l'usine Momotaro Jeans dans la ville de Kurashiki, dans le quartier de Kojima, pr\u00e9f\u00e9fecture d'Okayama. V\u00e9ritable antidote \u00e0 la mode rapide : des jeans japonais teints \u00e0 la main avec de l'indigo naturel et tiss\u00e9s sur d'anciens m\u00e9tiers \u00e0 tisser. \" class=\"wp-image-1050\" srcset=\"https:\/\/serge-denim.fr\/wp-content\/uploads\/2025\/09\/Yoshiharu-Okamoto.jpg 1200w, https:\/\/serge-denim.fr\/wp-content\/uploads\/2025\/09\/Yoshiharu-Okamoto-300x200.jpg 300w, https:\/\/serge-denim.fr\/wp-content\/uploads\/2025\/09\/Yoshiharu-Okamoto-1024x682.jpg 1024w, https:\/\/serge-denim.fr\/wp-content\/uploads\/2025\/09\/Yoshiharu-Okamoto-768x511.jpg 768w, https:\/\/serge-denim.fr\/wp-content\/uploads\/2025\/09\/Yoshiharu-Okamoto-624x415.jpg 624w\" sizes=\"auto, (max-width: 1200px) 100vw, 1200px\" \/><figcaption class=\"wp-element-caption\">Cette photo, prise le 4 septembre 2024, montre les mains de l&rsquo;artisan teinturier Yoshiharu Okamoto \u00e0 l&rsquo;usine Momotaro Jeans dans la ville de Kurashiki, dans le quartier de Kojima, pr\u00e9f\u00e9fecture d&rsquo;Okayama. V\u00e9ritable antidote \u00e0 la mode rapide, ces jeans japonais sont teints \u00e0 la main avec de l&rsquo;indigo naturel et tiss\u00e9s sur d&rsquo;anciens m\u00e9tiers \u00e0 tisser. (Photo by Philip FONG \/ AFP) \/ Pour accompagner l&rsquo;article de l&rsquo;AFP Japan-fashion-business-denim, FOCUS de Natuko Fukue.<\/figcaption><\/figure>\n","protected":false},"excerpt":{"rendered":"<p>Salut c\u2019est Micha\u00ebl \u2014 de Montreuil \u2014, passionn\u00e9 de denim. J\u2019ai d\u00e9couvert le denim artisanal, principalement japonais, apr\u00e8s avoir r\u00e9alis\u00e9 que ma marque de jeans pr\u00e9f\u00e9r\u00e9e, n\u2019\u00e9tait devenue que l\u2019ombre d\u2019elle-m\u00eame, bien qu\u2019elle ait pourtant \u00e9crit les plus belles pages de l\u2019histoire de ce v\u00eatement. Je m\u2019en suis d\u00e9tourn\u00e9 et, en tirant le fil, j\u2019ai [&hellip;]<\/p>\n","protected":false},"author":1,"featured_media":0,"parent":0,"menu_order":10,"comment_status":"closed","ping_status":"closed","template":"","meta":{"footnotes":""},"class_list":["post-447","page","type-page","status-publish","hentry"],"yoast_head":"<!-- This site is optimized with the Yoast SEO plugin v27.4 - https:\/\/yoast.com\/product\/yoast-seo-wordpress\/ -->\n<title>\u00c0 propos - Serge<\/title>\n<meta name=\"description\" content=\"A propos de Serge, les mots du denim.\" \/>\n<meta name=\"robots\" content=\"index, follow, max-snippet:-1, max-video-preview:-1, noimageindex\" \/>\n<link rel=\"canonical\" href=\"https:\/\/serge-denim.fr\/index.php\/a-propos\/\" \/>\n<meta property=\"og:locale\" content=\"fr_FR\" \/>\n<meta property=\"og:type\" content=\"article\" \/>\n<meta property=\"og:title\" content=\"\u00c0 propos - Serge\" \/>\n<meta property=\"og:description\" content=\"A propos de Serge, les mots du denim.\" \/>\n<meta property=\"og:url\" content=\"https:\/\/serge-denim.fr\/index.php\/a-propos\/\" \/>\n<meta property=\"og:site_name\" content=\"Serge\" \/>\n<meta property=\"article:modified_time\" content=\"2025-12-22T13:12:49+00:00\" \/>\n<meta property=\"og:image\" content=\"https:\/\/serge-denim.fr\/wp-content\/uploads\/2025\/09\/Yoshiharu-Okamoto.jpg\" \/>\n\t<meta property=\"og:image:width\" content=\"1200\" \/>\n\t<meta property=\"og:image:height\" content=\"799\" \/>\n\t<meta property=\"og:image:type\" content=\"image\/jpeg\" \/>\n<meta name=\"twitter:card\" content=\"summary_large_image\" \/>\n<meta name=\"twitter:label1\" content=\"Dur\u00e9e de lecture estim\u00e9e\" \/>\n\t<meta name=\"twitter:data1\" content=\"2 minutes\" \/>\n<script type=\"application\/ld+json\" class=\"yoast-schema-graph\">{\"@context\":\"https:\\\/\\\/schema.org\",\"@graph\":[{\"@type\":[\"WebPage\",\"AboutPage\"],\"@id\":\"https:\\\/\\\/serge-denim.fr\\\/index.php\\\/a-propos\\\/\",\"url\":\"https:\\\/\\\/serge-denim.fr\\\/index.php\\\/a-propos\\\/\",\"name\":\"\u00c0 propos - Serge\",\"isPartOf\":{\"@id\":\"https:\\\/\\\/serge-denim.fr\\\/#website\"},\"primaryImageOfPage\":{\"@id\":\"https:\\\/\\\/serge-denim.fr\\\/index.php\\\/a-propos\\\/#primaryimage\"},\"image\":{\"@id\":\"https:\\\/\\\/serge-denim.fr\\\/index.php\\\/a-propos\\\/#primaryimage\"},\"thumbnailUrl\":\"https:\\\/\\\/serge-denim.fr\\\/wp-content\\\/uploads\\\/2025\\\/09\\\/Yoshiharu-Okamoto.jpg\",\"datePublished\":\"2025-08-29T09:43:15+00:00\",\"dateModified\":\"2025-12-22T13:12:49+00:00\",\"description\":\"A propos de Serge, les mots du denim.\",\"breadcrumb\":{\"@id\":\"https:\\\/\\\/serge-denim.fr\\\/index.php\\\/a-propos\\\/#breadcrumb\"},\"inLanguage\":\"fr-FR\",\"potentialAction\":[{\"@type\":\"ReadAction\",\"target\":[\"https:\\\/\\\/serge-denim.fr\\\/index.php\\\/a-propos\\\/\"]}]},{\"@type\":\"ImageObject\",\"inLanguage\":\"fr-FR\",\"@id\":\"https:\\\/\\\/serge-denim.fr\\\/index.php\\\/a-propos\\\/#primaryimage\",\"url\":\"https:\\\/\\\/serge-denim.fr\\\/wp-content\\\/uploads\\\/2025\\\/09\\\/Yoshiharu-Okamoto.jpg\",\"contentUrl\":\"https:\\\/\\\/serge-denim.fr\\\/wp-content\\\/uploads\\\/2025\\\/09\\\/Yoshiharu-Okamoto.jpg\",\"width\":1200,\"height\":799,\"caption\":\"This picture taken on September 4, 2024 shows the hands of dyeing craftsman Yoshiharu Okamoto at the Momotaro Jeans factory in the Kojima district of Okayama. Call it an antidote to fast fashion: Japanese jeans hand-dyed with natural indigo and weaved on a clackety vintage loom, then sold at a premium to global denim connoisseurs. (Photo by Philip FONG \\\/ AFP) \\\/ To go with AFP story Japan-fashion-business-denim, FOCUS by Natuko Fukue\"},{\"@type\":\"BreadcrumbList\",\"@id\":\"https:\\\/\\\/serge-denim.fr\\\/index.php\\\/a-propos\\\/#breadcrumb\",\"itemListElement\":[{\"@type\":\"ListItem\",\"position\":1,\"name\":\"Accueil\",\"item\":\"https:\\\/\\\/serge-denim.fr\\\/\"},{\"@type\":\"ListItem\",\"position\":2,\"name\":\"A propos\"}]},{\"@type\":\"WebSite\",\"@id\":\"https:\\\/\\\/serge-denim.fr\\\/#website\",\"url\":\"https:\\\/\\\/serge-denim.fr\\\/\",\"name\":\"Serge\",\"description\":\"Les mots du denim\",\"publisher\":{\"@id\":\"https:\\\/\\\/serge-denim.fr\\\/#\\\/schema\\\/person\\\/b29107f72d698f3a48f51bc0fd500aef\"},\"potentialAction\":[{\"@type\":\"SearchAction\",\"target\":{\"@type\":\"EntryPoint\",\"urlTemplate\":\"https:\\\/\\\/serge-denim.fr\\\/?s={search_term_string}\"},\"query-input\":{\"@type\":\"PropertyValueSpecification\",\"valueRequired\":true,\"valueName\":\"search_term_string\"}}],\"inLanguage\":\"fr-FR\"},{\"@type\":[\"Person\",\"Organization\"],\"@id\":\"https:\\\/\\\/serge-denim.fr\\\/#\\\/schema\\\/person\\\/b29107f72d698f3a48f51bc0fd500aef\",\"name\":\"admin4557\",\"logo\":{\"@id\":\"https:\\\/\\\/serge-denim.fr\\\/#\\\/schema\\\/person\\\/image\\\/\"},\"sameAs\":[\"http:\\\/\\\/serge-denim.fr\"]}]}<\/script>\n<!-- \/ Yoast SEO plugin. -->","yoast_head_json":{"title":"\u00c0 propos - Serge","description":"A propos de Serge, les mots du denim.","robots":{"index":"index","follow":"follow","max-snippet":"max-snippet:-1","max-video-preview":"max-video-preview:-1","imageindex":"noimageindex"},"canonical":"https:\/\/serge-denim.fr\/index.php\/a-propos\/","og_locale":"fr_FR","og_type":"article","og_title":"\u00c0 propos - Serge","og_description":"A propos de Serge, les mots du denim.","og_url":"https:\/\/serge-denim.fr\/index.php\/a-propos\/","og_site_name":"Serge","article_modified_time":"2025-12-22T13:12:49+00:00","og_image":[{"width":1200,"height":799,"url":"https:\/\/serge-denim.fr\/wp-content\/uploads\/2025\/09\/Yoshiharu-Okamoto.jpg","type":"image\/jpeg"}],"twitter_card":"summary_large_image","twitter_misc":{"Dur\u00e9e de lecture estim\u00e9e":"2 minutes"},"schema":{"@context":"https:\/\/schema.org","@graph":[{"@type":["WebPage","AboutPage"],"@id":"https:\/\/serge-denim.fr\/index.php\/a-propos\/","url":"https:\/\/serge-denim.fr\/index.php\/a-propos\/","name":"\u00c0 propos - Serge","isPartOf":{"@id":"https:\/\/serge-denim.fr\/#website"},"primaryImageOfPage":{"@id":"https:\/\/serge-denim.fr\/index.php\/a-propos\/#primaryimage"},"image":{"@id":"https:\/\/serge-denim.fr\/index.php\/a-propos\/#primaryimage"},"thumbnailUrl":"https:\/\/serge-denim.fr\/wp-content\/uploads\/2025\/09\/Yoshiharu-Okamoto.jpg","datePublished":"2025-08-29T09:43:15+00:00","dateModified":"2025-12-22T13:12:49+00:00","description":"A propos de Serge, les mots du denim.","breadcrumb":{"@id":"https:\/\/serge-denim.fr\/index.php\/a-propos\/#breadcrumb"},"inLanguage":"fr-FR","potentialAction":[{"@type":"ReadAction","target":["https:\/\/serge-denim.fr\/index.php\/a-propos\/"]}]},{"@type":"ImageObject","inLanguage":"fr-FR","@id":"https:\/\/serge-denim.fr\/index.php\/a-propos\/#primaryimage","url":"https:\/\/serge-denim.fr\/wp-content\/uploads\/2025\/09\/Yoshiharu-Okamoto.jpg","contentUrl":"https:\/\/serge-denim.fr\/wp-content\/uploads\/2025\/09\/Yoshiharu-Okamoto.jpg","width":1200,"height":799,"caption":"This picture taken on September 4, 2024 shows the hands of dyeing craftsman Yoshiharu Okamoto at the Momotaro Jeans factory in the Kojima district of Okayama. Call it an antidote to fast fashion: Japanese jeans hand-dyed with natural indigo and weaved on a clackety vintage loom, then sold at a premium to global denim connoisseurs. (Photo by Philip FONG \/ AFP) \/ To go with AFP story Japan-fashion-business-denim, FOCUS by Natuko Fukue"},{"@type":"BreadcrumbList","@id":"https:\/\/serge-denim.fr\/index.php\/a-propos\/#breadcrumb","itemListElement":[{"@type":"ListItem","position":1,"name":"Accueil","item":"https:\/\/serge-denim.fr\/"},{"@type":"ListItem","position":2,"name":"A propos"}]},{"@type":"WebSite","@id":"https:\/\/serge-denim.fr\/#website","url":"https:\/\/serge-denim.fr\/","name":"Serge","description":"Les mots du denim","publisher":{"@id":"https:\/\/serge-denim.fr\/#\/schema\/person\/b29107f72d698f3a48f51bc0fd500aef"},"potentialAction":[{"@type":"SearchAction","target":{"@type":"EntryPoint","urlTemplate":"https:\/\/serge-denim.fr\/?s={search_term_string}"},"query-input":{"@type":"PropertyValueSpecification","valueRequired":true,"valueName":"search_term_string"}}],"inLanguage":"fr-FR"},{"@type":["Person","Organization"],"@id":"https:\/\/serge-denim.fr\/#\/schema\/person\/b29107f72d698f3a48f51bc0fd500aef","name":"admin4557","logo":{"@id":"https:\/\/serge-denim.fr\/#\/schema\/person\/image\/"},"sameAs":["http:\/\/serge-denim.fr"]}]}},"_links":{"self":[{"href":"https:\/\/serge-denim.fr\/index.php\/wp-json\/wp\/v2\/pages\/447","targetHints":{"allow":["GET"]}}],"collection":[{"href":"https:\/\/serge-denim.fr\/index.php\/wp-json\/wp\/v2\/pages"}],"about":[{"href":"https:\/\/serge-denim.fr\/index.php\/wp-json\/wp\/v2\/types\/page"}],"author":[{"embeddable":true,"href":"https:\/\/serge-denim.fr\/index.php\/wp-json\/wp\/v2\/users\/1"}],"replies":[{"embeddable":true,"href":"https:\/\/serge-denim.fr\/index.php\/wp-json\/wp\/v2\/comments?post=447"}],"version-history":[{"count":39,"href":"https:\/\/serge-denim.fr\/index.php\/wp-json\/wp\/v2\/pages\/447\/revisions"}],"predecessor-version":[{"id":1256,"href":"https:\/\/serge-denim.fr\/index.php\/wp-json\/wp\/v2\/pages\/447\/revisions\/1256"}],"wp:attachment":[{"href":"https:\/\/serge-denim.fr\/index.php\/wp-json\/wp\/v2\/media?parent=447"}],"curies":[{"name":"wp","href":"https:\/\/api.w.org\/{rel}","templated":true}]}}